{"id":7850,"date":"2024-03-25T06:19:17","date_gmt":"2024-03-25T05:19:17","guid":{"rendered":"https:\/\/www.joebike.fr\/?page_id=7850"},"modified":"2026-02-17T14:43:06","modified_gmt":"2026-02-17T13:43:06","slug":"childs-bike","status":"publish","type":"page","link":"https:\/\/www.joebike.fr\/en\/les-velos-a-louer\/childs-bike\/","title":{"rendered":"Children's bikes"},"content":{"rendered":"<div data-elementor-type=\"wp-page\" data-elementor-id=\"7850\" class=\"elementor elementor-7850\" data-elementor-post-type=\"page\">\n\t\t\t\t<div class=\"elementor-element elementor-element-71e6280b e-flex e-con-boxed e-con e-parent\" data-id=\"71e6280b\" data-element_type=\"container\" data-e-type=\"container\" id=\"jb-page-header\" data-settings=\"{&quot;background_background&quot;:&quot;classic&quot;}\">\n\t\t\t\t\t<div class=\"e-con-inner\">\n\t\t\t\t<div class=\"elementor-element elementor-element-2c18a965 elementor-widget elementor-widget-heading\" data-id=\"2c18a965\" data-element_type=\"widget\" data-e-type=\"widget\" id=\"header-title\" data-widget_type=\"heading.default\">\n\t\t\t\t<div class=\"elementor-widget-container\">\n\t\t\t\t\t<h1 class=\"elementor-heading-title elementor-size-default\"><small>for all ages<\/small> <\/br>children's bicycles<\/h1>\t\t\t\t<\/div>\n\t\t\t\t<\/div>\n\t\t\t\t\t<\/div>\n\t\t\t\t<\/div>\n\t\t<div class=\"elementor-element elementor-element-897733d e-flex e-con-boxed e-con e-parent\" data-id=\"897733d\" data-element_type=\"container\" data-e-type=\"container\">\n\t\t\t\t\t<div class=\"e-con-inner\">\n\t\t<div class=\"elementor-element elementor-element-90e7ede e-con-full e-flex e-con e-child\" data-id=\"90e7ede\" data-element_type=\"container\" data-e-type=\"container\">\n\t\t\t\t<div class=\"elementor-element elementor-element-a70ad00 elementor-widget elementor-widget-image\" data-id=\"a70ad00\" data-element_type=\"widget\" data-e-type=\"widget\" data-widget_type=\"image.default\">\n\t\t\t\t<div class=\"elementor-widget-container\">\n\t\t\t\t\t\t\t\t\t\t\t\t<figure class=\"wp-caption\">\n\t\t\t\t\t\t\t\t\t\t<img fetchpriority=\"high\" decoding=\"async\" width=\"800\" height=\"500\" src=\"https:\/\/www.joebike.fr\/wp-content\/uploads\/2022\/06\/EXS-MONSTER-VTT-JUNIOR.jpg\" class=\"attachment-large size-large wp-image-2309\" alt=\"Bike\" srcset=\"https:\/\/www.joebike.fr\/wp-content\/uploads\/2022\/06\/EXS-MONSTER-VTT-JUNIOR.jpg 800w, https:\/\/www.joebike.fr\/wp-content\/uploads\/2022\/06\/EXS-MONSTER-VTT-JUNIOR-600x375.jpg 600w, https:\/\/www.joebike.fr\/wp-content\/uploads\/2022\/06\/EXS-MONSTER-VTT-JUNIOR-300x188.jpg 300w, https:\/\/www.joebike.fr\/wp-content\/uploads\/2022\/06\/EXS-MONSTER-VTT-JUNIOR-768x480.jpg 768w\" sizes=\"(max-width: 800px) 100vw, 800px\" \/>\t\t\t\t\t\t\t\t\t\t\t<figcaption class=\"widget-image-caption wp-caption-text\">MONSTER EXS MOUNTAINBIKE\n<\/figcaption>\n\t\t\t\t\t\t\t\t\t\t<\/figure>\n\t\t\t\t\t\t\t\t\t<\/div>\n\t\t\t\t<\/div>\n\t\t\t\t<div class=\"elementor-element elementor-element-519db90 elementor-widget elementor-widget-text-editor\" data-id=\"519db90\" data-element_type=\"widget\" data-e-type=\"widget\" data-widget_type=\"text-editor.default\">\n\t\t\t\t<div class=\"elementor-widget-container\">\n\t\t\t\t\t\t\t\t\t<p><em><strong>*non-contractual photo \/ or equivalent model<\/strong><\/em><\/p>\t\t\t\t\t\t\t\t<\/div>\n\t\t\t\t<\/div>\n\t\t\t\t<\/div>\n\t\t<div class=\"elementor-element elementor-element-a12e194 e-con-full e-flex e-con e-child\" data-id=\"a12e194\" data-element_type=\"container\" data-e-type=\"container\">\n\t\t\t\t<div class=\"elementor-element elementor-element-d91db3d elementor-widget elementor-widget-heading\" data-id=\"d91db3d\" data-element_type=\"widget\" data-e-type=\"widget\" data-widget_type=\"heading.default\">\n\t\t\t\t<div class=\"elementor-widget-container\">\n\t\t\t\t\t<h3 class=\"elementor-heading-title elementor-size-default\">A MADE IN FRANCE children's bike<\/h3>\t\t\t\t<\/div>\n\t\t\t\t<\/div>\n\t\t\t\t<div class=\"elementor-element elementor-element-6d8e6a9 elementor-widget elementor-widget-text-editor\" data-id=\"6d8e6a9\" data-element_type=\"widget\" data-e-type=\"widget\" data-widget_type=\"text-editor.default\">\n\t\t\t\t<div class=\"elementor-widget-container\">\n\t\t\t\t\t\t\t\t\t<p><b>Find a selection of children's bikes for all ages:<\/b><\/p><ul><li>16-inch children's bike: 1m15 \/ 1m30<\/li><li>20-inch children's bike: 1m30 \/ 1m40<\/li><li>24-inch children's bike: 1m40 \/ 1m50<\/li><\/ul>\t\t\t\t\t\t\t\t<\/div>\n\t\t\t\t<\/div>\n\t\t\t\t<div class=\"elementor-element elementor-element-9776d88 elementor-widget elementor-widget-button\" data-id=\"9776d88\" data-element_type=\"widget\" data-e-type=\"widget\" data-widget_type=\"button.default\">\n\t\t\t\t<div class=\"elementor-widget-container\">\n\t\t\t\t\t\t\t\t\t<div class=\"elementor-button-wrapper\">\n\t\t\t\t\t<a class=\"elementor-button elementor-button-link elementor-size-sm\" href=\"https:\/\/bike-rent.skilouresa.com\/joebikelandes\/\" target=\"_blank\" rel=\"nofollow\">\n\t\t\t\t\t\t<span class=\"elementor-button-content-wrapper\">\n\t\t\t\t\t\t\t\t\t<span class=\"elementor-button-text\">Book your children's bike in the Landes<\/span>\n\t\t\t\t\t<\/span>\n\t\t\t\t\t<\/a>\n\t\t\t\t<\/div>\n\t\t\t\t\t\t\t\t<\/div>\n\t\t\t\t<\/div>\n\t\t\t\t<div class=\"elementor-element elementor-element-42a5336 elementor-widget elementor-widget-button\" data-id=\"42a5336\" data-element_type=\"widget\" data-e-type=\"widget\" data-widget_type=\"button.default\">\n\t\t\t\t<div class=\"elementor-widget-container\">\n\t\t\t\t\t\t\t\t\t<div class=\"elementor-button-wrapper\">\n\t\t\t\t\t<a class=\"elementor-button elementor-button-link elementor-size-sm\" href=\"https:\/\/location-velo.veloresa1.com\/joebikepaysbasque\/\" target=\"_blank\" rel=\"nofollow\">\n\t\t\t\t\t\t<span class=\"elementor-button-content-wrapper\">\n\t\t\t\t\t\t\t\t\t<span class=\"elementor-button-text\">Book your child's bike in the Basque Country<\/span>\n\t\t\t\t\t<\/span>\n\t\t\t\t\t<\/a>\n\t\t\t\t<\/div>\n\t\t\t\t\t\t\t\t<\/div>\n\t\t\t\t<\/div>\n\t\t\t\t<div class=\"elementor-element elementor-element-9e82176 elementor-widget elementor-widget-spacer\" data-id=\"9e82176\" data-element_type=\"widget\" data-e-type=\"widget\" data-widget_type=\"spacer.default\">\n\t\t\t\t<div class=\"elementor-widget-container\">\n\t\t\t\t\t\t\t<div class=\"elementor-spacer\">\n\t\t\t<div class=\"elementor-spacer-inner\"><\/div>\n\t\t<\/div>\n\t\t\t\t\t\t<\/div>\n\t\t\t\t<\/div>\n\t\t\t\t<\/div>\n\t\t\t\t\t<\/div>\n\t\t\t\t<\/div>\n\t\t<div class=\"elementor-element elementor-element-d34944d e-flex e-con-boxed e-con e-parent\" data-id=\"d34944d\" data-element_type=\"container\" data-e-type=\"container\">\n\t\t\t\t\t<div class=\"e-con-inner\">\n\t\t\t\t<div class=\"elementor-element elementor-element-bfd7f21 elementor-widget elementor-widget-heading\" data-id=\"bfd7f21\" data-element_type=\"widget\" data-e-type=\"widget\" data-widget_type=\"heading.default\">\n\t\t\t\t<div class=\"elementor-widget-container\">\n\t\t\t\t\t<h3 class=\"elementor-heading-title elementor-size-default\">Family bike rides with our children's bike hire service<\/h3>\t\t\t\t<\/div>\n\t\t\t\t<\/div>\n\t\t\t\t<div class=\"elementor-element elementor-element-72a712f elementor-widget elementor-widget-text-editor\" data-id=\"72a712f\" data-element_type=\"widget\" data-e-type=\"widget\" data-widget_type=\"text-editor.default\">\n\t\t\t\t<div class=\"elementor-widget-container\">\n\t\t\t\t\t\t\t\t\t<p>A holiday in the Landes and Basque Country is the perfect opportunity to introduce your children to the pleasures of cycling and set off together to discover the magnificent scenery along the coast. To make life easier and avoid having to carry all your equipment from home, turn to the\u00a0<strong>bike hire for children<\/strong>with a wide selection to suit all ages and sizes.<\/p>\t\t\t\t\t\t\t\t<\/div>\n\t\t\t\t<\/div>\n\t\t\t\t\t<\/div>\n\t\t\t\t<\/div>\n\t\t<div class=\"elementor-element elementor-element-6355243 e-flex e-con-boxed e-con e-parent\" data-id=\"6355243\" data-element_type=\"container\" data-e-type=\"container\">\n\t\t\t\t\t<div class=\"e-con-inner\">\n\t\t<div class=\"elementor-element elementor-element-13fff5d e-con-full e-flex e-con e-child\" data-id=\"13fff5d\" data-element_type=\"container\" data-e-type=\"container\">\n\t\t\t\t<div class=\"elementor-element elementor-element-aff375b elementor-widget elementor-widget-heading\" data-id=\"aff375b\" data-element_type=\"widget\" data-e-type=\"widget\" data-widget_type=\"heading.default\">\n\t\t\t\t<div class=\"elementor-widget-container\">\n\t\t\t\t\t<h3 class=\"elementor-heading-title elementor-size-default\">Determining the size of the bike according to the child's height<\/h3>\t\t\t\t<\/div>\n\t\t\t\t<\/div>\n\t\t\t\t<div class=\"elementor-element elementor-element-d83278c elementor-widget elementor-widget-text-editor\" data-id=\"d83278c\" data-element_type=\"widget\" data-e-type=\"widget\" data-widget_type=\"text-editor.default\">\n\t\t\t\t<div class=\"elementor-widget-container\">\n\t\t\t\t\t\t\t\t\t<p>There are several sizes of bike, expressed in inches and representing the outside diameter of the wheels. The first criterion to take into account when hiring a bike for a child is its height: this ensures optimum positioning on the bike as well as maximum comfort and safety. Here are a few guidelines:\u00a0<\/p><ul><li><strong>16-inch bike<\/strong>\u00a0for children between 1.15 and 1.30 metres tall<\/li><li><strong>20-inch children's bike<\/strong>\u00a0for children between 1.30 and 1.40 metres tall<\/li><li><strong>24-inch bike<\/strong>\u00a0for children between 1.40 and 1.50 metres tall<\/li><\/ul><p>\u00a0<\/p>\t\t\t\t\t\t\t\t<\/div>\n\t\t\t\t<\/div>\n\t\t\t\t<\/div>\n\t\t<div class=\"elementor-element elementor-element-e464ab2 e-con-full e-flex e-con e-child\" data-id=\"e464ab2\" data-element_type=\"container\" data-e-type=\"container\">\n\t\t\t\t<div class=\"elementor-element elementor-element-5e3fdcc elementor-widget elementor-widget-heading\" data-id=\"5e3fdcc\" data-element_type=\"widget\" data-e-type=\"widget\" data-widget_type=\"heading.default\">\n\t\t\t\t<div class=\"elementor-widget-container\">\n\t\t\t\t\t<h3 class=\"elementor-heading-title elementor-size-default\">Here are a few tips to check that the bike is suitable for your child's size:<\/h3>\t\t\t\t<\/div>\n\t\t\t\t<\/div>\n\t\t\t\t<div class=\"elementor-element elementor-element-75e32b9 elementor-widget elementor-widget-text-editor\" data-id=\"75e32b9\" data-element_type=\"widget\" data-e-type=\"widget\" data-widget_type=\"text-editor.default\">\n\t\t\t\t<div class=\"elementor-widget-container\">\n\t\t\t\t\t\t\t\t\t<p>We make sure that the bike you hire is just right for your child by following a few simple rules:<\/p><ul><li>The frame: when children stand next to the bike, they should be able to put one foot flat on the ground without any problem.<\/li><li>At the saddle: when the child is sitting on the saddle, both feet should touch the ground with the legs slightly bent.<\/li><li>Handlebars: the handlebars are considered to be in the correct position when they allow a comfortable grip on the handles without straining the child's torso or shoulders.<\/li><\/ul>\t\t\t\t\t\t\t\t<\/div>\n\t\t\t\t<\/div>\n\t\t\t\t<\/div>\n\t\t\t\t\t<\/div>\n\t\t\t\t<\/div>\n\t\t<div class=\"elementor-element elementor-element-489794a e-flex e-con-boxed e-con e-parent\" data-id=\"489794a\" data-element_type=\"container\" data-e-type=\"container\" data-settings=\"{&quot;background_background&quot;:&quot;classic&quot;}\">\n\t\t\t\t\t<div class=\"e-con-inner\">\n\t\t\t\t<div class=\"elementor-element elementor-element-c1c0d7b elementor-widget elementor-widget-heading\" data-id=\"c1c0d7b\" data-element_type=\"widget\" data-e-type=\"widget\" data-widget_type=\"heading.default\">\n\t\t\t\t<div class=\"elementor-widget-container\">\n\t\t\t\t\t<h3 class=\"elementor-heading-title elementor-size-default\">Discover the region by bike with your family on our cycling itineraries! <\/h3>\t\t\t\t<\/div>\n\t\t\t\t<\/div>\n\t\t\t\t<div class=\"elementor-element elementor-element-b1c3d87 elementor-widget elementor-widget-text-editor\" data-id=\"b1c3d87\" data-element_type=\"widget\" data-e-type=\"widget\" data-widget_type=\"text-editor.default\">\n\t\t\t\t<div class=\"elementor-widget-container\">\n\t\t\t\t\t\t\t\t\t<p>Hire a child's bike and set off on an adventure to discover the magnificent landscapes of Biarritz, Anglet, Hendaye, Seignosse, Hossegor and Capbreton as a family!<\/p>\t\t\t\t\t\t\t\t<\/div>\n\t\t\t\t<\/div>\n\t\t\t\t<div class=\"elementor-element elementor-element-0fce96f elementor-align-center elementor-widget elementor-widget-button\" data-id=\"0fce96f\" data-element_type=\"widget\" data-e-type=\"widget\" data-widget_type=\"button.default\">\n\t\t\t\t<div class=\"elementor-widget-container\">\n\t\t\t\t\t\t\t\t\t<div class=\"elementor-button-wrapper\">\n\t\t\t\t\t<a class=\"elementor-button elementor-button-link elementor-size-sm\" href=\"https:\/\/www.joebike.fr\/en\/our-cycling-routes\/\" target=\"_blank\" rel=\"nofollow\">\n\t\t\t\t\t\t<span class=\"elementor-button-content-wrapper\">\n\t\t\t\t\t\t\t\t\t<span class=\"elementor-button-text\">Our bike routes<\/span>\n\t\t\t\t\t<\/span>\n\t\t\t\t\t<\/a>\n\t\t\t\t<\/div>\n\t\t\t\t\t\t\t\t<\/div>\n\t\t\t\t<\/div>\n\t\t\t\t\t<\/div>\n\t\t\t\t<\/div>\n\t\t\t\t<\/div>","protected":false},"excerpt":{"rendered":"<p>pour tous les \u00e2ges v\u00e9los enfant VTT EXS MONSTER *photo non contractuelle \/ ou mod\u00e8le \u00e9quivalent UN V\u00e9lo enfant \u00ab\u00a0MADE IN FRANCE\u00a0\u00bb Retrouvez une s\u00e9lection de v\u00e9los enfants pour tous les \u00e2ges : v\u00e9lo enfant 16 pouces : 1m15 \/ 1m30 v\u00e9lo enfant 20 pouces : 1m30 \/ 1m40 v\u00e9lo enfant 24 pouces : 1m40 [&hellip;]<\/p>\n","protected":false},"author":1,"featured_media":7853,"parent":14958,"menu_order":0,"comment_status":"closed","ping_status":"closed","template":"elementor_header_footer","meta":{"_acf_changed":false,"footnotes":""},"class_list":["post-7850","page","type-page","status-publish","has-post-thumbnail","hentry"],"acf":[],"yoast_head":"<!-- This site is optimized with the Yoast SEO Premium plugin v26.6 (Yoast SEO v27.5) - https:\/\/yoast.com\/product\/yoast-seo-premium-wordpress\/ -->\n<title>Location v\u00e9lo enfants dans les Landes et au Pays Basque<\/title>\n<meta name=\"description\" content=\"Profitez de balades \u00e0 v\u00e9lo en famille sur les pistes cyclables s\u00e9curis\u00e9es des Landes de du Pays Basque. R\u00e9servation en ligne.\" \/>\n<meta name=\"robots\" content=\"index, follow, max-snippet:-1, max-image-preview:large, max-video-preview:-1\" \/>\n<link rel=\"canonical\" href=\"https:\/\/www.joebike.fr\/en\/les-velos-a-louer\/childs-bike\/\" \/>\n<meta property=\"og:locale\" content=\"en_GB\" \/>\n<meta property=\"og:type\" content=\"article\" \/>\n<meta property=\"og:title\" content=\"V\u00e9lo enfant\" \/>\n<meta property=\"og:description\" content=\"Profitez de balades \u00e0 v\u00e9lo en famille sur les pistes cyclables s\u00e9curis\u00e9es des Landes de du Pays Basque. R\u00e9servation en ligne.\" \/>\n<meta property=\"og:url\" content=\"https:\/\/www.joebike.fr\/en\/les-velos-a-louer\/childs-bike\/\" \/>\n<meta property=\"og:site_name\" content=\"Joe Bike\" \/>\n<meta property=\"article:publisher\" content=\"https:\/\/www.facebook.com\/joebikefrance\" \/>\n<meta property=\"article:modified_time\" content=\"2026-02-17T13:43:06+00:00\" \/>\n<meta property=\"og:image\" content=\"https:\/\/www.joebike.fr\/wp-content\/uploads\/2024\/03\/velos-enfant-Joe-Bike-scaled.jpg\" \/>\n\t<meta property=\"og:image:width\" content=\"2560\" \/>\n\t<meta property=\"og:image:height\" content=\"1707\" \/>\n\t<meta property=\"og:image:type\" content=\"image\/jpeg\" \/>\n<meta name=\"twitter:card\" content=\"summary_large_image\" \/>\n<script type=\"application\/ld+json\" class=\"yoast-schema-graph\">{\"@context\":\"https:\\\/\\\/schema.org\",\"@graph\":[{\"@type\":\"WebPage\",\"@id\":\"https:\\\/\\\/www.joebike.fr\\\/les-velos-a-louer\\\/velo-enfant\\\/\",\"url\":\"https:\\\/\\\/www.joebike.fr\\\/les-velos-a-louer\\\/velo-enfant\\\/\",\"name\":\"Location v\u00e9lo enfants dans les Landes et au Pays Basque\",\"isPartOf\":{\"@id\":\"https:\\\/\\\/www.joebike.fr\\\/#website\"},\"primaryImageOfPage\":{\"@id\":\"https:\\\/\\\/www.joebike.fr\\\/les-velos-a-louer\\\/velo-enfant\\\/#primaryimage\"},\"image\":{\"@id\":\"https:\\\/\\\/www.joebike.fr\\\/les-velos-a-louer\\\/velo-enfant\\\/#primaryimage\"},\"thumbnailUrl\":\"https:\\\/\\\/www.joebike.fr\\\/wp-content\\\/uploads\\\/2024\\\/03\\\/velos-enfant-Joe-Bike-scaled.jpg\",\"datePublished\":\"2024-03-25T05:19:17+00:00\",\"dateModified\":\"2026-02-17T13:43:06+00:00\",\"description\":\"Profitez de balades \u00e0 v\u00e9lo en famille sur les pistes cyclables s\u00e9curis\u00e9es des Landes de du Pays Basque. R\u00e9servation en ligne.\",\"breadcrumb\":{\"@id\":\"https:\\\/\\\/www.joebike.fr\\\/les-velos-a-louer\\\/velo-enfant\\\/#breadcrumb\"},\"inLanguage\":\"en-GB\",\"potentialAction\":[{\"@type\":\"ReadAction\",\"target\":[\"https:\\\/\\\/www.joebike.fr\\\/les-velos-a-louer\\\/velo-enfant\\\/\"]}]},{\"@type\":\"ImageObject\",\"inLanguage\":\"en-GB\",\"@id\":\"https:\\\/\\\/www.joebike.fr\\\/les-velos-a-louer\\\/velo-enfant\\\/#primaryimage\",\"url\":\"https:\\\/\\\/www.joebike.fr\\\/wp-content\\\/uploads\\\/2024\\\/03\\\/velos-enfant-Joe-Bike-scaled.jpg\",\"contentUrl\":\"https:\\\/\\\/www.joebike.fr\\\/wp-content\\\/uploads\\\/2024\\\/03\\\/velos-enfant-Joe-Bike-scaled.jpg\",\"width\":2560,\"height\":1707},{\"@type\":\"BreadcrumbList\",\"@id\":\"https:\\\/\\\/www.joebike.fr\\\/les-velos-a-louer\\\/velo-enfant\\\/#breadcrumb\",\"itemListElement\":[{\"@type\":\"ListItem\",\"position\":1,\"name\":\"Accueil\",\"item\":\"https:\\\/\\\/www.joebike.fr\\\/\"},{\"@type\":\"ListItem\",\"position\":2,\"name\":\"LOCATION V\u00c9LOS G\u00c9N\u00c9RIQUE ( 2026)\",\"item\":\"https:\\\/\\\/www.joebike.fr\\\/les-velos-a-louer\\\/\"},{\"@type\":\"ListItem\",\"position\":3,\"name\":\"V\u00e9lo enfant\"}]},{\"@type\":\"WebSite\",\"@id\":\"https:\\\/\\\/www.joebike.fr\\\/#website\",\"url\":\"https:\\\/\\\/www.joebike.fr\\\/\",\"name\":\"Joe Bike\",\"description\":\"Location de v\u00e9lo dans les Landes, le Pays Basque et les Pyr\u00e9n\u00e9es\",\"publisher\":{\"@id\":\"https:\\\/\\\/www.joebike.fr\\\/#organization\"},\"potentialAction\":[{\"@type\":\"SearchAction\",\"target\":{\"@type\":\"EntryPoint\",\"urlTemplate\":\"https:\\\/\\\/www.joebike.fr\\\/?s={search_term_string}\"},\"query-input\":{\"@type\":\"PropertyValueSpecification\",\"valueRequired\":true,\"valueName\":\"search_term_string\"}}],\"inLanguage\":\"en-GB\"},{\"@type\":\"Organization\",\"@id\":\"https:\\\/\\\/www.joebike.fr\\\/#organization\",\"name\":\"Joe Bike, sp\u00e9cialiste en location v\u00e9lo\",\"url\":\"https:\\\/\\\/www.joebike.fr\\\/\",\"logo\":{\"@type\":\"ImageObject\",\"inLanguage\":\"en-GB\",\"@id\":\"https:\\\/\\\/www.joebike.fr\\\/#\\\/schema\\\/logo\\\/image\\\/\",\"url\":\"https:\\\/\\\/www.joebike.fr\\\/wp-content\\\/uploads\\\/2022\\\/04\\\/LOGO-JB-22_PNG.png\",\"contentUrl\":\"https:\\\/\\\/www.joebike.fr\\\/wp-content\\\/uploads\\\/2022\\\/04\\\/LOGO-JB-22_PNG.png\",\"width\":473,\"height\":473,\"caption\":\"Joe Bike, sp\u00e9cialiste en location v\u00e9lo\"},\"image\":{\"@id\":\"https:\\\/\\\/www.joebike.fr\\\/#\\\/schema\\\/logo\\\/image\\\/\"},\"sameAs\":[\"https:\\\/\\\/www.facebook.com\\\/joebikefrance\",\"https:\\\/\\\/www.instagram.com\\\/joebikefrance\"]}]}<\/script>\n<!-- \/ Yoast SEO Premium plugin. -->","yoast_head_json":{"title":"Child bike hire in the Landes and the Basque Country","description":"Enjoy family bike rides on the secure cycle paths of the Landes and Basque Country. Book online.","robots":{"index":"index","follow":"follow","max-snippet":"max-snippet:-1","max-image-preview":"max-image-preview:large","max-video-preview":"max-video-preview:-1"},"canonical":"https:\/\/www.joebike.fr\/en\/les-velos-a-louer\/childs-bike\/","og_locale":"en_GB","og_type":"article","og_title":"V\u00e9lo enfant","og_description":"Profitez de balades \u00e0 v\u00e9lo en famille sur les pistes cyclables s\u00e9curis\u00e9es des Landes de du Pays Basque. R\u00e9servation en ligne.","og_url":"https:\/\/www.joebike.fr\/en\/les-velos-a-louer\/childs-bike\/","og_site_name":"Joe Bike","article_publisher":"https:\/\/www.facebook.com\/joebikefrance","article_modified_time":"2026-02-17T13:43:06+00:00","og_image":[{"width":2560,"height":1707,"url":"https:\/\/www.joebike.fr\/wp-content\/uploads\/2024\/03\/velos-enfant-Joe-Bike-scaled.jpg","type":"image\/jpeg"}],"twitter_card":"summary_large_image","schema":{"@context":"https:\/\/schema.org","@graph":[{"@type":"WebPage","@id":"https:\/\/www.joebike.fr\/les-velos-a-louer\/velo-enfant\/","url":"https:\/\/www.joebike.fr\/les-velos-a-louer\/velo-enfant\/","name":"Child bike hire in the Landes and the Basque Country","isPartOf":{"@id":"https:\/\/www.joebike.fr\/#website"},"primaryImageOfPage":{"@id":"https:\/\/www.joebike.fr\/les-velos-a-louer\/velo-enfant\/#primaryimage"},"image":{"@id":"https:\/\/www.joebike.fr\/les-velos-a-louer\/velo-enfant\/#primaryimage"},"thumbnailUrl":"https:\/\/www.joebike.fr\/wp-content\/uploads\/2024\/03\/velos-enfant-Joe-Bike-scaled.jpg","datePublished":"2024-03-25T05:19:17+00:00","dateModified":"2026-02-17T13:43:06+00:00","description":"Enjoy family bike rides on the secure cycle paths of the Landes and Basque Country. Book online.","breadcrumb":{"@id":"https:\/\/www.joebike.fr\/les-velos-a-louer\/velo-enfant\/#breadcrumb"},"inLanguage":"en-GB","potentialAction":[{"@type":"ReadAction","target":["https:\/\/www.joebike.fr\/les-velos-a-louer\/velo-enfant\/"]}]},{"@type":"ImageObject","inLanguage":"en-GB","@id":"https:\/\/www.joebike.fr\/les-velos-a-louer\/velo-enfant\/#primaryimage","url":"https:\/\/www.joebike.fr\/wp-content\/uploads\/2024\/03\/velos-enfant-Joe-Bike-scaled.jpg","contentUrl":"https:\/\/www.joebike.fr\/wp-content\/uploads\/2024\/03\/velos-enfant-Joe-Bike-scaled.jpg","width":2560,"height":1707},{"@type":"BreadcrumbList","@id":"https:\/\/www.joebike.fr\/les-velos-a-louer\/velo-enfant\/#breadcrumb","itemListElement":[{"@type":"ListItem","position":1,"name":"Accueil","item":"https:\/\/www.joebike.fr\/"},{"@type":"ListItem","position":2,"name":"LOCATION V\u00c9LOS G\u00c9N\u00c9RIQUE ( 2026)","item":"https:\/\/www.joebike.fr\/les-velos-a-louer\/"},{"@type":"ListItem","position":3,"name":"V\u00e9lo enfant"}]},{"@type":"WebSite","@id":"https:\/\/www.joebike.fr\/#website","url":"https:\/\/www.joebike.fr\/","name":"Joe Bike","description":"Bike hire in the Landes, the Basque Country and the Pyrenees","publisher":{"@id":"https:\/\/www.joebike.fr\/#organization"},"potentialAction":[{"@type":"SearchAction","target":{"@type":"EntryPoint","urlTemplate":"https:\/\/www.joebike.fr\/?s={search_term_string}"},"query-input":{"@type":"PropertyValueSpecification","valueRequired":true,"valueName":"search_term_string"}}],"inLanguage":"en-GB"},{"@type":"Organization","@id":"https:\/\/www.joebike.fr\/#organization","name":"Joe Bike, specialist in bike hire","url":"https:\/\/www.joebike.fr\/","logo":{"@type":"ImageObject","inLanguage":"en-GB","@id":"https:\/\/www.joebike.fr\/#\/schema\/logo\/image\/","url":"https:\/\/www.joebike.fr\/wp-content\/uploads\/2022\/04\/LOGO-JB-22_PNG.png","contentUrl":"https:\/\/www.joebike.fr\/wp-content\/uploads\/2022\/04\/LOGO-JB-22_PNG.png","width":473,"height":473,"caption":"Joe Bike, sp\u00e9cialiste en location v\u00e9lo"},"image":{"@id":"https:\/\/www.joebike.fr\/#\/schema\/logo\/image\/"},"sameAs":["https:\/\/www.facebook.com\/joebikefrance","https:\/\/www.instagram.com\/joebikefrance"]}]}},"_links":{"self":[{"href":"https:\/\/www.joebike.fr\/en\/wp-json\/wp\/v2\/pages\/7850","targetHints":{"allow":["GET"]}}],"collection":[{"href":"https:\/\/www.joebike.fr\/en\/wp-json\/wp\/v2\/pages"}],"about":[{"href":"https:\/\/www.joebike.fr\/en\/wp-json\/wp\/v2\/types\/page"}],"author":[{"embeddable":true,"href":"https:\/\/www.joebike.fr\/en\/wp-json\/wp\/v2\/users\/1"}],"replies":[{"embeddable":true,"href":"https:\/\/www.joebike.fr\/en\/wp-json\/wp\/v2\/comments?post=7850"}],"version-history":[{"count":0,"href":"https:\/\/www.joebike.fr\/en\/wp-json\/wp\/v2\/pages\/7850\/revisions"}],"up":[{"embeddable":true,"href":"https:\/\/www.joebike.fr\/en\/wp-json\/wp\/v2\/pages\/14958"}],"wp:featuredmedia":[{"embeddable":true,"href":"https:\/\/www.joebike.fr\/en\/wp-json\/wp\/v2\/media\/7853"}],"wp:attachment":[{"href":"https:\/\/www.joebike.fr\/en\/wp-json\/wp\/v2\/media?parent=7850"}],"curies":[{"name":"wp","href":"https:\/\/api.w.org\/{rel}","templated":true}]}}