{"id":8566,"date":"2024-03-29T15:58:03","date_gmt":"2024-03-29T14:58:03","guid":{"rendered":"https:\/\/www.joebike.fr\/?page_id=8566"},"modified":"2026-02-17T14:42:19","modified_gmt":"2026-02-17T13:42:19","slug":"cargo-and-longtail-bikes","status":"publish","type":"page","link":"https:\/\/www.joebike.fr\/en\/les-velos-a-louer\/cargo-and-longtail-bikes\/","title":{"rendered":"Cargo &amp; Longtail bikes"},"content":{"rendered":"<div data-elementor-type=\"wp-page\" data-elementor-id=\"8566\" class=\"elementor elementor-8566\" data-elementor-post-type=\"page\">\n\t\t\t\t<div class=\"elementor-element elementor-element-71e6280b e-flex e-con-boxed e-con e-parent\" data-id=\"71e6280b\" data-element_type=\"container\" data-e-type=\"container\" id=\"jb-page-header\" data-settings=\"{&quot;background_background&quot;:&quot;classic&quot;}\">\n\t\t\t\t\t<div class=\"e-con-inner\">\n\t\t\t\t<div class=\"elementor-element elementor-element-2c18a965 elementor-widget elementor-widget-heading\" data-id=\"2c18a965\" data-element_type=\"widget\" data-e-type=\"widget\" id=\"header-title\" data-widget_type=\"heading.default\">\n\t\t\t\t<div class=\"elementor-widget-container\">\n\t\t\t\t\t<h1 class=\"elementor-heading-title elementor-size-default\"><small>ELECTRIC BIKES<\/small> <\/br>OUR CARGO BIKES &amp; LONGTAILS<\/h1>\t\t\t\t<\/div>\n\t\t\t\t<\/div>\n\t\t\t\t\t<\/div>\n\t\t\t\t<\/div>\n\t\t<div class=\"elementor-element elementor-element-897733d e-flex e-con-boxed e-con e-parent\" data-id=\"897733d\" data-element_type=\"container\" data-e-type=\"container\">\n\t\t\t\t\t<div class=\"e-con-inner\">\n\t\t<div class=\"elementor-element elementor-element-90e7ede e-con-full e-flex e-con e-child\" data-id=\"90e7ede\" data-element_type=\"container\" data-e-type=\"container\">\n\t\t\t\t<div class=\"elementor-element elementor-element-b61f332 elementor-arrows-position-inside elementor-pagination-position-outside elementor-widget elementor-widget-image-carousel\" data-id=\"b61f332\" data-element_type=\"widget\" data-e-type=\"widget\" data-settings=\"{&quot;slides_to_show&quot;:&quot;1&quot;,&quot;navigation&quot;:&quot;both&quot;,&quot;autoplay&quot;:&quot;yes&quot;,&quot;pause_on_hover&quot;:&quot;yes&quot;,&quot;pause_on_interaction&quot;:&quot;yes&quot;,&quot;autoplay_speed&quot;:5000,&quot;infinite&quot;:&quot;yes&quot;,&quot;effect&quot;:&quot;slide&quot;,&quot;speed&quot;:500}\" data-widget_type=\"image-carousel.default\">\n\t\t\t\t<div class=\"elementor-widget-container\">\n\t\t\t\t\t\t\t<div class=\"elementor-image-carousel-wrapper swiper\" role=\"region\" aria-roledescription=\"carousel\" aria-label=\"Image carousel\" dir=\"ltr\">\n\t\t\t<div class=\"elementor-image-carousel swiper-wrapper\" aria-live=\"off\">\n\t\t\t\t\t\t\t\t<div class=\"swiper-slide\" role=\"group\" aria-roledescription=\"slide\" aria-label=\"1 of 2\" data-no-translation-aria-label=\"\"><figure class=\"swiper-slide-inner\"><img decoding=\"async\" class=\"swiper-slide-image\" src=\"https:\/\/www.joebike.fr\/wp-content\/uploads\/2024\/03\/Velo-cargo-O2feel.jpeg\" alt=\"Equo Cargo O2Feel\" \/><figcaption class=\"elementor-image-carousel-caption\">Equo Cargo O2Feel<\/figcaption><\/figure><\/div><div class=\"swiper-slide\" role=\"group\" aria-roledescription=\"slide\" aria-label=\"2 of 2\" data-no-translation-aria-label=\"\"><figure class=\"swiper-slide-inner\"><img decoding=\"async\" class=\"swiper-slide-image\" src=\"https:\/\/www.joebike.fr\/wp-content\/uploads\/2024\/03\/cargo-hybrid-scaled.jpeg\" alt=\"Cargo Cube Hybrid\" \/><figcaption class=\"elementor-image-carousel-caption\">Cargo Cube Hybrid<\/figcaption><\/figure><\/div>\t\t\t<\/div>\n\t\t\t\t\t\t\t\t\t\t\t\t<div class=\"elementor-swiper-button elementor-swiper-button-prev\" role=\"button\" tabindex=\"0\">\n\t\t\t\t\t\t<svg aria-hidden=\"true\" class=\"e-font-icon-svg e-eicon-chevron-left\" viewbox=\"0 0 1000 1000\" xmlns=\"http:\/\/www.w3.org\/2000\/svg\"><path d=\"M646 125C629 125 613 133 604 142L308 442C296 454 292 471 292 487 292 504 296 521 308 533L604 854C617 867 629 875 646 875 663 875 679 871 692 858 704 846 713 829 713 812 713 796 708 779 692 767L438 487 692 225C700 217 708 204 708 187 708 171 704 154 692 142 675 129 663 125 646 125Z\"><\/path><\/svg>\t\t\t\t\t<\/div>\n\t\t\t\t\t<div class=\"elementor-swiper-button elementor-swiper-button-next\" role=\"button\" tabindex=\"0\">\n\t\t\t\t\t\t<svg aria-hidden=\"true\" class=\"e-font-icon-svg e-eicon-chevron-right\" viewbox=\"0 0 1000 1000\" xmlns=\"http:\/\/www.w3.org\/2000\/svg\"><path d=\"M696 533C708 521 713 504 713 487 713 471 708 454 696 446L400 146C388 133 375 125 354 125 338 125 325 129 313 142 300 154 292 171 292 187 292 204 296 221 308 233L563 492 304 771C292 783 288 800 288 817 288 833 296 850 308 863 321 871 338 875 354 875 371 875 388 867 400 854L696 533Z\"><\/path><\/svg>\t\t\t\t\t<\/div>\n\t\t\t\t\n\t\t\t\t\t\t\t\t\t<div class=\"swiper-pagination\"><\/div>\n\t\t\t\t\t\t\t\t\t<\/div>\n\t\t\t\t\t\t<\/div>\n\t\t\t\t<\/div>\n\t\t\t\t<div class=\"elementor-element elementor-element-519db90 elementor-widget elementor-widget-text-editor\" data-id=\"519db90\" data-element_type=\"widget\" data-e-type=\"widget\" data-widget_type=\"text-editor.default\">\n\t\t\t\t<div class=\"elementor-widget-container\">\n\t\t\t\t\t\t\t\t\t<p><em><strong>*non-contractual photos \/ or equivalent model<\/strong><\/em><\/p>\t\t\t\t\t\t\t\t<\/div>\n\t\t\t\t<\/div>\n\t\t\t\t<\/div>\n\t\t<div class=\"elementor-element elementor-element-a12e194 e-con-full e-flex e-con e-child\" data-id=\"a12e194\" data-element_type=\"container\" data-e-type=\"container\">\n\t\t\t\t<div class=\"elementor-element elementor-element-d91db3d elementor-widget elementor-widget-heading\" data-id=\"d91db3d\" data-element_type=\"widget\" data-e-type=\"widget\" data-widget_type=\"heading.default\">\n\t\t\t\t<div class=\"elementor-widget-container\">\n\t\t\t\t\t<h3 class=\"elementor-heading-title elementor-size-default\">cargo and longtail electric bikes<\/h3>\t\t\t\t<\/div>\n\t\t\t\t<\/div>\n\t\t\t\t<div class=\"elementor-element elementor-element-6d8e6a9 elementor-widget elementor-widget-text-editor\" data-id=\"6d8e6a9\" data-element_type=\"widget\" data-e-type=\"widget\" data-widget_type=\"text-editor.default\">\n\t\t\t\t<div class=\"elementor-widget-container\">\n\t\t\t\t\t\t\t\t\t<p class=\"smalTxt\">The ideal bike for safe rides with the kids!<\/p><div id=\"ligne_pack_7129\" class=\"sk_encart blockProduct mb-4\"><div id=\"detailPack7129\" class=\"modal modalPack fade show\" tabindex=\"-1\" role=\"dialog\" aria-labelledby=\"detailPackLabel\" aria-modal=\"true\"><div class=\"modal-dialog modal-dialog-centered modal-xl\"><div class=\"modal-content\"><div class=\"modal-body\"><p><strong>VAE Longtail<\/strong> The Equo Cargo will transform your daily life and make it easier. This carrier bike, designed to carry several children, your shopping or any other load, is just as suitable for the city as it is for longer distances.<\/p><p><strong>VAE cargo : <\/strong>The robust design of the Cargo Hybrid means it can carry loads of up to 60 kg in complete safety, thanks to an aluminium frame that is rigid enough to carry up to two children in complete safety.<\/p><div class=\"sk_encart\"><div>\u00a0<\/div><\/div><\/div><\/div><\/div><\/div><\/div><div id=\"ligne_pack_7130\" class=\"sk_encart blockProduct mb-4\"><form action=\"https:\/\/location-velo.veloresa1.com\/joebikepaysbasque\/choisi_pack.php\" method=\"post\" name=\"form_pack_7130\"><div class=\"col-12 mb-3\"><div class=\"small_desc p-3\">\u00a0<\/div><\/div><\/form><\/div>\t\t\t\t\t\t\t\t<\/div>\n\t\t\t\t<\/div>\n\t\t\t\t<div class=\"elementor-element elementor-element-e19981b elementor-widget elementor-widget-button\" data-id=\"e19981b\" data-element_type=\"widget\" data-e-type=\"widget\" data-widget_type=\"button.default\">\n\t\t\t\t<div class=\"elementor-widget-container\">\n\t\t\t\t\t\t\t\t\t<div class=\"elementor-button-wrapper\">\n\t\t\t\t\t<a class=\"elementor-button elementor-button-link elementor-size-sm\" href=\"https:\/\/location-velo.veloresa1.com\/joebikepaysbasque\/\" target=\"_blank\" rel=\"nofollow\">\n\t\t\t\t\t\t<span class=\"elementor-button-content-wrapper\">\n\t\t\t\t\t\t\t\t\t<span class=\"elementor-button-text\">Book your cargo ship or longtail in the Basque Country<\/span>\n\t\t\t\t\t<\/span>\n\t\t\t\t\t<\/a>\n\t\t\t\t<\/div>\n\t\t\t\t\t\t\t\t<\/div>\n\t\t\t\t<\/div>\n\t\t\t\t<div class=\"elementor-element elementor-element-c55eca9 elementor-widget elementor-widget-button\" data-id=\"c55eca9\" data-element_type=\"widget\" data-e-type=\"widget\" data-widget_type=\"button.default\">\n\t\t\t\t<div class=\"elementor-widget-container\">\n\t\t\t\t\t\t\t\t\t<div class=\"elementor-button-wrapper\">\n\t\t\t\t\t<a class=\"elementor-button elementor-button-link elementor-size-sm\" href=\"https:\/\/location-velo.veloresa1.com\/joebikelandes\/\" target=\"_blank\" rel=\"nofollow\">\n\t\t\t\t\t\t<span class=\"elementor-button-content-wrapper\">\n\t\t\t\t\t\t\t\t\t<span class=\"elementor-button-text\">Book your longtail in the Landes<\/span>\n\t\t\t\t\t<\/span>\n\t\t\t\t\t<\/a>\n\t\t\t\t<\/div>\n\t\t\t\t\t\t\t\t<\/div>\n\t\t\t\t<\/div>\n\t\t\t\t<\/div>\n\t\t\t\t\t<\/div>\n\t\t\t\t<\/div>\n\t\t<div class=\"elementor-element elementor-element-4a6c9b1 e-flex e-con-boxed e-con e-parent\" data-id=\"4a6c9b1\" data-element_type=\"container\" data-e-type=\"container\" data-settings=\"{&quot;background_background&quot;:&quot;classic&quot;}\">\n\t\t\t\t\t<div class=\"e-con-inner\">\n\t\t\t\t<div class=\"elementor-element elementor-element-60ba0e5 elementor-widget elementor-widget-heading\" data-id=\"60ba0e5\" data-element_type=\"widget\" data-e-type=\"widget\" data-widget_type=\"heading.default\">\n\t\t\t\t<div class=\"elementor-widget-container\">\n\t\t\t\t\t<h3 class=\"elementor-heading-title elementor-size-default\">POUR QUI ? <\/h3>\t\t\t\t<\/div>\n\t\t\t\t<\/div>\n\t\t\t\t<div class=\"elementor-element elementor-element-5194b0f elementor-widget elementor-widget-text-editor\" data-id=\"5194b0f\" data-element_type=\"widget\" data-e-type=\"widget\" data-widget_type=\"text-editor.default\">\n\t\t\t\t<div class=\"elementor-widget-container\">\n\t\t\t\t\t\t\t\t\t<p>Con\u00e7u pour ceux qui souhaitent transporter facilement enfants, courses ou bagages, les v\u00e9lo longtails \/ cargo \u00e9lectriques combinent praticit\u00e9 et confort. Ils permettent d\u2019accueillir un ou deux passagers tout en restant maniable, m\u00eame pour les cyclistes moins exp\u00e9riment\u00e9s. L\u2019assistance \u00e9lectrique rend les trajets agr\u00e9ables, que ce soit pour une balade en bord de mer, un parcours urbain ou une escapade l\u00e9g\u00e8rement vallonn\u00e9e.<br>\nId\u00e9al pour la ville, les pistes cyclables et les routes tranquilles, ces v\u00e9los offrent \u00e9galement une excellente capacit\u00e9 de charge. Il s\u2019adapte parfaitement aux sorties en famille, aux trajets quotidiens ou aux excursions touristiques, sans compromettre le confort ou la s\u00e9curit\u00e9.<br>\nAvec ce mod\u00e8le, il est possible de profiter de la mobilit\u00e9 \u00e0 v\u00e9lo sans effort, tout en partageant des moments agr\u00e9ables avec ses proches ou en transportant facilement vos affaires, pour un usage polyvalent et pratique.<\/p>\t\t\t\t\t\t\t\t<\/div>\n\t\t\t\t<\/div>\n\t\t\t\t\t<\/div>\n\t\t\t\t<\/div>\n\t\t<div class=\"elementor-element elementor-element-8abef1a e-flex e-con-boxed e-con e-parent\" data-id=\"8abef1a\" data-element_type=\"container\" data-e-type=\"container\">\n\t\t\t\t\t<div class=\"e-con-inner\">\n\t\t<div class=\"elementor-element elementor-element-8070b52 e-con-full e-flex e-con e-child\" data-id=\"8070b52\" data-element_type=\"container\" data-e-type=\"container\">\n\t\t\t\t<div class=\"elementor-element elementor-element-7d2be2e elementor-widget elementor-widget-heading\" data-id=\"7d2be2e\" data-element_type=\"widget\" data-e-type=\"widget\" data-widget_type=\"heading.default\">\n\t\t\t\t<div class=\"elementor-widget-container\">\n\t\t\t\t\t<h3 class=\"elementor-heading-title elementor-size-default\">Carry 2 children easily<\/h3>\t\t\t\t<\/div>\n\t\t\t\t<\/div>\n\t\t\t\t<div class=\"elementor-element elementor-element-40d1c57 elementor-widget elementor-widget-text-editor\" data-id=\"40d1c57\" data-element_type=\"widget\" data-e-type=\"widget\" data-widget_type=\"text-editor.default\">\n\t\t\t\t<div class=\"elementor-widget-container\">\n\t\t\t\t\t\t\t\t\t<p>Electric cargo bikes and longtails offer a comfortable, safe space for children to enjoy the ride. This allows families to spend time together outdoors while exploring their surroundings.<\/p>\t\t\t\t\t\t\t\t<\/div>\n\t\t\t\t<\/div>\n\t\t\t\t<\/div>\n\t\t<div class=\"elementor-element elementor-element-7ff1d08 e-con-full e-flex e-con e-child\" data-id=\"7ff1d08\" data-element_type=\"container\" data-e-type=\"container\">\n\t\t\t\t<div class=\"elementor-element elementor-element-e84929a elementor-widget elementor-widget-heading\" data-id=\"e84929a\" data-element_type=\"widget\" data-e-type=\"widget\" data-widget_type=\"heading.default\">\n\t\t\t\t<div class=\"elementor-widget-container\">\n\t\t\t\t\t<h3 class=\"elementor-heading-title elementor-size-default\">Stability and safety<\/h3>\t\t\t\t<\/div>\n\t\t\t\t<\/div>\n\t\t\t\t<div class=\"elementor-element elementor-element-eb21aef elementor-widget elementor-widget-text-editor\" data-id=\"eb21aef\" data-element_type=\"widget\" data-e-type=\"widget\" data-widget_type=\"text-editor.default\">\n\t\t\t\t<div class=\"elementor-widget-container\">\n\t\t\t\t\t\t\t\t\t<p>With their low centre of gravity and robust construction, electric cargo bikes offer a stable and secure platform for transporting children on family outings. Parents can feel confident in the knowledge that their children are well protected and that the bike is stable, even on varied terrain.<\/p>\t\t\t\t\t\t\t\t<\/div>\n\t\t\t\t<\/div>\n\t\t\t\t<\/div>\n\t\t\t\t\t<\/div>\n\t\t\t\t<\/div>\n\t\t<div class=\"elementor-element elementor-element-c2b1dc4 e-flex e-con-boxed e-con e-parent\" data-id=\"c2b1dc4\" data-element_type=\"container\" data-e-type=\"container\" data-settings=\"{&quot;background_background&quot;:&quot;classic&quot;}\">\n\t\t\t\t\t<div class=\"e-con-inner\">\n\t\t\t\t<div class=\"elementor-element elementor-element-320758a elementor-widget elementor-widget-heading\" data-id=\"320758a\" data-element_type=\"widget\" data-e-type=\"widget\" data-widget_type=\"heading.default\">\n\t\t\t\t<div class=\"elementor-widget-container\">\n\t\t\t\t\t<h3 class=\"elementor-heading-title elementor-size-default\">Family cycling routes in the Basque Country<\/h3>\t\t\t\t<\/div>\n\t\t\t\t<\/div>\n\t\t\t\t<div class=\"elementor-element elementor-element-e2e3082 elementor-widget elementor-widget-text-editor\" data-id=\"e2e3082\" data-element_type=\"widget\" data-e-type=\"widget\" data-widget_type=\"text-editor.default\">\n\t\t\t\t<div class=\"elementor-widget-container\">\n\t\t\t\t\t\t\t\t\t<p>On the safe cycle paths of the Basque Country, take a family outing and follow our different itineraries. Choose the one that suits you best and let us guide you!\u00a0<\/p>\t\t\t\t\t\t\t\t<\/div>\n\t\t\t\t<\/div>\n\t\t\t\t<div class=\"elementor-element elementor-element-db35f81 elementor-align-center elementor-widget elementor-widget-button\" data-id=\"db35f81\" data-element_type=\"widget\" data-e-type=\"widget\" data-widget_type=\"button.default\">\n\t\t\t\t<div class=\"elementor-widget-container\">\n\t\t\t\t\t\t\t\t\t<div class=\"elementor-button-wrapper\">\n\t\t\t\t\t<a class=\"elementor-button elementor-button-link elementor-size-sm\" href=\"https:\/\/www.joebike.fr\/en\/our-cycling-routes\/\" target=\"_blank\" rel=\"nofollow\">\n\t\t\t\t\t\t<span class=\"elementor-button-content-wrapper\">\n\t\t\t\t\t\t\t\t\t<span class=\"elementor-button-text\">Our bike routes<\/span>\n\t\t\t\t\t<\/span>\n\t\t\t\t\t<\/a>\n\t\t\t\t<\/div>\n\t\t\t\t\t\t\t\t<\/div>\n\t\t\t\t<\/div>\n\t\t\t\t\t<\/div>\n\t\t\t\t<\/div>\n\t\t\t\t<\/div>","protected":false},"excerpt":{"rendered":"<p>V\u00c9LO \u00c9LECTRIQUES NOS V\u00c9LOS CARGO &amp; LONGTAILS Equo Cargo O2Feel Cargo Cube Hybrid *photos non contractuelles \/ ou mod\u00e8le \u00e9quivalent V\u00c9LOS \u00c9LECTRIQUES cargo et longtails Le v\u00e9lo id\u00e9al pour de belles balades en toute s\u00e9curit\u00e9 avec ses enfants ! VAE Longtail : l\u2019Equo Cargo va transformer et faciliter votre quotidien. Ce v\u00e9lo porteur, destin\u00e9 \u00e0 [&hellip;]<\/p>\n","protected":false},"author":1,"featured_media":8568,"parent":14958,"menu_order":0,"comment_status":"closed","ping_status":"closed","template":"elementor_header_footer","meta":{"_acf_changed":false,"footnotes":""},"class_list":["post-8566","page","type-page","status-publish","has-post-thumbnail","hentry"],"acf":[],"yoast_head":"<!-- This site is optimized with the Yoast SEO Premium plugin v26.6 (Yoast SEO v27.5) - https:\/\/yoast.com\/product\/yoast-seo-premium-wordpress\/ -->\n<title>Location v\u00e9los cargo et longtails \u00e9lectriques - Joe Bike<\/title>\n<meta name=\"description\" content=\"Le v\u00e9lo cargo \u00e9lectrique est un v\u00e9lo \u00e9lectrique qui permettra de faire de belles balades en famille au Pays Basque\" \/>\n<meta name=\"robots\" content=\"index, follow, max-snippet:-1, max-image-preview:large, max-video-preview:-1\" \/>\n<link rel=\"canonical\" href=\"https:\/\/www.joebike.fr\/en\/les-velos-a-louer\/cargo-and-longtail-bikes\/\" \/>\n<meta property=\"og:locale\" content=\"en_GB\" \/>\n<meta property=\"og:type\" content=\"article\" \/>\n<meta property=\"og:title\" content=\"V\u00e9lo Cargo &amp; Longtail\" \/>\n<meta property=\"og:description\" content=\"Le v\u00e9lo cargo \u00e9lectrique est un v\u00e9lo \u00e9lectrique qui permettra de faire de belles balades en famille au Pays Basque\" \/>\n<meta property=\"og:url\" content=\"https:\/\/www.joebike.fr\/en\/les-velos-a-louer\/cargo-and-longtail-bikes\/\" \/>\n<meta property=\"og:site_name\" content=\"Joe Bike\" \/>\n<meta property=\"article:publisher\" content=\"https:\/\/www.facebook.com\/joebikefrance\" \/>\n<meta property=\"article:modified_time\" content=\"2026-02-17T13:42:19+00:00\" \/>\n<meta property=\"og:image\" content=\"https:\/\/www.joebike.fr\/wp-content\/uploads\/2024\/03\/Location-velo-cargo.jpeg\" \/>\n\t<meta property=\"og:image:width\" content=\"1440\" \/>\n\t<meta property=\"og:image:height\" content=\"1449\" \/>\n\t<meta property=\"og:image:type\" content=\"image\/jpeg\" \/>\n<meta name=\"twitter:card\" content=\"summary_large_image\" \/>\n<script type=\"application\/ld+json\" class=\"yoast-schema-graph\">{\"@context\":\"https:\\\/\\\/schema.org\",\"@graph\":[{\"@type\":\"WebPage\",\"@id\":\"https:\\\/\\\/www.joebike.fr\\\/les-velos-a-louer\\\/velos-cargo-et-longtail\\\/\",\"url\":\"https:\\\/\\\/www.joebike.fr\\\/les-velos-a-louer\\\/velos-cargo-et-longtail\\\/\",\"name\":\"Location v\u00e9los cargo et longtails \u00e9lectriques - Joe Bike\",\"isPartOf\":{\"@id\":\"https:\\\/\\\/www.joebike.fr\\\/#website\"},\"primaryImageOfPage\":{\"@id\":\"https:\\\/\\\/www.joebike.fr\\\/les-velos-a-louer\\\/velos-cargo-et-longtail\\\/#primaryimage\"},\"image\":{\"@id\":\"https:\\\/\\\/www.joebike.fr\\\/les-velos-a-louer\\\/velos-cargo-et-longtail\\\/#primaryimage\"},\"thumbnailUrl\":\"https:\\\/\\\/www.joebike.fr\\\/wp-content\\\/uploads\\\/2024\\\/03\\\/Location-velo-cargo.jpeg\",\"datePublished\":\"2024-03-29T14:58:03+00:00\",\"dateModified\":\"2026-02-17T13:42:19+00:00\",\"description\":\"Le v\u00e9lo cargo \u00e9lectrique est un v\u00e9lo \u00e9lectrique qui permettra de faire de belles balades en famille au Pays Basque\",\"breadcrumb\":{\"@id\":\"https:\\\/\\\/www.joebike.fr\\\/les-velos-a-louer\\\/velos-cargo-et-longtail\\\/#breadcrumb\"},\"inLanguage\":\"en-GB\",\"potentialAction\":[{\"@type\":\"ReadAction\",\"target\":[\"https:\\\/\\\/www.joebike.fr\\\/les-velos-a-louer\\\/velos-cargo-et-longtail\\\/\"]}]},{\"@type\":\"ImageObject\",\"inLanguage\":\"en-GB\",\"@id\":\"https:\\\/\\\/www.joebike.fr\\\/les-velos-a-louer\\\/velos-cargo-et-longtail\\\/#primaryimage\",\"url\":\"https:\\\/\\\/www.joebike.fr\\\/wp-content\\\/uploads\\\/2024\\\/03\\\/Location-velo-cargo.jpeg\",\"contentUrl\":\"https:\\\/\\\/www.joebike.fr\\\/wp-content\\\/uploads\\\/2024\\\/03\\\/Location-velo-cargo.jpeg\",\"width\":1440,\"height\":1449},{\"@type\":\"BreadcrumbList\",\"@id\":\"https:\\\/\\\/www.joebike.fr\\\/les-velos-a-louer\\\/velos-cargo-et-longtail\\\/#breadcrumb\",\"itemListElement\":[{\"@type\":\"ListItem\",\"position\":1,\"name\":\"Accueil\",\"item\":\"https:\\\/\\\/www.joebike.fr\\\/\"},{\"@type\":\"ListItem\",\"position\":2,\"name\":\"LOCATION V\u00c9LOS G\u00c9N\u00c9RIQUE ( 2026)\",\"item\":\"https:\\\/\\\/www.joebike.fr\\\/les-velos-a-louer\\\/\"},{\"@type\":\"ListItem\",\"position\":3,\"name\":\"V\u00e9lo Cargo &#038; Longtail\"}]},{\"@type\":\"WebSite\",\"@id\":\"https:\\\/\\\/www.joebike.fr\\\/#website\",\"url\":\"https:\\\/\\\/www.joebike.fr\\\/\",\"name\":\"Joe Bike\",\"description\":\"Location de v\u00e9lo dans les Landes, le Pays Basque et les Pyr\u00e9n\u00e9es\",\"publisher\":{\"@id\":\"https:\\\/\\\/www.joebike.fr\\\/#organization\"},\"potentialAction\":[{\"@type\":\"SearchAction\",\"target\":{\"@type\":\"EntryPoint\",\"urlTemplate\":\"https:\\\/\\\/www.joebike.fr\\\/?s={search_term_string}\"},\"query-input\":{\"@type\":\"PropertyValueSpecification\",\"valueRequired\":true,\"valueName\":\"search_term_string\"}}],\"inLanguage\":\"en-GB\"},{\"@type\":\"Organization\",\"@id\":\"https:\\\/\\\/www.joebike.fr\\\/#organization\",\"name\":\"Joe Bike, sp\u00e9cialiste en location v\u00e9lo\",\"url\":\"https:\\\/\\\/www.joebike.fr\\\/\",\"logo\":{\"@type\":\"ImageObject\",\"inLanguage\":\"en-GB\",\"@id\":\"https:\\\/\\\/www.joebike.fr\\\/#\\\/schema\\\/logo\\\/image\\\/\",\"url\":\"https:\\\/\\\/www.joebike.fr\\\/wp-content\\\/uploads\\\/2022\\\/04\\\/LOGO-JB-22_PNG.png\",\"contentUrl\":\"https:\\\/\\\/www.joebike.fr\\\/wp-content\\\/uploads\\\/2022\\\/04\\\/LOGO-JB-22_PNG.png\",\"width\":473,\"height\":473,\"caption\":\"Joe Bike, sp\u00e9cialiste en location v\u00e9lo\"},\"image\":{\"@id\":\"https:\\\/\\\/www.joebike.fr\\\/#\\\/schema\\\/logo\\\/image\\\/\"},\"sameAs\":[\"https:\\\/\\\/www.facebook.com\\\/joebikefrance\",\"https:\\\/\\\/www.instagram.com\\\/joebikefrance\"]}]}<\/script>\n<!-- \/ Yoast SEO Premium plugin. -->","yoast_head_json":{"title":"Cargo bikes and electric longtails for hire - Joe Bike","description":"The electric cargo bike is a great way to enjoy family outings in the Basque Country.","robots":{"index":"index","follow":"follow","max-snippet":"max-snippet:-1","max-image-preview":"max-image-preview:large","max-video-preview":"max-video-preview:-1"},"canonical":"https:\/\/www.joebike.fr\/en\/les-velos-a-louer\/cargo-and-longtail-bikes\/","og_locale":"en_GB","og_type":"article","og_title":"V\u00e9lo Cargo & Longtail","og_description":"Le v\u00e9lo cargo \u00e9lectrique est un v\u00e9lo \u00e9lectrique qui permettra de faire de belles balades en famille au Pays Basque","og_url":"https:\/\/www.joebike.fr\/en\/les-velos-a-louer\/cargo-and-longtail-bikes\/","og_site_name":"Joe Bike","article_publisher":"https:\/\/www.facebook.com\/joebikefrance","article_modified_time":"2026-02-17T13:42:19+00:00","og_image":[{"width":1440,"height":1449,"url":"https:\/\/www.joebike.fr\/wp-content\/uploads\/2024\/03\/Location-velo-cargo.jpeg","type":"image\/jpeg"}],"twitter_card":"summary_large_image","schema":{"@context":"https:\/\/schema.org","@graph":[{"@type":"WebPage","@id":"https:\/\/www.joebike.fr\/les-velos-a-louer\/velos-cargo-et-longtail\/","url":"https:\/\/www.joebike.fr\/les-velos-a-louer\/velos-cargo-et-longtail\/","name":"Cargo bikes and electric longtails for hire - Joe Bike","isPartOf":{"@id":"https:\/\/www.joebike.fr\/#website"},"primaryImageOfPage":{"@id":"https:\/\/www.joebike.fr\/les-velos-a-louer\/velos-cargo-et-longtail\/#primaryimage"},"image":{"@id":"https:\/\/www.joebike.fr\/les-velos-a-louer\/velos-cargo-et-longtail\/#primaryimage"},"thumbnailUrl":"https:\/\/www.joebike.fr\/wp-content\/uploads\/2024\/03\/Location-velo-cargo.jpeg","datePublished":"2024-03-29T14:58:03+00:00","dateModified":"2026-02-17T13:42:19+00:00","description":"The electric cargo bike is a great way to enjoy family outings in the Basque Country.","breadcrumb":{"@id":"https:\/\/www.joebike.fr\/les-velos-a-louer\/velos-cargo-et-longtail\/#breadcrumb"},"inLanguage":"en-GB","potentialAction":[{"@type":"ReadAction","target":["https:\/\/www.joebike.fr\/les-velos-a-louer\/velos-cargo-et-longtail\/"]}]},{"@type":"ImageObject","inLanguage":"en-GB","@id":"https:\/\/www.joebike.fr\/les-velos-a-louer\/velos-cargo-et-longtail\/#primaryimage","url":"https:\/\/www.joebike.fr\/wp-content\/uploads\/2024\/03\/Location-velo-cargo.jpeg","contentUrl":"https:\/\/www.joebike.fr\/wp-content\/uploads\/2024\/03\/Location-velo-cargo.jpeg","width":1440,"height":1449},{"@type":"BreadcrumbList","@id":"https:\/\/www.joebike.fr\/les-velos-a-louer\/velos-cargo-et-longtail\/#breadcrumb","itemListElement":[{"@type":"ListItem","position":1,"name":"Accueil","item":"https:\/\/www.joebike.fr\/"},{"@type":"ListItem","position":2,"name":"LOCATION V\u00c9LOS G\u00c9N\u00c9RIQUE ( 2026)","item":"https:\/\/www.joebike.fr\/les-velos-a-louer\/"},{"@type":"ListItem","position":3,"name":"V\u00e9lo Cargo &#038; Longtail"}]},{"@type":"WebSite","@id":"https:\/\/www.joebike.fr\/#website","url":"https:\/\/www.joebike.fr\/","name":"Joe Bike","description":"Bike hire in the Landes, the Basque Country and the Pyrenees","publisher":{"@id":"https:\/\/www.joebike.fr\/#organization"},"potentialAction":[{"@type":"SearchAction","target":{"@type":"EntryPoint","urlTemplate":"https:\/\/www.joebike.fr\/?s={search_term_string}"},"query-input":{"@type":"PropertyValueSpecification","valueRequired":true,"valueName":"search_term_string"}}],"inLanguage":"en-GB"},{"@type":"Organization","@id":"https:\/\/www.joebike.fr\/#organization","name":"Joe Bike, specialist in bike hire","url":"https:\/\/www.joebike.fr\/","logo":{"@type":"ImageObject","inLanguage":"en-GB","@id":"https:\/\/www.joebike.fr\/#\/schema\/logo\/image\/","url":"https:\/\/www.joebike.fr\/wp-content\/uploads\/2022\/04\/LOGO-JB-22_PNG.png","contentUrl":"https:\/\/www.joebike.fr\/wp-content\/uploads\/2022\/04\/LOGO-JB-22_PNG.png","width":473,"height":473,"caption":"Joe Bike, sp\u00e9cialiste en location v\u00e9lo"},"image":{"@id":"https:\/\/www.joebike.fr\/#\/schema\/logo\/image\/"},"sameAs":["https:\/\/www.facebook.com\/joebikefrance","https:\/\/www.instagram.com\/joebikefrance"]}]}},"_links":{"self":[{"href":"https:\/\/www.joebike.fr\/en\/wp-json\/wp\/v2\/pages\/8566","targetHints":{"allow":["GET"]}}],"collection":[{"href":"https:\/\/www.joebike.fr\/en\/wp-json\/wp\/v2\/pages"}],"about":[{"href":"https:\/\/www.joebike.fr\/en\/wp-json\/wp\/v2\/types\/page"}],"author":[{"embeddable":true,"href":"https:\/\/www.joebike.fr\/en\/wp-json\/wp\/v2\/users\/1"}],"replies":[{"embeddable":true,"href":"https:\/\/www.joebike.fr\/en\/wp-json\/wp\/v2\/comments?post=8566"}],"version-history":[{"count":0,"href":"https:\/\/www.joebike.fr\/en\/wp-json\/wp\/v2\/pages\/8566\/revisions"}],"up":[{"embeddable":true,"href":"https:\/\/www.joebike.fr\/en\/wp-json\/wp\/v2\/pages\/14958"}],"wp:featuredmedia":[{"embeddable":true,"href":"https:\/\/www.joebike.fr\/en\/wp-json\/wp\/v2\/media\/8568"}],"wp:attachment":[{"href":"https:\/\/www.joebike.fr\/en\/wp-json\/wp\/v2\/media?parent=8566"}],"curies":[{"name":"wp","href":"https:\/\/api.w.org\/{rel}","templated":true}]}}