{"id":5423,"date":"2023-08-14T14:00:35","date_gmt":"2023-08-14T12:00:35","guid":{"rendered":"https:\/\/www.joebike.fr\/?post_type=product&#038;p=5423"},"modified":"2025-12-31T10:13:34","modified_gmt":"2025-12-31T09:13:34","slug":"moustache-saturday-29-trail-5","status":"publish","type":"product","link":"https:\/\/www.joebike.fr\/en\/product-2\/moustache-saturday-29-trail-5\/","title":{"rendered":"Moustache &#8211; Samedi 29 Trail 5 (2023)"},"content":{"rendered":"<table class=\"mce-item-table\">\n<thead>\n<tr>\n<th colspan=\"2\">Frame<\/th>\n<\/tr>\n<\/thead>\n<tbody>\n<tr>\n<td>Frame<\/td>\n<td>Trail, aluminium 6061 T4-T6, 150mm de d\u00e9battement, int\u00e9gration exclusive pour batterie Bosch PowerTube (horizontale), 12x148mm, Boost, protection du moteur avec \u00e9vents de ventilation<\/td>\n<\/tr>\n<\/tbody>\n<thead>\n<tr>\n<th colspan=\"2\">Suspensions<\/th>\n<\/tr>\n<\/thead>\n<tbody>\n<tr>\n<td>Shock absorber<\/td>\n<td>Moustache, Magic Grip Control 150, amortisseur \u00e0 air sp\u00e9cifique avec 2 positions, contr\u00f4le dynamique du rebond, fixation Trunion, 205-60mm, 150mm de d\u00e9battement<\/td>\n<\/tr>\n<tr>\n<td>Fork<\/td>\n<td>Marzocchi, Bomber Z1, E-tuned, cartouche hydraulique Grip, r\u00e9glage de compression, d\u00e9battement 150mm, 15x110mm, Boost, offset 44mm, compatible mini garde-boue<\/td>\n<\/tr>\n<\/tbody>\n<thead>\n<tr>\n<th colspan=\"2\">Syst\u00e8me moteur<\/th>\n<\/tr>\n<\/thead>\n<tbody>\n<tr>\n<td>Engine<\/td>\n<td>Bosch, Performance Line CX, 250W, Smart System, 85Nm<\/td>\n<\/tr>\n<tr>\n<td>Battery<\/td>\n<td>Bosch, PowerTube 750Wh, horizontale, Smart System<\/td>\n<\/tr>\n<tr>\n<td>Meter<\/td>\n<td>Bosch, Kiox 300, Smart System, compact, \u00e9cran couleur, navigation, personnalisation de l&rsquo;affichage, fonction Lock (en option) &#8211; \u00ab Walk assist \u00bb, LED Remote bluetooth<\/td>\n<\/tr>\n<tr>\n<td>Charger<\/td>\n<td>Bosch, 4Ah<\/td>\n<\/tr>\n<tr>\n<td>Autonomie*<\/td>\n<td>117km (conditions optimales pour une personne de 70kg)<\/td>\n<\/tr>\n<\/tbody>\n<thead>\n<tr>\n<th colspan=\"2\">Transmission<\/th>\n<\/tr>\n<\/thead>\n<tbody>\n<tr>\n<td>Cassette<\/td>\n<td>Sunrace, CSMZ8, 12 vitesses, 11-51<\/td>\n<\/tr>\n<tr>\n<td>Channel<\/td>\n<td>Shimano, CN-M6100, 12 vitesses, 120 maillons<\/td>\n<\/tr>\n<tr>\n<td>Rear derailleur<\/td>\n<td>Shimano, XT, RD-M8100-SGS, 12 vitesses<\/td>\n<\/tr>\n<tr>\n<td>Joystick<\/td>\n<td>Shimano, Deore, SL-M6100, 12 vitesses<\/td>\n<\/tr>\n<tr>\n<td>Pedals<\/td>\n<td>Moustache, aluminium forg\u00e9, 165mm<\/td>\n<\/tr>\n<tr>\n<td>Tray<\/td>\n<td>FSA, Narrow Wide, 34 dents<\/td>\n<\/tr>\n<\/tbody>\n<thead>\n<tr>\n<th colspan=\"2\">Brakes<\/th>\n<\/tr>\n<\/thead>\n<tbody>\n<tr>\n<td>Front brake<\/td>\n<td>Magura, MT5, disque hydraulique, 4 pistons<\/td>\n<\/tr>\n<tr>\n<td>Disque avant<\/td>\n<td>Magura, MDR-C, 203mm<\/td>\n<\/tr>\n<tr>\n<td>Rear brake<\/td>\n<td>Magura, MT5, disque hydraulique, 4 pistons<\/td>\n<\/tr>\n<tr>\n<td>Disque arri\u00e8re<\/td>\n<td>Magura, MDR-C, 203mm<\/td>\n<\/tr>\n<\/tbody>\n<thead>\n<tr>\n<th colspan=\"2\">Wheels<\/th>\n<\/tr>\n<\/thead>\n<tbody>\n<tr>\n<td>Rims<\/td>\n<td>Moustache, asym\u00e9triques, aluminium 6061E, soud\u00e9es, 28 trous, 29&Prime;, largeur interne 30mm, mont\u00e9es avec valves et flap Tubeless, \u00e9crous aluminium anti-desserrage<\/td>\n<\/tr>\n<tr>\n<td>Front hub<\/td>\n<td>Shimano, 28 trous, 15x110mm, axe traversant<\/td>\n<\/tr>\n<tr>\n<td>Tyres<\/td>\n<td>Maxxis, Assegai, 29&#215;2.50, tringles souples, EXO\/TR (Tubeless Ready)<\/td>\n<\/tr>\n<tr>\n<td>Rear hub<\/td>\n<td>Shimano, 28 trous, 12x148mm, axe traversant<\/td>\n<\/tr>\n<\/tbody>\n<thead>\n<tr>\n<th colspan=\"2\">Poste de pilotage<\/th>\n<\/tr>\n<\/thead>\n<tbody>\n<tr>\n<td>Saddle clamp<\/td>\n<td>Moustache, aluminium, 38.6mm<\/td>\n<\/tr>\n<tr>\n<td>Steering set<\/td>\n<td>Acros, AZX-579, roulements scell\u00e9s<\/td>\n<\/tr>\n<tr>\n<td>Stem<\/td>\n<td>Moustache, aluminium forg\u00e9 3D, 50mm<\/td>\n<\/tr>\n<tr>\n<td>Handlebars<\/td>\n<td>Moustache, aluminium, 760mm, rise 12mm, backsweep 9\u00b0, upsweep 5\u00b0<\/td>\n<\/tr>\n<tr>\n<td>Handles<\/td>\n<td>SB3, Race<\/td>\n<\/tr>\n<tr>\n<td>Saddle<\/td>\n<td>Moustache, Sport, rails acier<\/td>\n<\/tr>\n<tr>\n<td>Seat post<\/td>\n<td>EXA, 900i, t\u00e9lescopique avec commande au guidon, 31.6mm<\/td>\n<\/tr>\n<tr>\n<td>D\u00e9battement tige de selle<\/td>\n<td>S: 125mm \u2013 M: 150mm \u2013 L\/XL: 170mm<\/td>\n<\/tr>\n<\/tbody>\n<thead>\n<tr>\n<th colspan=\"2\">Equipment<\/th>\n<\/tr>\n<\/thead>\n<tbody>\n<tr>\n<td>Pedals<\/td>\n<td>Plateforme aluminium avec r\u00e9flecteurs<\/td>\n<\/tr>\n<\/tbody>\n<thead>\n<tr>\n<th colspan=\"2\">Features<\/th>\n<\/tr>\n<\/thead>\n<tbody>\n<tr>\n<td>GVW<\/td>\n<td>140kg<\/td>\n<\/tr>\n<tr>\n<td>Weight<\/td>\n<td>25kg<\/td>\n<\/tr>\n<tr>\n<td>Sizes<\/td>\n<td>S (1,56\u20131,72m), M (1,69\u20131,85m), L (1,82\u20131,98m), XL (1,95\u20132,11m)<\/td>\n<\/tr>\n<tr>\n<td>Colour<\/td>\n<td>Noir \/ Silver m\u00e9tal brillant<\/td>\n<\/tr>\n<\/tbody>\n<\/table>","protected":false},"excerpt":{"rendered":"<p class=\"MsoNormal\" style=\"margin: 0cm 0cm 8pt;line-height: 18.4px;font-size: medium;font-family: Aptos, sans-serif\"><span style=\"font-family: Georgia, serif;background-image: none;background-position: 0% 0%;background-size: auto;background-repeat: repeat;background-attachment: scroll\">Garantie 6 mois pi\u00e8ces et main d\u2019\u0153uvre.<\/span><b><\/b><\/p>\n<p class=\"MsoNormal\" style=\"margin: 0cm 0cm 8pt;line-height: 18.4px;font-size: medium;font-family: Aptos, sans-serif\"><b>Disponible d\u00e8s maintenant !<\/b><span class=\"apple-converted-space\"><span style=\"font-size: 13.5pt;line-height: 20.700001px;font-family: -webkit-standard, serif\">\u00a0<\/span><span style=\"font-size: 13.5pt;line-height: 20.700001px;font-family: -webkit-standard, serif\">\u00a0Pour toute question ou r\u00e9servation, contactez-nous directement par t\u00e9l\u00e9phone au<span class=\"apple-converted-space\">\u00a0<\/span><\/span><\/span><b data-path-to-node=\"2,1\" data-index-in-node=\"114\">06 38 12 38 73<\/b><span style=\"font-size: 13.5pt;line-height: 20.700001px;font-family: -webkit-standard, serif\">.<\/span><\/p>","protected":false},"featured_media":10625,"template":"","meta":{"_acf_changed":false},"product_brand":[232],"product_cat":[134,135,138],"product_tag":[],"class_list":{"0":"post-5423","1":"product","2":"type-product","3":"status-publish","4":"has-post-thumbnail","6":"product_brand-moustache","7":"product_cat-velos-occasion","8":"product_cat-velos-electriques-velos-occasion","9":"product_cat-vtt-electrique","11":"first","12":"instock","13":"sale","14":"taxable","15":"shipping-taxable","16":"purchasable","17":"product-type-variable","18":"has-default-attributes"},"acf":[],"yoast_head":"<!-- This site is optimized with the Yoast SEO Premium plugin v26.6 (Yoast SEO v27.5) - https:\/\/yoast.com\/product\/yoast-seo-premium-wordpress\/ -->\n<title>Joe Bike - Nos v\u00e9los d&#039;occasion : Moustache - Samedi 29 Trail 5 (2023)<\/title>\n<meta name=\"robots\" content=\"index, follow, max-snippet:-1, max-image-preview:large, max-video-preview:-1\" \/>\n<link rel=\"canonical\" href=\"https:\/\/www.joebike.fr\/en\/product-2\/moustache-saturday-29-trail-5\/\" \/>\n<meta property=\"og:locale\" content=\"en_GB\" \/>\n<meta property=\"og:type\" content=\"article\" \/>\n<meta property=\"og:title\" content=\"Moustache - Samedi 29 Trail 5 (2023)\" \/>\n<meta property=\"og:description\" content=\"Garantie 6 mois pi\u00e8ces et main d\u2019\u0153uvre.Disponible d\u00e8s maintenant !\u00a0\u00a0Pour toute question ou r\u00e9servation, contactez-nous directement par t\u00e9l\u00e9phone au\u00a006 38 12 38 73.\" \/>\n<meta property=\"og:url\" content=\"https:\/\/www.joebike.fr\/en\/product-2\/moustache-saturday-29-trail-5\/\" \/>\n<meta property=\"og:site_name\" content=\"Joe Bike\" \/>\n<meta property=\"article:publisher\" content=\"https:\/\/www.facebook.com\/joebikefrance\" \/>\n<meta property=\"article:modified_time\" content=\"2025-12-31T09:13:34+00:00\" \/>\n<meta property=\"og:image\" content=\"https:\/\/www.joebike.fr\/wp-content\/uploads\/2023\/08\/MOUSTACHE-SAMEDI-29-TRAIL-5.png\" \/>\n\t<meta property=\"og:image:width\" content=\"400\" \/>\n\t<meta property=\"og:image:height\" content=\"300\" \/>\n\t<meta property=\"og:image:type\" content=\"image\/png\" \/>\n<meta name=\"twitter:card\" content=\"summary_large_image\" \/>\n<script type=\"application\/ld+json\" class=\"yoast-schema-graph\">{\"@context\":\"https:\\\/\\\/schema.org\",\"@graph\":[{\"@type\":\"WebPage\",\"@id\":\"https:\\\/\\\/www.joebike.fr\\\/produit\\\/moustache-samedi-29-trail-5\\\/\",\"url\":\"https:\\\/\\\/www.joebike.fr\\\/produit\\\/moustache-samedi-29-trail-5\\\/\",\"name\":\"Joe Bike - Nos v\u00e9los d'occasion : Moustache - Samedi 29 Trail 5 (2023)\",\"isPartOf\":{\"@id\":\"https:\\\/\\\/www.joebike.fr\\\/#website\"},\"primaryImageOfPage\":{\"@id\":\"https:\\\/\\\/www.joebike.fr\\\/produit\\\/moustache-samedi-29-trail-5\\\/#primaryimage\"},\"image\":{\"@id\":\"https:\\\/\\\/www.joebike.fr\\\/produit\\\/moustache-samedi-29-trail-5\\\/#primaryimage\"},\"thumbnailUrl\":\"https:\\\/\\\/www.joebike.fr\\\/wp-content\\\/uploads\\\/2023\\\/08\\\/MOUSTACHE-SAMEDI-29-TRAIL-5.png\",\"datePublished\":\"2023-08-14T12:00:35+00:00\",\"dateModified\":\"2025-12-31T09:13:34+00:00\",\"breadcrumb\":{\"@id\":\"https:\\\/\\\/www.joebike.fr\\\/produit\\\/moustache-samedi-29-trail-5\\\/#breadcrumb\"},\"inLanguage\":\"en-GB\",\"potentialAction\":[{\"@type\":\"ReadAction\",\"target\":[\"https:\\\/\\\/www.joebike.fr\\\/produit\\\/moustache-samedi-29-trail-5\\\/\"]}]},{\"@type\":\"ImageObject\",\"inLanguage\":\"en-GB\",\"@id\":\"https:\\\/\\\/www.joebike.fr\\\/produit\\\/moustache-samedi-29-trail-5\\\/#primaryimage\",\"url\":\"https:\\\/\\\/www.joebike.fr\\\/wp-content\\\/uploads\\\/2023\\\/08\\\/MOUSTACHE-SAMEDI-29-TRAIL-5.png\",\"contentUrl\":\"https:\\\/\\\/www.joebike.fr\\\/wp-content\\\/uploads\\\/2023\\\/08\\\/MOUSTACHE-SAMEDI-29-TRAIL-5.png\",\"width\":400,\"height\":300},{\"@type\":\"BreadcrumbList\",\"@id\":\"https:\\\/\\\/www.joebike.fr\\\/produit\\\/moustache-samedi-29-trail-5\\\/#breadcrumb\",\"itemListElement\":[{\"@type\":\"ListItem\",\"position\":1,\"name\":\"Accueil\",\"item\":\"https:\\\/\\\/www.joebike.fr\\\/\"},{\"@type\":\"ListItem\",\"position\":2,\"name\":\"Shop\",\"item\":\"https:\\\/\\\/www.joebike.fr\\\/bike-shop\\\/\"},{\"@type\":\"ListItem\",\"position\":3,\"name\":\"Moustache &#8211; Samedi 29 Trail 5 (2023)\"}]},{\"@type\":\"WebSite\",\"@id\":\"https:\\\/\\\/www.joebike.fr\\\/#website\",\"url\":\"https:\\\/\\\/www.joebike.fr\\\/\",\"name\":\"Joe Bike\",\"description\":\"Location de v\u00e9lo dans les Landes, le Pays Basque et les Pyr\u00e9n\u00e9es\",\"publisher\":{\"@id\":\"https:\\\/\\\/www.joebike.fr\\\/#organization\"},\"potentialAction\":[{\"@type\":\"SearchAction\",\"target\":{\"@type\":\"EntryPoint\",\"urlTemplate\":\"https:\\\/\\\/www.joebike.fr\\\/?s={search_term_string}\"},\"query-input\":{\"@type\":\"PropertyValueSpecification\",\"valueRequired\":true,\"valueName\":\"search_term_string\"}}],\"inLanguage\":\"en-GB\"},{\"@type\":\"Organization\",\"@id\":\"https:\\\/\\\/www.joebike.fr\\\/#organization\",\"name\":\"Joe Bike, sp\u00e9cialiste en location v\u00e9lo\",\"url\":\"https:\\\/\\\/www.joebike.fr\\\/\",\"logo\":{\"@type\":\"ImageObject\",\"inLanguage\":\"en-GB\",\"@id\":\"https:\\\/\\\/www.joebike.fr\\\/#\\\/schema\\\/logo\\\/image\\\/\",\"url\":\"https:\\\/\\\/www.joebike.fr\\\/wp-content\\\/uploads\\\/2022\\\/04\\\/LOGO-JB-22_PNG.png\",\"contentUrl\":\"https:\\\/\\\/www.joebike.fr\\\/wp-content\\\/uploads\\\/2022\\\/04\\\/LOGO-JB-22_PNG.png\",\"width\":473,\"height\":473,\"caption\":\"Joe Bike, sp\u00e9cialiste en location v\u00e9lo\"},\"image\":{\"@id\":\"https:\\\/\\\/www.joebike.fr\\\/#\\\/schema\\\/logo\\\/image\\\/\"},\"sameAs\":[\"https:\\\/\\\/www.facebook.com\\\/joebikefrance\",\"https:\\\/\\\/www.instagram.com\\\/joebikefrance\"]}]}<\/script>\n<!-- \/ Yoast SEO Premium plugin. -->","yoast_head_json":{"title":"Joe Bike - Nos v\u00e9los d'occasion : Moustache - Samedi 29 Trail 5 (2023)","robots":{"index":"index","follow":"follow","max-snippet":"max-snippet:-1","max-image-preview":"max-image-preview:large","max-video-preview":"max-video-preview:-1"},"canonical":"https:\/\/www.joebike.fr\/en\/product-2\/moustache-saturday-29-trail-5\/","og_locale":"en_GB","og_type":"article","og_title":"Moustache - Samedi 29 Trail 5 (2023)","og_description":"Garantie 6 mois pi\u00e8ces et main d\u2019\u0153uvre.Disponible d\u00e8s maintenant !\u00a0\u00a0Pour toute question ou r\u00e9servation, contactez-nous directement par t\u00e9l\u00e9phone au\u00a006 38 12 38 73.","og_url":"https:\/\/www.joebike.fr\/en\/product-2\/moustache-saturday-29-trail-5\/","og_site_name":"Joe Bike","article_publisher":"https:\/\/www.facebook.com\/joebikefrance","article_modified_time":"2025-12-31T09:13:34+00:00","og_image":[{"width":400,"height":300,"url":"https:\/\/www.joebike.fr\/wp-content\/uploads\/2023\/08\/MOUSTACHE-SAMEDI-29-TRAIL-5.png","type":"image\/png"}],"twitter_card":"summary_large_image","schema":{"@context":"https:\/\/schema.org","@graph":[{"@type":"WebPage","@id":"https:\/\/www.joebike.fr\/produit\/moustache-samedi-29-trail-5\/","url":"https:\/\/www.joebike.fr\/produit\/moustache-samedi-29-trail-5\/","name":"Joe Bike - Nos v\u00e9los d'occasion : Moustache - Samedi 29 Trail 5 (2023)","isPartOf":{"@id":"https:\/\/www.joebike.fr\/#website"},"primaryImageOfPage":{"@id":"https:\/\/www.joebike.fr\/produit\/moustache-samedi-29-trail-5\/#primaryimage"},"image":{"@id":"https:\/\/www.joebike.fr\/produit\/moustache-samedi-29-trail-5\/#primaryimage"},"thumbnailUrl":"https:\/\/www.joebike.fr\/wp-content\/uploads\/2023\/08\/MOUSTACHE-SAMEDI-29-TRAIL-5.png","datePublished":"2023-08-14T12:00:35+00:00","dateModified":"2025-12-31T09:13:34+00:00","breadcrumb":{"@id":"https:\/\/www.joebike.fr\/produit\/moustache-samedi-29-trail-5\/#breadcrumb"},"inLanguage":"en-GB","potentialAction":[{"@type":"ReadAction","target":["https:\/\/www.joebike.fr\/produit\/moustache-samedi-29-trail-5\/"]}]},{"@type":"ImageObject","inLanguage":"en-GB","@id":"https:\/\/www.joebike.fr\/produit\/moustache-samedi-29-trail-5\/#primaryimage","url":"https:\/\/www.joebike.fr\/wp-content\/uploads\/2023\/08\/MOUSTACHE-SAMEDI-29-TRAIL-5.png","contentUrl":"https:\/\/www.joebike.fr\/wp-content\/uploads\/2023\/08\/MOUSTACHE-SAMEDI-29-TRAIL-5.png","width":400,"height":300},{"@type":"BreadcrumbList","@id":"https:\/\/www.joebike.fr\/produit\/moustache-samedi-29-trail-5\/#breadcrumb","itemListElement":[{"@type":"ListItem","position":1,"name":"Accueil","item":"https:\/\/www.joebike.fr\/"},{"@type":"ListItem","position":2,"name":"Shop","item":"https:\/\/www.joebike.fr\/bike-shop\/"},{"@type":"ListItem","position":3,"name":"Moustache &#8211; Samedi 29 Trail 5 (2023)"}]},{"@type":"WebSite","@id":"https:\/\/www.joebike.fr\/#website","url":"https:\/\/www.joebike.fr\/","name":"Joe Bike","description":"Bike hire in the Landes, the Basque Country and the Pyrenees","publisher":{"@id":"https:\/\/www.joebike.fr\/#organization"},"potentialAction":[{"@type":"SearchAction","target":{"@type":"EntryPoint","urlTemplate":"https:\/\/www.joebike.fr\/?s={search_term_string}"},"query-input":{"@type":"PropertyValueSpecification","valueRequired":true,"valueName":"search_term_string"}}],"inLanguage":"en-GB"},{"@type":"Organization","@id":"https:\/\/www.joebike.fr\/#organization","name":"Joe Bike, specialist in bike hire","url":"https:\/\/www.joebike.fr\/","logo":{"@type":"ImageObject","inLanguage":"en-GB","@id":"https:\/\/www.joebike.fr\/#\/schema\/logo\/image\/","url":"https:\/\/www.joebike.fr\/wp-content\/uploads\/2022\/04\/LOGO-JB-22_PNG.png","contentUrl":"https:\/\/www.joebike.fr\/wp-content\/uploads\/2022\/04\/LOGO-JB-22_PNG.png","width":473,"height":473,"caption":"Joe Bike, sp\u00e9cialiste en location v\u00e9lo"},"image":{"@id":"https:\/\/www.joebike.fr\/#\/schema\/logo\/image\/"},"sameAs":["https:\/\/www.facebook.com\/joebikefrance","https:\/\/www.instagram.com\/joebikefrance"]}]}},"_links":{"self":[{"href":"https:\/\/www.joebike.fr\/en\/wp-json\/wp\/v2\/product\/5423","targetHints":{"allow":["GET"]}}],"collection":[{"href":"https:\/\/www.joebike.fr\/en\/wp-json\/wp\/v2\/product"}],"about":[{"href":"https:\/\/www.joebike.fr\/en\/wp-json\/wp\/v2\/types\/product"}],"version-history":[{"count":0,"href":"https:\/\/www.joebike.fr\/en\/wp-json\/wp\/v2\/product\/5423\/revisions"}],"wp:featuredmedia":[{"embeddable":true,"href":"https:\/\/www.joebike.fr\/en\/wp-json\/wp\/v2\/media\/10625"}],"wp:attachment":[{"href":"https:\/\/www.joebike.fr\/en\/wp-json\/wp\/v2\/media?parent=5423"}],"wp:term":[{"taxonomy":"product_brand","embeddable":true,"href":"https:\/\/www.joebike.fr\/en\/wp-json\/wp\/v2\/product_brand?post=5423"},{"taxonomy":"product_cat","embeddable":true,"href":"https:\/\/www.joebike.fr\/en\/wp-json\/wp\/v2\/product_cat?post=5423"},{"taxonomy":"product_tag","embeddable":true,"href":"https:\/\/www.joebike.fr\/en\/wp-json\/wp\/v2\/product_tag?post=5423"}],"curies":[{"name":"wp","href":"https:\/\/api.w.org\/{rel}","templated":true}]}}