{"id":5493,"date":"2023-08-11T15:40:18","date_gmt":"2023-08-11T13:40:18","guid":{"rendered":"https:\/\/www.joebike.fr\/?post_type=product&#038;p=5493"},"modified":"2025-12-30T11:01:23","modified_gmt":"2025-12-30T10:01:23","slug":"trek-emonda-sl6-disc-pro","status":"publish","type":"product","link":"https:\/\/www.joebike.fr\/en\/product-2\/trek-emonda-sl6-disc-pro\/","title":{"rendered":"Trek &#8211; Emonda SL6 Disc Pro (2023)"},"content":{"rendered":"<table class=\"sprocket__table spec mce-item-table\" data-v-fb335bc2=\"\" aria-label=\"Features\">\n<tbody data-v-fb335bc2=\"\">\n<tr data-v-fb335bc2=\"\">\n<th rowspan=\"1\" scope=\"row\" data-v-fb335bc2=\"\">Frame<\/th>\n<td data-v-fb335bc2=\"\">Ultra-lightweight 500 Series OCLV carbon, optimised for Ride Tuned performance, tapered head tube, internal routing, DuoTrap S compatible, Flat-Mount disc brakes, 142\u00d712 mm thru axle<\/td>\n<\/tr>\n<tr data-v-fb335bc2=\"\">\n<th rowspan=\"2\" scope=\"row\" data-v-fb335bc2=\"\">*Fork<\/th>\n<td data-v-fb335bc2=\"\"><span data-v-fb335bc2=\"\">Size:<\/span>\u00a047, 50, 52, 54, 56, 58, 60, 62<br data-v-fb335bc2=\"\">\u00c9monda SL full carbon, tapered carbon steerer, internal brake routing, flat mount disc, 12x100mm thru axle<\/td>\n<\/tr>\n<tr data-v-fb335bc2=\"\">\n<td data-v-fb335bc2=\"\"><span data-v-fb335bc2=\"\">Size:<\/span>\u00a047, 50, 52, 54, 56, 58, 60, 62<br data-v-fb335bc2=\"\">\u00c9monda SL all-carbon, tapered pivot, internal brake cable routing, flat-mount disc brakes, 12\u00d7100 mm thru axle<\/td>\n<\/tr>\n<tr data-v-fb335bc2=\"\">\n<th scope=\"row\" data-v-fb335bc2=\"\">Frame adjustment<\/th>\n<td data-v-fb335bc2=\"\">H1.5 Race<\/td>\n<\/tr>\n<\/tbody>\n<\/table>\n<div id=\"pdl-collapse-item-e5fr\" class=\"pdl-collapse-item is-active\" data-v-5bd42f3c=\"\" data-v-fb335bc2=\"\">\n<div class=\"\" role=\"tab\" data-v-5bd42f3c=\"\" aria-controls=\"pdl-collapse-content-e5fr\" aria-describedby=\"pdl-collapse-content-e5fr\" aria-expanded=\"true\">\n<div class=\"flex items-center flex-grow\" data-v-5bd42f3c=\"\"><\/div>\n<\/div>\n<div id=\"pdl-collapse-content-e5fr\" class=\"pdl-collapse-item__wrap\" role=\"tabpanel\" data-v-5bd42f3c=\"\" aria-labelledby=\"pdl-collapse-head-e5fr\" data-old-padding-top=\"\" data-old-padding-bottom=\"\" data-old-overflow=\"\">\n<div class=\"pdl-collapse-item__content\" data-v-5bd42f3c=\"\">\n<table class=\"sprocket__table spec mce-item-table\" data-v-fb335bc2=\"\" aria-label=\"Features\">\n<tbody data-v-fb335bc2=\"\">\n<tr data-v-fb335bc2=\"\">\n<th scope=\"row\" data-v-fb335bc2=\"\">Weight<\/th>\n<td data-v-fb335bc2=\"\">56 - 8.03 kg \/ 17.71 lbs<\/td>\n<\/tr>\n<tr data-v-fb335bc2=\"\">\n<th scope=\"row\" data-v-fb335bc2=\"\">Maximum weight<\/th>\n<td data-v-fb335bc2=\"\">This bike has a maximum total weight limit (including the weight of the bike, rider and luggage) of 125 kg (275 lbs).<\/td>\n<\/tr>\n<\/tbody>\n<\/table>\n<\/div>\n<\/div>\n<\/div>\n<div id=\"pdl-collapse-item-qczsnc\" class=\"pdl-collapse-item is-active\" data-v-5bd42f3c=\"\" data-v-fb335bc2=\"\">\n<div class=\"\" role=\"tab\" data-v-5bd42f3c=\"\" aria-controls=\"pdl-collapse-content-qczsnc\" aria-describedby=\"pdl-collapse-content-qczsnc\" aria-expanded=\"true\">\n<div class=\"flex items-center flex-grow\" data-v-5bd42f3c=\"\"><\/div>\n<\/div>\n<div id=\"pdl-collapse-content-qczsnc\" class=\"pdl-collapse-item__wrap\" role=\"tabpanel\" data-v-5bd42f3c=\"\" aria-labelledby=\"pdl-collapse-head-qczsnc\" data-old-padding-top=\"\" data-old-padding-bottom=\"\" data-old-overflow=\"\">\n<div class=\"pdl-collapse-item__content\" data-v-5bd42f3c=\"\">\n<table class=\"sprocket__table spec mce-item-table\" data-v-fb335bc2=\"\" aria-label=\"Features\">\n<tbody data-v-fb335bc2=\"\">\n<tr data-v-fb335bc2=\"\">\n<th rowspan=\"2\" scope=\"row\" data-v-fb335bc2=\"\">*Gear lever<\/th>\n<td data-v-fb335bc2=\"\"><span data-v-fb335bc2=\"\">Size:<\/span>\u00a047, 50, 52<br data-v-fb335bc2=\"\">Shimano Ultegra R8025, short-reach lever, 11 speed<\/td>\n<\/tr>\n<tr data-v-fb335bc2=\"\">\n<td data-v-fb335bc2=\"\"><span data-v-fb335bc2=\"\">Size:<\/span>\u00a054, 56, 58, 60, 62<br data-v-fb335bc2=\"\">Shimano Ultegra R8020, 11 speed<\/td>\n<\/tr>\n<tr data-v-fb335bc2=\"\">\n<th rowspan=\"1\" scope=\"row\" data-v-fb335bc2=\"\">Front derailleur<\/th>\n<td data-v-fb335bc2=\"\">Shimano Ultegra R8000, braze-on<\/td>\n<\/tr>\n<tr data-v-fb335bc2=\"\">\n<th rowspan=\"1\" scope=\"row\" data-v-fb335bc2=\"\">Rear derailleur<\/th>\n<td data-v-fb335bc2=\"\">Shimano Ultegra R8000, short clevis, sprocket max 30 dts<\/td>\n<\/tr>\n<tr data-v-fb335bc2=\"\">\n<th rowspan=\"4\" scope=\"row\" data-v-fb335bc2=\"\">*Crankset<\/th>\n<td data-v-fb335bc2=\"\"><span data-v-fb335bc2=\"\">Size:<\/span>\u00a047<br data-v-fb335bc2=\"\">Shimano Ultegra R8000, 52\/36, 165 mm long<\/td>\n<\/tr>\n<tr data-v-fb335bc2=\"\">\n<td data-v-fb335bc2=\"\"><span data-v-fb335bc2=\"\">Size:<\/span>\u00a050, 52<br data-v-fb335bc2=\"\">Shimano Ultegra R8000, 52\/36, 170 mm long<\/td>\n<\/tr>\n<tr data-v-fb335bc2=\"\">\n<td data-v-fb335bc2=\"\"><span data-v-fb335bc2=\"\">Size:<\/span>\u00a054, 56, 58<br data-v-fb335bc2=\"\">Shimano Ultegra R8000, 52\/36, 172.5 mm long<\/td>\n<\/tr>\n<tr data-v-fb335bc2=\"\">\n<td data-v-fb335bc2=\"\"><span data-v-fb335bc2=\"\">Size:<\/span>\u00a060, 62<br data-v-fb335bc2=\"\">Shimano Ultegra R8000, 52\/36, 175 mm long<\/td>\n<\/tr>\n<tr data-v-fb335bc2=\"\">\n<th rowspan=\"1\" scope=\"row\" data-v-fb335bc2=\"\">Bottom bracket<\/th>\n<td data-v-fb335bc2=\"\">Praxis, T47 threaded, internal bearing<\/td>\n<\/tr>\n<tr data-v-fb335bc2=\"\">\n<th rowspan=\"1\" scope=\"row\" data-v-fb335bc2=\"\">Cassette<\/th>\n<td data-v-fb335bc2=\"\">Shimano Ultegra R8000, 11-30, 11 speed<\/td>\n<\/tr>\n<tr data-v-fb335bc2=\"\">\n<th rowspan=\"1\" scope=\"row\" data-v-fb335bc2=\"\">Channel<\/th>\n<td data-v-fb335bc2=\"\">Shimano Ultegra HG701, 11 speed<\/td>\n<\/tr>\n<tr data-v-fb335bc2=\"\">\n<th scope=\"row\" data-v-fb335bc2=\"\">Max. tray size<\/th>\n<td data-v-fb335bc2=\"\">1x : 50 dts, 2x : 53\/39<\/td>\n<\/tr>\n<\/tbody>\n<\/table>\n<\/div>\n<\/div>\n<\/div>\n<div id=\"pdl-collapse-item-11w38\" class=\"pdl-collapse-item is-active\" data-v-5bd42f3c=\"\" data-v-fb335bc2=\"\">\n<div class=\"\" role=\"tab\" data-v-5bd42f3c=\"\" aria-controls=\"pdl-collapse-content-11w38\" aria-describedby=\"pdl-collapse-content-11w38\" aria-expanded=\"true\">\n<div class=\"flex items-center flex-grow\" data-v-5bd42f3c=\"\"><\/div>\n<\/div>\n<div id=\"pdl-collapse-content-11w38\" class=\"pdl-collapse-item__wrap\" role=\"tabpanel\" data-v-5bd42f3c=\"\" aria-labelledby=\"pdl-collapse-head-11w38\" data-old-padding-top=\"\" data-old-padding-bottom=\"\" data-old-overflow=\"\">\n<div class=\"pdl-collapse-item__content\" data-v-5bd42f3c=\"\">\n<table class=\"sprocket__table spec mce-item-table\" data-v-fb335bc2=\"\" aria-label=\"Features\">\n<tbody data-v-fb335bc2=\"\">\n<tr data-v-fb335bc2=\"\">\n<th rowspan=\"1\" scope=\"row\" data-v-fb335bc2=\"\">Front wheel<\/th>\n<td data-v-fb335bc2=\"\">Bontrager Aeolus Elite 35, Carbon OCLV, Tubeless Ready, 35 mm rim height, 100\u00d712 mm thru axle<\/td>\n<\/tr>\n<tr data-v-fb335bc2=\"\">\n<th rowspan=\"1\" scope=\"row\" data-v-fb335bc2=\"\">Rear wheel<\/th>\n<td data-v-fb335bc2=\"\">Bontrager Aeolus Elite 35, Carbon OCLV, Tubeless Ready, 35 mm rim height, Shimano 11\/12 speed freewheel body, 142\u00d712 mm thru axle<\/td>\n<\/tr>\n<tr data-v-fb335bc2=\"\">\n<th rowspan=\"1\" scope=\"row\" data-v-fb335bc2=\"\">Front wheel lock<\/th>\n<td data-v-fb335bc2=\"\">Bontrager Switch thru axle, removable lever<\/td>\n<\/tr>\n<tr data-v-fb335bc2=\"\">\n<th rowspan=\"1\" scope=\"row\" data-v-fb335bc2=\"\">Rear wheel lock<\/th>\n<td data-v-fb335bc2=\"\">Bontrager Switch thru axle, removable lever<\/td>\n<\/tr>\n<tr data-v-fb335bc2=\"\">\n<th rowspan=\"1\" scope=\"row\" data-v-fb335bc2=\"\">Tyre<\/th>\n<td data-v-fb335bc2=\"\">Bontrager R2 Hard-Case Lite, aramid rod, 60 tpi, 700x25C<\/td>\n<\/tr>\n<tr data-v-fb335bc2=\"\">\n<th scope=\"row\" data-v-fb335bc2=\"\">Max. tyre size<\/th>\n<td data-v-fb335bc2=\"\">28mm<\/td>\n<\/tr>\n<\/tbody>\n<\/table>\n<\/div>\n<\/div>\n<\/div>\n<div id=\"pdl-collapse-item-5ttnq\" class=\"pdl-collapse-item is-active\" data-v-5bd42f3c=\"\" data-v-fb335bc2=\"\">\n<div class=\"\" role=\"tab\" data-v-5bd42f3c=\"\" aria-controls=\"pdl-collapse-content-5ttnq\" aria-describedby=\"pdl-collapse-content-5ttnq\" aria-expanded=\"true\">\n<div class=\"flex items-center flex-grow\" data-v-5bd42f3c=\"\"><\/div>\n<\/div>\n<div id=\"pdl-collapse-content-5ttnq\" class=\"pdl-collapse-item__wrap\" role=\"tabpanel\" data-v-5bd42f3c=\"\" aria-labelledby=\"pdl-collapse-head-5ttnq\" data-old-padding-top=\"\" data-old-padding-bottom=\"\" data-old-overflow=\"\">\n<div class=\"pdl-collapse-item__content\" data-v-5bd42f3c=\"\">\n<table class=\"sprocket__table spec mce-item-table\" data-v-fb335bc2=\"\" aria-label=\"Features\">\n<tbody data-v-fb335bc2=\"\">\n<tr data-v-fb335bc2=\"\">\n<th rowspan=\"1\" scope=\"row\" data-v-fb335bc2=\"\">Saddle<\/th>\n<td data-v-fb335bc2=\"\">Bontrager Aeolus Comp, steel rails, 145 mm wide<\/td>\n<\/tr>\n<tr data-v-fb335bc2=\"\">\n<th rowspan=\"2\" scope=\"row\" data-v-fb335bc2=\"\">*Saddle post<\/th>\n<td data-v-fb335bc2=\"\"><span data-v-fb335bc2=\"\">Size:<\/span>\u00a047, 50, 52, 54<br data-v-fb335bc2=\"\">Bontrager carbon seat post head, offset 20 mm, short<\/td>\n<\/tr>\n<tr data-v-fb335bc2=\"\">\n<td data-v-fb335bc2=\"\"><span data-v-fb335bc2=\"\">Size:<\/span>\u00a056, 58, 60, 62<br data-v-fb335bc2=\"\">Bontrager carbon seat post head, 20 mm offset, long<\/td>\n<\/tr>\n<tr data-v-fb335bc2=\"\">\n<th rowspan=\"4\" scope=\"row\" data-v-fb335bc2=\"\">*Hanger<\/th>\n<td data-v-fb335bc2=\"\"><span data-v-fb335bc2=\"\">Size:<\/span>\u00a047, 50<br data-v-fb335bc2=\"\">Bontrager Elite VR-C, alloy, 31.8 mm, 100 mm reach, 124 mm drop, 38 cm width<\/td>\n<\/tr>\n<tr data-v-fb335bc2=\"\">\n<td data-v-fb335bc2=\"\"><span data-v-fb335bc2=\"\">Size:<\/span>\u00a052<br data-v-fb335bc2=\"\">Bontrager Elite VR-C, alloy, 31.8 mm, 100 mm reach, 124 mm drop, 40 cm width<\/td>\n<\/tr>\n<tr data-v-fb335bc2=\"\">\n<td data-v-fb335bc2=\"\"><span data-v-fb335bc2=\"\">Size:<\/span>\u00a054, 56, 58<br data-v-fb335bc2=\"\">Bontrager Elite VR-C, alloy, 31.8 mm, 100 mm reach, 124 mm drop, 42 cm width<\/td>\n<\/tr>\n<tr data-v-fb335bc2=\"\">\n<td data-v-fb335bc2=\"\"><span data-v-fb335bc2=\"\">Size:<\/span>\u00a060, 62<br data-v-fb335bc2=\"\">Bontrager Elite VR-C, alloy, 31.8 mm, 100 mm reach, 124 mm drop, 44 cm width<\/td>\n<\/tr>\n<tr data-v-fb335bc2=\"\">\n<th rowspan=\"1\" scope=\"row\" data-v-fb335bc2=\"\">Handlebar tape<\/th>\n<td data-v-fb335bc2=\"\">Bontrager Supertack Perf handlebar tape<\/td>\n<\/tr>\n<tr data-v-fb335bc2=\"\">\n<th rowspan=\"5\" scope=\"row\" data-v-fb335bc2=\"\">*Potency<\/th>\n<td data-v-fb335bc2=\"\"><span data-v-fb335bc2=\"\">Size:<\/span>\u00a047<br data-v-fb335bc2=\"\">Bontrager Pro, 31.8 mm, Blendr compatible, 7 degrees, 70 ml length<\/td>\n<\/tr>\n<tr data-v-fb335bc2=\"\">\n<td data-v-fb335bc2=\"\"><span data-v-fb335bc2=\"\">Size:<\/span>\u00a050<br data-v-fb335bc2=\"\">Bontrager Pro, 31.8 mm, Blendr compatible, 7 degrees, 80 mm long<\/td>\n<\/tr>\n<tr data-v-fb335bc2=\"\">\n<td data-v-fb335bc2=\"\"><span data-v-fb335bc2=\"\">Size:<\/span>\u00a052, 54<br data-v-fb335bc2=\"\">Bontrager Pro, 31.8 mm, Blendr compatible, 7 degrees, 90 mm long<\/td>\n<\/tr>\n<tr data-v-fb335bc2=\"\">\n<td data-v-fb335bc2=\"\"><span data-v-fb335bc2=\"\">Size:<\/span>\u00a056<br data-v-fb335bc2=\"\">Bontrager Pro, 31.8 mm, Blendr compatible, 7 degrees, 100 mm long<\/td>\n<\/tr>\n<tr data-v-fb335bc2=\"\">\n<td data-v-fb335bc2=\"\"><span data-v-fb335bc2=\"\">Size:<\/span>\u00a058, 60, 62<br data-v-fb335bc2=\"\">Bontrager Pro, 31.8 mm, Blendr compatible, 7 degrees, 110 mm long<\/td>\n<\/tr>\n<tr data-v-fb335bc2=\"\">\n<th rowspan=\"1\" scope=\"row\" data-v-fb335bc2=\"\">Brake<\/th>\n<td data-v-fb335bc2=\"\">Shimano Ultegra hydraulic disc<\/td>\n<\/tr>\n<tr data-v-fb335bc2=\"\">\n<th rowspan=\"1\" scope=\"row\" data-v-fb335bc2=\"\">Brake disc<\/th>\n<td data-v-fb335bc2=\"\">Shimano RT800, centrelock, 160 mm<\/td>\n<\/tr>\n<\/tbody>\n<\/table>\n<\/div>\n<\/div>\n<\/div>","protected":false},"excerpt":{"rendered":"<p class=\"MsoNormal\" style=\"margin: 0cm 0cm 8pt;line-height: 18.4px;font-size: medium;font-family: Aptos, sans-serif\"><span style=\"font-family: Georgia, serif;background-image: none;background-position: 0% 0%;background-size: auto;background-repeat: repeat;background-attachment: scroll\">Garantie 6 mois pi\u00e8ces et main d\u2019\u0153uvre.<\/span><b><\/b><\/p>\n<p class=\"MsoNormal\" style=\"margin: 0cm 0cm 8pt;line-height: 18.4px;font-size: medium;font-family: Aptos, sans-serif\"><b>Disponible d\u00e8s maintenant !<\/b><span class=\"apple-converted-space\"><span style=\"font-size: 13.5pt;line-height: 20.700001px;font-family: -webkit-standard, serif\">\u00a0<\/span><span style=\"font-size: 13.5pt;line-height: 20.700001px;font-family: -webkit-standard, serif\">\u00a0Pour toute question ou r\u00e9servation, contactez-nous directement par t\u00e9l\u00e9phone au<span class=\"apple-converted-space\">\u00a0<\/span><\/span><\/span><b data-path-to-node=\"2,1\" data-index-in-node=\"114\">06 38 12 38 73<\/b><span style=\"font-size: 13.5pt;line-height: 20.700001px;font-family: -webkit-standard, serif\">.<\/span><\/p>\n<p><\/p>","protected":false},"featured_media":6193,"template":"","meta":{"_acf_changed":false},"product_brand":[],"product_cat":[134,142,136],"product_tag":[157],"class_list":{"0":"post-5493","1":"product","2":"type-product","3":"status-publish","4":"has-post-thumbnail","6":"product_cat-velos-occasion","7":"product_cat-velo-de-route","8":"product_cat-velos-musculaires-velos-occasion","9":"product_tag-trek","11":"first","12":"instock","13":"sale","14":"taxable","15":"shipping-taxable","16":"purchasable","17":"product-type-variable"},"acf":[],"yoast_head":"<!-- This site is optimized with the Yoast SEO Premium plugin v26.6 (Yoast SEO v27.5) - https:\/\/yoast.com\/product\/yoast-seo-premium-wordpress\/ -->\n<title>Achat v\u00e9lo d&#039;occasion - Trek Emonda sl6 Disc Pro<\/title>\n<meta name=\"robots\" content=\"index, follow, max-snippet:-1, max-image-preview:large, max-video-preview:-1\" \/>\n<link rel=\"canonical\" href=\"https:\/\/www.joebike.fr\/en\/product-2\/trek-emonda-sl6-disc-pro\/\" \/>\n<meta property=\"og:locale\" content=\"en_GB\" \/>\n<meta property=\"og:type\" content=\"article\" \/>\n<meta property=\"og:title\" content=\"Trek - Emonda SL6 Disc Pro (2023)\" \/>\n<meta property=\"og:description\" content=\"Garantie 6 mois pi\u00e8ces et main d\u2019\u0153uvre.Disponible d\u00e8s maintenant !\u00a0\u00a0Pour toute question ou r\u00e9servation, contactez-nous directement par t\u00e9l\u00e9phone au\u00a006 38 12 38 73.\" \/>\n<meta property=\"og:url\" content=\"https:\/\/www.joebike.fr\/en\/product-2\/trek-emonda-sl6-disc-pro\/\" \/>\n<meta property=\"og:site_name\" content=\"Joe Bike\" \/>\n<meta property=\"article:publisher\" content=\"https:\/\/www.facebook.com\/joebikefrance\" \/>\n<meta property=\"article:modified_time\" content=\"2025-12-30T10:01:23+00:00\" \/>\n<meta property=\"og:image\" content=\"https:\/\/www.joebike.fr\/wp-content\/uploads\/2023\/08\/EmondaSL6DiscPro_21_32562_A_Primary.webp\" \/>\n\t<meta property=\"og:image:width\" content=\"1920\" \/>\n\t<meta property=\"og:image:height\" content=\"1440\" \/>\n\t<meta property=\"og:image:type\" content=\"image\/webp\" \/>\n<meta name=\"twitter:card\" content=\"summary_large_image\" \/>\n<script type=\"application\/ld+json\" class=\"yoast-schema-graph\">{\"@context\":\"https:\\\/\\\/schema.org\",\"@graph\":[{\"@type\":\"WebPage\",\"@id\":\"https:\\\/\\\/www.joebike.fr\\\/produit\\\/trek-emonda-sl6-disc-pro\\\/\",\"url\":\"https:\\\/\\\/www.joebike.fr\\\/produit\\\/trek-emonda-sl6-disc-pro\\\/\",\"name\":\"Achat v\u00e9lo d'occasion - Trek Emonda sl6 Disc Pro\",\"isPartOf\":{\"@id\":\"https:\\\/\\\/www.joebike.fr\\\/#website\"},\"primaryImageOfPage\":{\"@id\":\"https:\\\/\\\/www.joebike.fr\\\/produit\\\/trek-emonda-sl6-disc-pro\\\/#primaryimage\"},\"image\":{\"@id\":\"https:\\\/\\\/www.joebike.fr\\\/produit\\\/trek-emonda-sl6-disc-pro\\\/#primaryimage\"},\"thumbnailUrl\":\"https:\\\/\\\/www.joebike.fr\\\/wp-content\\\/uploads\\\/2023\\\/08\\\/EmondaSL6DiscPro_21_32562_A_Primary.webp\",\"datePublished\":\"2023-08-11T13:40:18+00:00\",\"dateModified\":\"2025-12-30T10:01:23+00:00\",\"breadcrumb\":{\"@id\":\"https:\\\/\\\/www.joebike.fr\\\/produit\\\/trek-emonda-sl6-disc-pro\\\/#breadcrumb\"},\"inLanguage\":\"en-GB\",\"potentialAction\":[{\"@type\":\"ReadAction\",\"target\":[\"https:\\\/\\\/www.joebike.fr\\\/produit\\\/trek-emonda-sl6-disc-pro\\\/\"]}]},{\"@type\":\"ImageObject\",\"inLanguage\":\"en-GB\",\"@id\":\"https:\\\/\\\/www.joebike.fr\\\/produit\\\/trek-emonda-sl6-disc-pro\\\/#primaryimage\",\"url\":\"https:\\\/\\\/www.joebike.fr\\\/wp-content\\\/uploads\\\/2023\\\/08\\\/EmondaSL6DiscPro_21_32562_A_Primary.webp\",\"contentUrl\":\"https:\\\/\\\/www.joebike.fr\\\/wp-content\\\/uploads\\\/2023\\\/08\\\/EmondaSL6DiscPro_21_32562_A_Primary.webp\",\"width\":1920,\"height\":1440},{\"@type\":\"BreadcrumbList\",\"@id\":\"https:\\\/\\\/www.joebike.fr\\\/produit\\\/trek-emonda-sl6-disc-pro\\\/#breadcrumb\",\"itemListElement\":[{\"@type\":\"ListItem\",\"position\":1,\"name\":\"Accueil\",\"item\":\"https:\\\/\\\/www.joebike.fr\\\/\"},{\"@type\":\"ListItem\",\"position\":2,\"name\":\"Shop\",\"item\":\"https:\\\/\\\/www.joebike.fr\\\/bike-shop\\\/\"},{\"@type\":\"ListItem\",\"position\":3,\"name\":\"Trek &#8211; Emonda SL6 Disc Pro (2023)\"}]},{\"@type\":\"WebSite\",\"@id\":\"https:\\\/\\\/www.joebike.fr\\\/#website\",\"url\":\"https:\\\/\\\/www.joebike.fr\\\/\",\"name\":\"Joe Bike\",\"description\":\"Location de v\u00e9lo dans les Landes, le Pays Basque et les Pyr\u00e9n\u00e9es\",\"publisher\":{\"@id\":\"https:\\\/\\\/www.joebike.fr\\\/#organization\"},\"potentialAction\":[{\"@type\":\"SearchAction\",\"target\":{\"@type\":\"EntryPoint\",\"urlTemplate\":\"https:\\\/\\\/www.joebike.fr\\\/?s={search_term_string}\"},\"query-input\":{\"@type\":\"PropertyValueSpecification\",\"valueRequired\":true,\"valueName\":\"search_term_string\"}}],\"inLanguage\":\"en-GB\"},{\"@type\":\"Organization\",\"@id\":\"https:\\\/\\\/www.joebike.fr\\\/#organization\",\"name\":\"Joe Bike, sp\u00e9cialiste en location v\u00e9lo\",\"url\":\"https:\\\/\\\/www.joebike.fr\\\/\",\"logo\":{\"@type\":\"ImageObject\",\"inLanguage\":\"en-GB\",\"@id\":\"https:\\\/\\\/www.joebike.fr\\\/#\\\/schema\\\/logo\\\/image\\\/\",\"url\":\"https:\\\/\\\/www.joebike.fr\\\/wp-content\\\/uploads\\\/2022\\\/04\\\/LOGO-JB-22_PNG.png\",\"contentUrl\":\"https:\\\/\\\/www.joebike.fr\\\/wp-content\\\/uploads\\\/2022\\\/04\\\/LOGO-JB-22_PNG.png\",\"width\":473,\"height\":473,\"caption\":\"Joe Bike, sp\u00e9cialiste en location v\u00e9lo\"},\"image\":{\"@id\":\"https:\\\/\\\/www.joebike.fr\\\/#\\\/schema\\\/logo\\\/image\\\/\"},\"sameAs\":[\"https:\\\/\\\/www.facebook.com\\\/joebikefrance\",\"https:\\\/\\\/www.instagram.com\\\/joebikefrance\"]}]}<\/script>\n<!-- \/ Yoast SEO Premium plugin. -->","yoast_head_json":{"title":"Buy used bike - Trek Emonda sl6 Disc Pro","robots":{"index":"index","follow":"follow","max-snippet":"max-snippet:-1","max-image-preview":"max-image-preview:large","max-video-preview":"max-video-preview:-1"},"canonical":"https:\/\/www.joebike.fr\/en\/product-2\/trek-emonda-sl6-disc-pro\/","og_locale":"en_GB","og_type":"article","og_title":"Trek - Emonda SL6 Disc Pro (2023)","og_description":"Garantie 6 mois pi\u00e8ces et main d\u2019\u0153uvre.Disponible d\u00e8s maintenant !\u00a0\u00a0Pour toute question ou r\u00e9servation, contactez-nous directement par t\u00e9l\u00e9phone au\u00a006 38 12 38 73.","og_url":"https:\/\/www.joebike.fr\/en\/product-2\/trek-emonda-sl6-disc-pro\/","og_site_name":"Joe Bike","article_publisher":"https:\/\/www.facebook.com\/joebikefrance","article_modified_time":"2025-12-30T10:01:23+00:00","og_image":[{"width":1920,"height":1440,"url":"https:\/\/www.joebike.fr\/wp-content\/uploads\/2023\/08\/EmondaSL6DiscPro_21_32562_A_Primary.webp","type":"image\/webp"}],"twitter_card":"summary_large_image","schema":{"@context":"https:\/\/schema.org","@graph":[{"@type":"WebPage","@id":"https:\/\/www.joebike.fr\/produit\/trek-emonda-sl6-disc-pro\/","url":"https:\/\/www.joebike.fr\/produit\/trek-emonda-sl6-disc-pro\/","name":"Buy used bike - Trek Emonda sl6 Disc Pro","isPartOf":{"@id":"https:\/\/www.joebike.fr\/#website"},"primaryImageOfPage":{"@id":"https:\/\/www.joebike.fr\/produit\/trek-emonda-sl6-disc-pro\/#primaryimage"},"image":{"@id":"https:\/\/www.joebike.fr\/produit\/trek-emonda-sl6-disc-pro\/#primaryimage"},"thumbnailUrl":"https:\/\/www.joebike.fr\/wp-content\/uploads\/2023\/08\/EmondaSL6DiscPro_21_32562_A_Primary.webp","datePublished":"2023-08-11T13:40:18+00:00","dateModified":"2025-12-30T10:01:23+00:00","breadcrumb":{"@id":"https:\/\/www.joebike.fr\/produit\/trek-emonda-sl6-disc-pro\/#breadcrumb"},"inLanguage":"en-GB","potentialAction":[{"@type":"ReadAction","target":["https:\/\/www.joebike.fr\/produit\/trek-emonda-sl6-disc-pro\/"]}]},{"@type":"ImageObject","inLanguage":"en-GB","@id":"https:\/\/www.joebike.fr\/produit\/trek-emonda-sl6-disc-pro\/#primaryimage","url":"https:\/\/www.joebike.fr\/wp-content\/uploads\/2023\/08\/EmondaSL6DiscPro_21_32562_A_Primary.webp","contentUrl":"https:\/\/www.joebike.fr\/wp-content\/uploads\/2023\/08\/EmondaSL6DiscPro_21_32562_A_Primary.webp","width":1920,"height":1440},{"@type":"BreadcrumbList","@id":"https:\/\/www.joebike.fr\/produit\/trek-emonda-sl6-disc-pro\/#breadcrumb","itemListElement":[{"@type":"ListItem","position":1,"name":"Accueil","item":"https:\/\/www.joebike.fr\/"},{"@type":"ListItem","position":2,"name":"Shop","item":"https:\/\/www.joebike.fr\/bike-shop\/"},{"@type":"ListItem","position":3,"name":"Trek &#8211; Emonda SL6 Disc Pro (2023)"}]},{"@type":"WebSite","@id":"https:\/\/www.joebike.fr\/#website","url":"https:\/\/www.joebike.fr\/","name":"Joe Bike","description":"Bike hire in the Landes, the Basque Country and the Pyrenees","publisher":{"@id":"https:\/\/www.joebike.fr\/#organization"},"potentialAction":[{"@type":"SearchAction","target":{"@type":"EntryPoint","urlTemplate":"https:\/\/www.joebike.fr\/?s={search_term_string}"},"query-input":{"@type":"PropertyValueSpecification","valueRequired":true,"valueName":"search_term_string"}}],"inLanguage":"en-GB"},{"@type":"Organization","@id":"https:\/\/www.joebike.fr\/#organization","name":"Joe Bike, specialist in bike hire","url":"https:\/\/www.joebike.fr\/","logo":{"@type":"ImageObject","inLanguage":"en-GB","@id":"https:\/\/www.joebike.fr\/#\/schema\/logo\/image\/","url":"https:\/\/www.joebike.fr\/wp-content\/uploads\/2022\/04\/LOGO-JB-22_PNG.png","contentUrl":"https:\/\/www.joebike.fr\/wp-content\/uploads\/2022\/04\/LOGO-JB-22_PNG.png","width":473,"height":473,"caption":"Joe Bike, sp\u00e9cialiste en location v\u00e9lo"},"image":{"@id":"https:\/\/www.joebike.fr\/#\/schema\/logo\/image\/"},"sameAs":["https:\/\/www.facebook.com\/joebikefrance","https:\/\/www.instagram.com\/joebikefrance"]}]}},"_links":{"self":[{"href":"https:\/\/www.joebike.fr\/en\/wp-json\/wp\/v2\/product\/5493","targetHints":{"allow":["GET"]}}],"collection":[{"href":"https:\/\/www.joebike.fr\/en\/wp-json\/wp\/v2\/product"}],"about":[{"href":"https:\/\/www.joebike.fr\/en\/wp-json\/wp\/v2\/types\/product"}],"version-history":[{"count":0,"href":"https:\/\/www.joebike.fr\/en\/wp-json\/wp\/v2\/product\/5493\/revisions"}],"wp:featuredmedia":[{"embeddable":true,"href":"https:\/\/www.joebike.fr\/en\/wp-json\/wp\/v2\/media\/6193"}],"wp:attachment":[{"href":"https:\/\/www.joebike.fr\/en\/wp-json\/wp\/v2\/media?parent=5493"}],"wp:term":[{"taxonomy":"product_brand","embeddable":true,"href":"https:\/\/www.joebike.fr\/en\/wp-json\/wp\/v2\/product_brand?post=5493"},{"taxonomy":"product_cat","embeddable":true,"href":"https:\/\/www.joebike.fr\/en\/wp-json\/wp\/v2\/product_cat?post=5493"},{"taxonomy":"product_tag","embeddable":true,"href":"https:\/\/www.joebike.fr\/en\/wp-json\/wp\/v2\/product_tag?post=5493"}],"curies":[{"name":"wp","href":"https:\/\/api.w.org\/{rel}","templated":true}]}}