{"id":5500,"date":"2023-08-11T15:48:36","date_gmt":"2023-08-11T13:48:36","guid":{"rendered":"https:\/\/www.joebike.fr\/?post_type=product&#038;p=5500"},"modified":"2026-04-27T09:29:05","modified_gmt":"2026-04-27T07:29:05","slug":"trek-emonda-alr5","status":"publish","type":"product","link":"https:\/\/www.joebike.fr\/en\/product-2\/trek-emonda-alr5\/","title":{"rendered":"Trek &#8211; Emonda ALR5 (2023)"},"content":{"rendered":"<table class=\"specs mce-item-table\" style=\"width: 100%;border-collapse: collapse;font-family: system-ui, -apple-system, Segoe UI, Roboto, Arial, sans-serif;font-size: 16px\" data-mce-style=\"width: 100%; border-collapse: collapse; font-family: system-ui, -apple-system, Segoe UI, Roboto, Arial, sans-serif; font-size: 16px;\">\n<thead>\n<tr>\n<th style=\"text-align: left;padding: 12px;border-bottom: 2px solid #ddd\" data-mce-style=\"text-align: left; padding: 12px; border-bottom: 2px solid #ddd;\">\u00c9l\u00e9ment<\/th>\n<th style=\"text-align: left;padding: 12px;border-bottom: 2px solid #ddd\" data-mce-style=\"text-align: left; padding: 12px; border-bottom: 2px solid #ddd;\">Sp\u00e9cification<\/th>\n<\/tr>\n<\/thead>\n<tbody>\n<tr>\n<td style=\"padding: 10px;border-bottom: 1px solid #eee\" data-mce-style=\"padding: 10px; border-bottom: 1px solid #eee;\">FRAME<\/td>\n<td style=\"padding: 10px;border-bottom: 1px solid #eee\" data-mce-style=\"padding: 10px; border-bottom: 1px solid #eee;\">Alpha aluminium S\u00e9rie 300 ultra-l\u00e9ger, technologie Invisible Weld<\/td>\n<\/tr>\n<tr>\n<td style=\"padding: 10px;border-bottom: 1px solid #eee\" data-mce-style=\"padding: 10px; border-bottom: 1px solid #eee;\">FORK<\/td>\n<td style=\"padding: 10px;border-bottom: 1px solid #eee\" data-mce-style=\"padding: 10px; border-bottom: 1px solid #eee;\">\u00c9monda ALR tout en carbone, pivot conique carbone, acheminement interne des c\u00e2bles de frein, freins \u00e0 disque \u00e0 fixation Flat-Mount, axes traversants de 12\u00d7100\u00a0mm<\/td>\n<\/tr>\n<tr>\n<td style=\"padding: 10px;border-bottom: 1px solid #eee\" data-mce-style=\"padding: 10px; border-bottom: 1px solid #eee;\">D.ARRI\u00c8RE<\/td>\n<td style=\"padding: 10px;border-bottom: 1px solid #eee\" data-mce-style=\"padding: 10px; border-bottom: 1px solid #eee;\">Shimano 105 R7000, chape courte, pignon 30 dts max<\/td>\n<\/tr>\n<tr>\n<td style=\"padding: 10px;border-bottom: 1px solid #eee\" data-mce-style=\"padding: 10px; border-bottom: 1px solid #eee;\">D.ARRI\u00c8RE<\/td>\n<td style=\"padding: 10px;border-bottom: 1px solid #eee\" data-mce-style=\"padding: 10px; border-bottom: 1px solid #eee;\">Shimano 105 R7000<\/td>\n<\/tr>\n<tr>\n<td style=\"padding: 10px;border-bottom: 1px solid #eee\" data-mce-style=\"padding: 10px; border-bottom: 1px solid #eee;\">MANETTE DROITE<\/td>\n<td style=\"padding: 10px;border-bottom: 1px solid #eee\" data-mce-style=\"padding: 10px; border-bottom: 1px solid #eee;\">Shimano 105 R7020, 11 vitesses<\/td>\n<\/tr>\n<tr>\n<td style=\"padding: 10px;border-bottom: 1px solid #eee\" data-mce-style=\"padding: 10px; border-bottom: 1px solid #eee;\">MANETTE GAUCHE<\/td>\n<td style=\"padding: 10px;border-bottom: 1px solid #eee\" data-mce-style=\"padding: 10px; border-bottom: 1px solid #eee;\">Shimano 105 R7020, 11 vitesses<\/td>\n<\/tr>\n<tr>\n<td style=\"padding: 10px;border-bottom: 1px solid #eee\" data-mce-style=\"padding: 10px; border-bottom: 1px solid #eee;\">CASSETTE<\/td>\n<td style=\"padding: 10px;border-bottom: 1px solid #eee\" data-mce-style=\"padding: 10px; border-bottom: 1px solid #eee;\">Shimano 105 R7000<\/td>\n<\/tr>\n<tr>\n<td style=\"padding: 10px;border-bottom: 1px solid #eee\" data-mce-style=\"padding: 10px; border-bottom: 1px solid #eee;\">CHAIN<\/td>\n<td style=\"padding: 10px;border-bottom: 1px solid #eee\" data-mce-style=\"padding: 10px; border-bottom: 1px solid #eee;\">Shimano 105 HG601<\/td>\n<\/tr>\n<tr>\n<td style=\"padding: 10px;border-bottom: 1px solid #eee\" data-mce-style=\"padding: 10px; border-bottom: 1px solid #eee;\">BRAKES<\/td>\n<td style=\"padding: 10px;border-bottom: 1px solid #eee\" data-mce-style=\"padding: 10px; border-bottom: 1px solid #eee;\">Shimano SM-RT70<\/td>\n<\/tr>\n<\/tbody>\n<\/table>","protected":false},"excerpt":{"rendered":"<p class=\"MsoNormal\" style=\"margin: 0cm 0cm 8pt;line-height: 18.4px;font-size: medium;font-family: Aptos, sans-serif\" data-mce-style=\"margin: 0cm 0cm 8pt; line-height: 18.4px; font-size: medium; font-family: Aptos, sans-serif;\"><span style=\"font-family: Georgia, serif;background-image: none;background-position: 0% 0%;background-size: auto;background-repeat: repeat;background-attachment: scroll\" data-mce-style=\"font-family: Georgia, serif; background-image: none; background-position: 0% 0%; background-size: auto; background-repeat: repeat; background-attachment: scroll;\">Garantie 6 mois pi\u00e8ces et main d\u2019\u0153uvre.<\/span><b><\/b><\/p>\n<p class=\"MsoNormal\" style=\"margin: 0cm 0cm 8pt;line-height: 18.4px;font-size: medium;font-family: Aptos, sans-serif\" data-mce-style=\"margin: 0cm 0cm 8pt; line-height: 18.4px; font-size: medium; font-family: Aptos, sans-serif;\"><b>Disponible d\u00e8s maintenant !<\/b><span class=\"apple-converted-space\"><span style=\"font-size: 13.5pt;line-height: 20.700001px;font-family: -webkit-standard, serif\" data-mce-style=\"font-size: 13.5pt; line-height: 20.700001px; font-family: -webkit-standard, serif;\">\u00a0<\/span><span style=\"font-size: 13.5pt;line-height: 20.700001px;font-family: -webkit-standard, serif\" data-mce-style=\"font-size: 13.5pt; line-height: 20.700001px; font-family: -webkit-standard, serif;\">\u00a0Pour toute question ou r\u00e9servation, contactez-nous directement par t\u00e9l\u00e9phone au<span class=\"apple-converted-space\">\u00a0<\/span><\/span><\/span><b data-path-to-node=\"2,1\" data-index-in-node=\"114\">06 38 12 38 73<\/b><span style=\"font-size: 13.5pt;line-height: 20.700001px;font-family: -webkit-standard, serif\" data-mce-style=\"font-size: 13.5pt; line-height: 20.700001px; font-family: -webkit-standard, serif;\">.<\/span><\/p>","protected":false},"featured_media":10638,"template":"","meta":{"_acf_changed":false},"product_brand":[229],"product_cat":[134,142,136],"product_tag":[],"class_list":{"0":"post-5500","1":"product","2":"type-product","3":"status-publish","4":"has-post-thumbnail","6":"product_brand-trek","7":"product_cat-velos-occasion","8":"product_cat-velo-de-route","9":"product_cat-velos-musculaires-velos-occasion","11":"first","12":"instock","13":"sale","14":"taxable","15":"shipping-taxable","16":"purchasable","17":"product-type-variable"},"acf":[],"yoast_head":"<!-- This site is optimized with the Yoast SEO Premium plugin v26.6 (Yoast SEO v27.5) - https:\/\/yoast.com\/product\/yoast-seo-premium-wordpress\/ -->\n<title>Achat v\u00e9lo d&#039;occasion - Trek Emonda ALR5<\/title>\n<meta name=\"robots\" content=\"index, follow, max-snippet:-1, max-image-preview:large, max-video-preview:-1\" \/>\n<link rel=\"canonical\" href=\"https:\/\/www.joebike.fr\/en\/product-2\/trek-emonda-alr5\/\" \/>\n<meta property=\"og:locale\" content=\"en_GB\" \/>\n<meta property=\"og:type\" content=\"article\" \/>\n<meta property=\"og:title\" content=\"Trek - Emonda ALR5 (2023)\" \/>\n<meta property=\"og:description\" content=\"Garantie 6 mois pi\u00e8ces et main d\u2019\u0153uvre.Disponible d\u00e8s maintenant !\u00a0\u00a0Pour toute question ou r\u00e9servation, contactez-nous directement par t\u00e9l\u00e9phone au\u00a006 38 12 38 73.\" \/>\n<meta property=\"og:url\" content=\"https:\/\/www.joebike.fr\/en\/product-2\/trek-emonda-alr5\/\" \/>\n<meta property=\"og:site_name\" content=\"Joe Bike\" \/>\n<meta property=\"article:publisher\" content=\"https:\/\/www.facebook.com\/joebikefrance\" \/>\n<meta property=\"article:modified_time\" content=\"2026-04-27T07:29:05+00:00\" \/>\n<meta property=\"og:image\" content=\"https:\/\/www.joebike.fr\/wp-content\/uploads\/2023\/08\/TREK-EMONDA-ALR5.png\" \/>\n\t<meta property=\"og:image:width\" content=\"400\" \/>\n\t<meta property=\"og:image:height\" content=\"300\" \/>\n\t<meta property=\"og:image:type\" content=\"image\/png\" \/>\n<meta name=\"twitter:card\" content=\"summary_large_image\" \/>\n<script type=\"application\/ld+json\" class=\"yoast-schema-graph\">{\"@context\":\"https:\\\/\\\/schema.org\",\"@graph\":[{\"@type\":\"WebPage\",\"@id\":\"https:\\\/\\\/www.joebike.fr\\\/produit\\\/trek-emonda-alr5\\\/\",\"url\":\"https:\\\/\\\/www.joebike.fr\\\/produit\\\/trek-emonda-alr5\\\/\",\"name\":\"Achat v\u00e9lo d'occasion - Trek Emonda ALR5\",\"isPartOf\":{\"@id\":\"https:\\\/\\\/www.joebike.fr\\\/#website\"},\"primaryImageOfPage\":{\"@id\":\"https:\\\/\\\/www.joebike.fr\\\/produit\\\/trek-emonda-alr5\\\/#primaryimage\"},\"image\":{\"@id\":\"https:\\\/\\\/www.joebike.fr\\\/produit\\\/trek-emonda-alr5\\\/#primaryimage\"},\"thumbnailUrl\":\"https:\\\/\\\/www.joebike.fr\\\/wp-content\\\/uploads\\\/2023\\\/08\\\/TREK-EMONDA-ALR5.png\",\"datePublished\":\"2023-08-11T13:48:36+00:00\",\"dateModified\":\"2026-04-27T07:29:05+00:00\",\"breadcrumb\":{\"@id\":\"https:\\\/\\\/www.joebike.fr\\\/produit\\\/trek-emonda-alr5\\\/#breadcrumb\"},\"inLanguage\":\"en-GB\",\"potentialAction\":[{\"@type\":\"ReadAction\",\"target\":[\"https:\\\/\\\/www.joebike.fr\\\/produit\\\/trek-emonda-alr5\\\/\"]}]},{\"@type\":\"ImageObject\",\"inLanguage\":\"en-GB\",\"@id\":\"https:\\\/\\\/www.joebike.fr\\\/produit\\\/trek-emonda-alr5\\\/#primaryimage\",\"url\":\"https:\\\/\\\/www.joebike.fr\\\/wp-content\\\/uploads\\\/2023\\\/08\\\/TREK-EMONDA-ALR5.png\",\"contentUrl\":\"https:\\\/\\\/www.joebike.fr\\\/wp-content\\\/uploads\\\/2023\\\/08\\\/TREK-EMONDA-ALR5.png\",\"width\":400,\"height\":300},{\"@type\":\"BreadcrumbList\",\"@id\":\"https:\\\/\\\/www.joebike.fr\\\/produit\\\/trek-emonda-alr5\\\/#breadcrumb\",\"itemListElement\":[{\"@type\":\"ListItem\",\"position\":1,\"name\":\"Accueil\",\"item\":\"https:\\\/\\\/www.joebike.fr\\\/\"},{\"@type\":\"ListItem\",\"position\":2,\"name\":\"Shop\",\"item\":\"https:\\\/\\\/www.joebike.fr\\\/bike-shop\\\/\"},{\"@type\":\"ListItem\",\"position\":3,\"name\":\"Trek &#8211; Emonda ALR5 (2023)\"}]},{\"@type\":\"WebSite\",\"@id\":\"https:\\\/\\\/www.joebike.fr\\\/#website\",\"url\":\"https:\\\/\\\/www.joebike.fr\\\/\",\"name\":\"Joe Bike\",\"description\":\"Location de v\u00e9lo dans les Landes, le Pays Basque et les Pyr\u00e9n\u00e9es\",\"publisher\":{\"@id\":\"https:\\\/\\\/www.joebike.fr\\\/#organization\"},\"potentialAction\":[{\"@type\":\"SearchAction\",\"target\":{\"@type\":\"EntryPoint\",\"urlTemplate\":\"https:\\\/\\\/www.joebike.fr\\\/?s={search_term_string}\"},\"query-input\":{\"@type\":\"PropertyValueSpecification\",\"valueRequired\":true,\"valueName\":\"search_term_string\"}}],\"inLanguage\":\"en-GB\"},{\"@type\":\"Organization\",\"@id\":\"https:\\\/\\\/www.joebike.fr\\\/#organization\",\"name\":\"Joe Bike, sp\u00e9cialiste en location v\u00e9lo\",\"url\":\"https:\\\/\\\/www.joebike.fr\\\/\",\"logo\":{\"@type\":\"ImageObject\",\"inLanguage\":\"en-GB\",\"@id\":\"https:\\\/\\\/www.joebike.fr\\\/#\\\/schema\\\/logo\\\/image\\\/\",\"url\":\"https:\\\/\\\/www.joebike.fr\\\/wp-content\\\/uploads\\\/2022\\\/04\\\/LOGO-JB-22_PNG.png\",\"contentUrl\":\"https:\\\/\\\/www.joebike.fr\\\/wp-content\\\/uploads\\\/2022\\\/04\\\/LOGO-JB-22_PNG.png\",\"width\":473,\"height\":473,\"caption\":\"Joe Bike, sp\u00e9cialiste en location v\u00e9lo\"},\"image\":{\"@id\":\"https:\\\/\\\/www.joebike.fr\\\/#\\\/schema\\\/logo\\\/image\\\/\"},\"sameAs\":[\"https:\\\/\\\/www.facebook.com\\\/joebikefrance\",\"https:\\\/\\\/www.instagram.com\\\/joebikefrance\"]}]}<\/script>\n<!-- \/ Yoast SEO Premium plugin. -->","yoast_head_json":{"title":"Buy used bike - Trek Emonda ALR5","robots":{"index":"index","follow":"follow","max-snippet":"max-snippet:-1","max-image-preview":"max-image-preview:large","max-video-preview":"max-video-preview:-1"},"canonical":"https:\/\/www.joebike.fr\/en\/product-2\/trek-emonda-alr5\/","og_locale":"en_GB","og_type":"article","og_title":"Trek - Emonda ALR5 (2023)","og_description":"Garantie 6 mois pi\u00e8ces et main d\u2019\u0153uvre.Disponible d\u00e8s maintenant !\u00a0\u00a0Pour toute question ou r\u00e9servation, contactez-nous directement par t\u00e9l\u00e9phone au\u00a006 38 12 38 73.","og_url":"https:\/\/www.joebike.fr\/en\/product-2\/trek-emonda-alr5\/","og_site_name":"Joe Bike","article_publisher":"https:\/\/www.facebook.com\/joebikefrance","article_modified_time":"2026-04-27T07:29:05+00:00","og_image":[{"width":400,"height":300,"url":"https:\/\/www.joebike.fr\/wp-content\/uploads\/2023\/08\/TREK-EMONDA-ALR5.png","type":"image\/png"}],"twitter_card":"summary_large_image","schema":{"@context":"https:\/\/schema.org","@graph":[{"@type":"WebPage","@id":"https:\/\/www.joebike.fr\/produit\/trek-emonda-alr5\/","url":"https:\/\/www.joebike.fr\/produit\/trek-emonda-alr5\/","name":"Buy used bike - Trek Emonda ALR5","isPartOf":{"@id":"https:\/\/www.joebike.fr\/#website"},"primaryImageOfPage":{"@id":"https:\/\/www.joebike.fr\/produit\/trek-emonda-alr5\/#primaryimage"},"image":{"@id":"https:\/\/www.joebike.fr\/produit\/trek-emonda-alr5\/#primaryimage"},"thumbnailUrl":"https:\/\/www.joebike.fr\/wp-content\/uploads\/2023\/08\/TREK-EMONDA-ALR5.png","datePublished":"2023-08-11T13:48:36+00:00","dateModified":"2026-04-27T07:29:05+00:00","breadcrumb":{"@id":"https:\/\/www.joebike.fr\/produit\/trek-emonda-alr5\/#breadcrumb"},"inLanguage":"en-GB","potentialAction":[{"@type":"ReadAction","target":["https:\/\/www.joebike.fr\/produit\/trek-emonda-alr5\/"]}]},{"@type":"ImageObject","inLanguage":"en-GB","@id":"https:\/\/www.joebike.fr\/produit\/trek-emonda-alr5\/#primaryimage","url":"https:\/\/www.joebike.fr\/wp-content\/uploads\/2023\/08\/TREK-EMONDA-ALR5.png","contentUrl":"https:\/\/www.joebike.fr\/wp-content\/uploads\/2023\/08\/TREK-EMONDA-ALR5.png","width":400,"height":300},{"@type":"BreadcrumbList","@id":"https:\/\/www.joebike.fr\/produit\/trek-emonda-alr5\/#breadcrumb","itemListElement":[{"@type":"ListItem","position":1,"name":"Accueil","item":"https:\/\/www.joebike.fr\/"},{"@type":"ListItem","position":2,"name":"Shop","item":"https:\/\/www.joebike.fr\/bike-shop\/"},{"@type":"ListItem","position":3,"name":"Trek &#8211; Emonda ALR5 (2023)"}]},{"@type":"WebSite","@id":"https:\/\/www.joebike.fr\/#website","url":"https:\/\/www.joebike.fr\/","name":"Joe Bike","description":"Bike hire in the Landes, the Basque Country and the Pyrenees","publisher":{"@id":"https:\/\/www.joebike.fr\/#organization"},"potentialAction":[{"@type":"SearchAction","target":{"@type":"EntryPoint","urlTemplate":"https:\/\/www.joebike.fr\/?s={search_term_string}"},"query-input":{"@type":"PropertyValueSpecification","valueRequired":true,"valueName":"search_term_string"}}],"inLanguage":"en-GB"},{"@type":"Organization","@id":"https:\/\/www.joebike.fr\/#organization","name":"Joe Bike, specialist in bike hire","url":"https:\/\/www.joebike.fr\/","logo":{"@type":"ImageObject","inLanguage":"en-GB","@id":"https:\/\/www.joebike.fr\/#\/schema\/logo\/image\/","url":"https:\/\/www.joebike.fr\/wp-content\/uploads\/2022\/04\/LOGO-JB-22_PNG.png","contentUrl":"https:\/\/www.joebike.fr\/wp-content\/uploads\/2022\/04\/LOGO-JB-22_PNG.png","width":473,"height":473,"caption":"Joe Bike, sp\u00e9cialiste en location v\u00e9lo"},"image":{"@id":"https:\/\/www.joebike.fr\/#\/schema\/logo\/image\/"},"sameAs":["https:\/\/www.facebook.com\/joebikefrance","https:\/\/www.instagram.com\/joebikefrance"]}]}},"_links":{"self":[{"href":"https:\/\/www.joebike.fr\/en\/wp-json\/wp\/v2\/product\/5500","targetHints":{"allow":["GET"]}}],"collection":[{"href":"https:\/\/www.joebike.fr\/en\/wp-json\/wp\/v2\/product"}],"about":[{"href":"https:\/\/www.joebike.fr\/en\/wp-json\/wp\/v2\/types\/product"}],"version-history":[{"count":1,"href":"https:\/\/www.joebike.fr\/en\/wp-json\/wp\/v2\/product\/5500\/revisions"}],"predecessor-version":[{"id":15242,"href":"https:\/\/www.joebike.fr\/en\/wp-json\/wp\/v2\/product\/5500\/revisions\/15242"}],"wp:featuredmedia":[{"embeddable":true,"href":"https:\/\/www.joebike.fr\/en\/wp-json\/wp\/v2\/media\/10638"}],"wp:attachment":[{"href":"https:\/\/www.joebike.fr\/en\/wp-json\/wp\/v2\/media?parent=5500"}],"wp:term":[{"taxonomy":"product_brand","embeddable":true,"href":"https:\/\/www.joebike.fr\/en\/wp-json\/wp\/v2\/product_brand?post=5500"},{"taxonomy":"product_cat","embeddable":true,"href":"https:\/\/www.joebike.fr\/en\/wp-json\/wp\/v2\/product_cat?post=5500"},{"taxonomy":"product_tag","embeddable":true,"href":"https:\/\/www.joebike.fr\/en\/wp-json\/wp\/v2\/product_tag?post=5500"}],"curies":[{"name":"wp","href":"https:\/\/api.w.org\/{rel}","templated":true}]}}