{"id":9998,"date":"2024-06-24T15:38:07","date_gmt":"2024-06-24T13:38:07","guid":{"rendered":"https:\/\/www.joebike.fr\/?page_id=9998"},"modified":"2025-07-08T11:41:43","modified_gmt":"2025-07-08T09:41:43","slug":"alquiler-de-bicicletas-electricas","status":"publish","type":"page","link":"https:\/\/www.joebike.fr\/es\/paramos-2\/alquiler-de-bicicletas-electricas\/","title":{"rendered":"Alquiler de bicicletas el\u00e9ctricas"},"content":{"rendered":"<div data-elementor-type=\"wp-page\" data-elementor-id=\"9998\" class=\"elementor elementor-9998\" data-elementor-post-type=\"page\">\n\t\t\t\t<div class=\"elementor-element elementor-element-71e6280b e-flex e-con-boxed e-con e-parent\" data-id=\"71e6280b\" data-element_type=\"container\" data-e-type=\"container\" id=\"jb-page-header\" data-settings=\"{&quot;background_background&quot;:&quot;classic&quot;}\">\n\t\t\t\t\t<div class=\"e-con-inner\">\n\t\t\t\t<div class=\"elementor-element elementor-element-2c18a965 elementor-widget elementor-widget-heading\" data-id=\"2c18a965\" data-element_type=\"widget\" data-e-type=\"widget\" id=\"header-title\" data-widget_type=\"heading.default\">\n\t\t\t\t<div class=\"elementor-widget-container\">\n\t\t\t\t\t<h1 class=\"elementor-heading-title elementor-size-default\"><small>Visitar las Landas <\/small> <br>en bicicleta el\u00e9ctrica<\/h1>\t\t\t\t<\/div>\n\t\t\t\t<\/div>\n\t\t\t\t<div class=\"elementor-element elementor-element-55f42dc9 elementor-widget__width-initial elementor-widget-mobile__width-inherit elementor-widget elementor-widget-text-editor\" data-id=\"55f42dc9\" data-element_type=\"widget\" data-e-type=\"widget\" id=\"header-description\" data-widget_type=\"text-editor.default\">\n\t\t\t\t<div class=\"elementor-widget-container\">\n\t\t\t\t\t\t\t\t\t<p>Las Landas, con sus extensas playas, son un destino predilecto para los amantes de la naturaleza y las actividades al aire libre. Entre las muchas formas de descubrir esta magn\u00edfica regi\u00f3n, las <strong>bicicleta el\u00e9ctrica<\/strong>\u00a0es un medio de transporte pr\u00e1ctico y respetuoso con el medio ambiente. Ya sea para residentes o visitantes, el uso de un\u00a0<strong>bicicleta el\u00e9ctrica<\/strong> ofrece numerosas ventajas.\u00a0<\/p>\t\t\t\t\t\t\t\t<\/div>\n\t\t\t\t<\/div>\n\t\t\t\t<div class=\"elementor-element elementor-element-c0b8582 elementor-widget elementor-widget-button\" data-id=\"c0b8582\" data-element_type=\"widget\" data-e-type=\"widget\" data-widget_type=\"button.default\">\n\t\t\t\t<div class=\"elementor-widget-container\">\n\t\t\t\t\t\t\t\t\t<div class=\"elementor-button-wrapper\">\n\t\t\t\t\t<a class=\"elementor-button elementor-button-link elementor-size-sm\" href=\"https:\/\/location-velo.veloresa1.com\/joebikepaysbasque\/\" target=\"_blank\" rel=\"nofollow\">\n\t\t\t\t\t\t<span class=\"elementor-button-content-wrapper\">\n\t\t\t\t\t\t\t\t\t<span class=\"elementor-button-text\">Reserve su bicicleta el\u00e9ctrica en las Landas<\/span>\n\t\t\t\t\t<\/span>\n\t\t\t\t\t<\/a>\n\t\t\t\t<\/div>\n\t\t\t\t\t\t\t\t<\/div>\n\t\t\t\t<\/div>\n\t\t\t\t\t<\/div>\n\t\t\t\t<\/div>\n\t\t<div class=\"elementor-element elementor-element-69d2517 e-flex e-con-boxed e-con e-parent\" data-id=\"69d2517\" data-element_type=\"container\" data-e-type=\"container\" data-settings=\"{&quot;background_background&quot;:&quot;classic&quot;}\">\n\t\t\t\t\t<div class=\"e-con-inner\">\n\t\t<div class=\"elementor-element elementor-element-c0f36b4 e-con-full e-flex e-con e-child\" data-id=\"c0f36b4\" data-element_type=\"container\" data-e-type=\"container\">\n\t\t\t\t<div class=\"elementor-element elementor-element-f574a9c elementor-testimonial--skin-default elementor-testimonial--layout-image_inline elementor-testimonial--align-center elementor-arrows-yes elementor-widget elementor-widget-testimonial-carousel\" data-id=\"f574a9c\" data-element_type=\"widget\" data-e-type=\"widget\" data-settings=\"{&quot;slides_per_view&quot;:&quot;1&quot;,&quot;lazyload&quot;:&quot;yes&quot;,&quot;space_between&quot;:{&quot;unit&quot;:&quot;px&quot;,&quot;size&quot;:15,&quot;sizes&quot;:[]},&quot;slides_per_view_tablet&quot;:&quot;1&quot;,&quot;show_arrows&quot;:&quot;yes&quot;,&quot;speed&quot;:500,&quot;autoplay&quot;:&quot;yes&quot;,&quot;autoplay_speed&quot;:5000,&quot;loop&quot;:&quot;yes&quot;,&quot;pause_on_hover&quot;:&quot;yes&quot;,&quot;pause_on_interaction&quot;:&quot;yes&quot;,&quot;space_between_tablet&quot;:{&quot;unit&quot;:&quot;px&quot;,&quot;size&quot;:10,&quot;sizes&quot;:[]},&quot;space_between_mobile&quot;:{&quot;unit&quot;:&quot;px&quot;,&quot;size&quot;:10,&quot;sizes&quot;:[]}}\" data-widget_type=\"testimonial-carousel.default\">\n\t\t\t\t<div class=\"elementor-widget-container\">\n\t\t\t\t\t\t\t\t\t<div class=\"elementor-swiper\">\n\t\t\t\t\t<div class=\"elementor-main-swiper swiper\" role=\"region\" aria-roledescription=\"carousel\" aria-label=\"Diapositivas\">\n\t\t\t\t<div class=\"swiper-wrapper\">\n\t\t\t\t\t\t\t\t\t\t\t<div class=\"swiper-slide\" role=\"group\" aria-roledescription=\"slide\">\n\t\t\t\t\t\t\t\t\t<div class=\"elementor-testimonial\">\n\t\t\t\t\t\t\t<div class=\"elementor-testimonial__content\">\n\t\t\t\t\t<div class=\"elementor-testimonial__text\">\n\t\t\t\t\t\t\t\t<div data-elementor-type=\"section\" data-elementor-id=\"6601\" class=\"elementor elementor-6601\" data-elementor-post-type=\"elementor_library\">\n\t\t\t<div class=\"elementor-element elementor-element-1ad40df e-flex e-con-boxed e-con e-parent\" data-id=\"1ad40df\" data-element_type=\"container\" data-e-type=\"container\">\n\t\t\t\t\t<div class=\"e-con-inner\">\n\t\t\t\t<div class=\"elementor-element elementor-element-52bc57f elementor-widget elementor-widget-image\" data-id=\"52bc57f\" data-element_type=\"widget\" data-e-type=\"widget\" data-widget_type=\"image.default\">\n\t\t\t\t<div class=\"elementor-widget-container\">\n\t\t\t\t\t\t\t\t\t\t\t\t\t\t\t\t<a href=\"https:\/\/www.joebike.fr\/es\/location-de-velos\/bicicletas-de-carga-y-longtail\/\">\n\t\t\t\t\t\t\t<img fetchpriority=\"high\" decoding=\"async\" width=\"600\" height=\"500\" src=\"https:\/\/www.joebike.fr\/wp-content\/uploads\/2024\/03\/velo-cargo-electrique.png\" class=\"attachment-full size-full wp-image-6604\" alt=\"\" srcset=\"https:\/\/www.joebike.fr\/wp-content\/uploads\/2024\/03\/velo-cargo-electrique.png 600w, https:\/\/www.joebike.fr\/wp-content\/uploads\/2024\/03\/velo-cargo-electrique-300x250.png 300w, https:\/\/www.joebike.fr\/wp-content\/uploads\/2024\/03\/velo-cargo-electrique-14x12.png 14w\" sizes=\"(max-width: 600px) 100vw, 600px\" \/>\t\t\t\t\t\t\t\t<\/a>\n\t\t\t\t\t\t\t\t\t\t\t\t\t\t\t<\/div>\n\t\t\t\t<\/div>\n\t\t\t\t<div class=\"elementor-element elementor-element-3a129c2 elementor-widget elementor-widget-heading\" data-id=\"3a129c2\" data-element_type=\"widget\" data-e-type=\"widget\" data-widget_type=\"heading.default\">\n\t\t\t\t<div class=\"elementor-widget-container\">\n\t\t\t\t\t<h2 class=\"elementor-heading-title elementor-size-medium\"><a href=\"https:\/\/www.joebike.fr\/es\/location-de-velos\/bicicletas-de-carga-y-longtail\/\">CARGA Y LONGTAIL EL\u00c9CTRICO<\/a><\/h2>\t\t\t\t<\/div>\n\t\t\t\t<\/div>\n\t\t\t\t<div class=\"elementor-element elementor-element-ead15aa elementor-widget elementor-widget-text-editor\" data-id=\"ead15aa\" data-element_type=\"widget\" data-e-type=\"widget\" data-widget_type=\"text-editor.default\">\n\t\t\t\t<div class=\"elementor-widget-container\">\n\t\t\t\t\t\t\t\t\tDisponemos de una gama de bicicletas el\u00e9ctricas de carga para transportar a varios ni\u00f1os, la compra o cualquier otra carga.\t\t\t\t\t\t\t\t<\/div>\n\t\t\t\t<\/div>\n\t\t\t\t<div class=\"elementor-element elementor-element-eb38218 elementor-widget elementor-widget-button\" data-id=\"eb38218\" data-element_type=\"widget\" data-e-type=\"widget\" data-widget_type=\"button.default\">\n\t\t\t\t<div class=\"elementor-widget-container\">\n\t\t\t\t\t\t\t\t\t<div class=\"elementor-button-wrapper\">\n\t\t\t\t\t<a class=\"elementor-button elementor-button-link elementor-size-xs\" href=\"https:\/\/www.joebike.fr\/es\/location-de-velos\/bicicletas-de-carga-y-longtail\/\">\n\t\t\t\t\t\t<span class=\"elementor-button-content-wrapper\">\n\t\t\t\t\t\t\t\t\t<span class=\"elementor-button-text\">M\u00e1s informaci\u00f3n<\/span>\n\t\t\t\t\t<\/span>\n\t\t\t\t\t<\/a>\n\t\t\t\t<\/div>\n\t\t\t\t\t\t\t\t<\/div>\n\t\t\t\t<\/div>\n\t\t\t\t\t<\/div>\n\t\t\t\t<\/div>\n\t\t\t\t<\/div>\n\t\t\t\t\t\t\t<\/div>\n\t\t\t\t\t\t\t\t\t<\/div>\n\t\t\t\t\t\t<div class=\"elementor-testimonial__footer\">\n\t\t\t\t\t\t\t\t\t\t\t<\/div>\n\t\t<\/div>\n\t\t\t\t\t\t\t\t<\/div>\n\t\t\t\t\t\t\t\t\t\t\t<div class=\"swiper-slide\" role=\"group\" aria-roledescription=\"slide\">\n\t\t\t\t\t\t\t\t\t<div class=\"elementor-testimonial\">\n\t\t\t\t\t\t\t<div class=\"elementor-testimonial__content\">\n\t\t\t\t\t<div class=\"elementor-testimonial__text\">\n\t\t\t\t\t\t\t\t<div data-elementor-type=\"section\" data-elementor-id=\"6553\" class=\"elementor elementor-6553\" data-elementor-post-type=\"elementor_library\">\n\t\t\t<div class=\"elementor-element elementor-element-1ad40df e-flex e-con-boxed e-con e-parent\" data-id=\"1ad40df\" data-element_type=\"container\" data-e-type=\"container\">\n\t\t\t\t\t<div class=\"e-con-inner\">\n\t\t\t\t<div class=\"elementor-element elementor-element-52bc57f elementor-widget elementor-widget-image\" data-id=\"52bc57f\" data-element_type=\"widget\" data-e-type=\"widget\" data-widget_type=\"image.default\">\n\t\t\t\t<div class=\"elementor-widget-container\">\n\t\t\t\t\t\t\t\t\t\t\t\t\t\t\t\t<a href=\"https:\/\/www.joebike.fr\/es\/location-de-velos\/e-rendimiento-2\/\">\n\t\t\t\t\t\t\t<img decoding=\"async\" width=\"600\" height=\"500\" src=\"https:\/\/www.joebike.fr\/wp-content\/uploads\/2024\/03\/Velo-electrique-premium.png\" class=\"attachment-full size-full wp-image-6556\" alt=\"\" srcset=\"https:\/\/www.joebike.fr\/wp-content\/uploads\/2024\/03\/Velo-electrique-premium.png 600w, https:\/\/www.joebike.fr\/wp-content\/uploads\/2024\/03\/Velo-electrique-premium-300x250.png 300w, https:\/\/www.joebike.fr\/wp-content\/uploads\/2024\/03\/Velo-electrique-premium-14x12.png 14w\" sizes=\"(max-width: 600px) 100vw, 600px\" \/>\t\t\t\t\t\t\t\t<\/a>\n\t\t\t\t\t\t\t\t\t\t\t\t\t\t\t<\/div>\n\t\t\t\t<\/div>\n\t\t\t\t<div class=\"elementor-element elementor-element-3a129c2 elementor-widget elementor-widget-heading\" data-id=\"3a129c2\" data-element_type=\"widget\" data-e-type=\"widget\" data-widget_type=\"heading.default\">\n\t\t\t\t<div class=\"elementor-widget-container\">\n\t\t\t\t\t<h2 class=\"elementor-heading-title elementor-size-medium\"><a href=\"https:\/\/www.joebike.fr\/es\/location-de-velos\/e-rendimiento-2\/\">Bicicleta el\u00e9ctrica de altas prestaciones<\/a><\/h2>\t\t\t\t<\/div>\n\t\t\t\t<\/div>\n\t\t\t\t<div class=\"elementor-element elementor-element-ead15aa elementor-widget elementor-widget-text-editor\" data-id=\"ead15aa\" data-element_type=\"widget\" data-e-type=\"widget\" data-widget_type=\"text-editor.default\">\n\t\t\t\t<div class=\"elementor-widget-container\">\n\t\t\t\t\t\t\t\t\t<p>Una bicicleta el\u00e9ctrica Made in France que te conquistar\u00e1 por su facilidad y potencia.<\/p>\t\t\t\t\t\t\t\t<\/div>\n\t\t\t\t<\/div>\n\t\t\t\t<div class=\"elementor-element elementor-element-eb38218 elementor-widget elementor-widget-button\" data-id=\"eb38218\" data-element_type=\"widget\" data-e-type=\"widget\" data-widget_type=\"button.default\">\n\t\t\t\t<div class=\"elementor-widget-container\">\n\t\t\t\t\t\t\t\t\t<div class=\"elementor-button-wrapper\">\n\t\t\t\t\t<a class=\"elementor-button elementor-button-link elementor-size-xs\" href=\"https:\/\/www.joebike.fr\/es\/location-de-velos\/e-rendimiento-2\/\">\n\t\t\t\t\t\t<span class=\"elementor-button-content-wrapper\">\n\t\t\t\t\t\t\t\t\t<span class=\"elementor-button-text\">M\u00e1s informaci\u00f3n<\/span>\n\t\t\t\t\t<\/span>\n\t\t\t\t\t<\/a>\n\t\t\t\t<\/div>\n\t\t\t\t\t\t\t\t<\/div>\n\t\t\t\t<\/div>\n\t\t\t\t\t<\/div>\n\t\t\t\t<\/div>\n\t\t\t\t<\/div>\n\t\t\t\t\t\t\t<\/div>\n\t\t\t\t\t\t\t\t\t<\/div>\n\t\t\t\t\t\t<div class=\"elementor-testimonial__footer\">\n\t\t\t\t\t\t\t\t\t\t\t<\/div>\n\t\t<\/div>\n\t\t\t\t\t\t\t\t<\/div>\n\t\t\t\t\t\t\t\t\t\t\t<div class=\"swiper-slide\" role=\"group\" aria-roledescription=\"slide\">\n\t\t\t\t\t\t\t\t\t<div class=\"elementor-testimonial\">\n\t\t\t\t\t\t\t<div class=\"elementor-testimonial__content\">\n\t\t\t\t\t<div class=\"elementor-testimonial__text\">\n\t\t\t\t\t\t\t\t<div data-elementor-type=\"section\" data-elementor-id=\"6547\" class=\"elementor elementor-6547\" data-elementor-post-type=\"elementor_library\">\n\t\t\t<div class=\"elementor-element elementor-element-1ad40df e-flex e-con-boxed e-con e-parent\" data-id=\"1ad40df\" data-element_type=\"container\" data-e-type=\"container\">\n\t\t\t\t\t<div class=\"e-con-inner\">\n\t\t\t\t<div class=\"elementor-element elementor-element-52bc57f elementor-widget elementor-widget-image\" data-id=\"52bc57f\" data-element_type=\"widget\" data-e-type=\"widget\" data-widget_type=\"image.default\">\n\t\t\t\t<div class=\"elementor-widget-container\">\n\t\t\t\t\t\t\t\t\t\t\t\t\t\t\t\t<a href=\"https:\/\/www.joebike.fr\/es\/location-de-velos\/velocidad-y-equilibrio\/\">\n\t\t\t\t\t\t\t<img decoding=\"async\" width=\"600\" height=\"500\" src=\"https:\/\/www.joebike.fr\/wp-content\/uploads\/2024\/03\/Velo-electrique-balade.png\" class=\"attachment-full size-full wp-image-6551\" alt=\"\" srcset=\"https:\/\/www.joebike.fr\/wp-content\/uploads\/2024\/03\/Velo-electrique-balade.png 600w, https:\/\/www.joebike.fr\/wp-content\/uploads\/2024\/03\/Velo-electrique-balade-300x250.png 300w, https:\/\/www.joebike.fr\/wp-content\/uploads\/2024\/03\/Velo-electrique-balade-14x12.png 14w\" sizes=\"(max-width: 600px) 100vw, 600px\" \/>\t\t\t\t\t\t\t\t<\/a>\n\t\t\t\t\t\t\t\t\t\t\t\t\t\t\t<\/div>\n\t\t\t\t<\/div>\n\t\t\t\t<div class=\"elementor-element elementor-element-3a129c2 elementor-widget elementor-widget-heading\" data-id=\"3a129c2\" data-element_type=\"widget\" data-e-type=\"widget\" data-widget_type=\"heading.default\">\n\t\t\t\t<div class=\"elementor-widget-container\">\n\t\t\t\t\t<h2 class=\"elementor-heading-title elementor-size-medium\"><a href=\"https:\/\/www.joebike.fr\/es\/location-de-velos\/velocidad-y-equilibrio\/\">Recorrido en bicicleta el\u00e9ctrica<\/a><\/h2>\t\t\t\t<\/div>\n\t\t\t\t<\/div>\n\t\t\t\t<div class=\"elementor-element elementor-element-ead15aa elementor-widget elementor-widget-text-editor\" data-id=\"ead15aa\" data-element_type=\"widget\" data-e-type=\"widget\" data-widget_type=\"text-editor.default\">\n\t\t\t\t<div class=\"elementor-widget-container\">\n\t\t\t\t\t\t\t\t\t<p>Una bicicleta el\u00e9ctrica Made in France que har\u00e1 que tus desplazamientos diarios sean mucho m\u00e1s c\u00f3modos.<\/p>\t\t\t\t\t\t\t\t<\/div>\n\t\t\t\t<\/div>\n\t\t\t\t<div class=\"elementor-element elementor-element-eb38218 elementor-widget elementor-widget-button\" data-id=\"eb38218\" data-element_type=\"widget\" data-e-type=\"widget\" data-widget_type=\"button.default\">\n\t\t\t\t<div class=\"elementor-widget-container\">\n\t\t\t\t\t\t\t\t\t<div class=\"elementor-button-wrapper\">\n\t\t\t\t\t<a class=\"elementor-button elementor-button-link elementor-size-xs\" href=\"https:\/\/www.joebike.fr\/es\/location-de-velos\/velocidad-y-equilibrio\/\">\n\t\t\t\t\t\t<span class=\"elementor-button-content-wrapper\">\n\t\t\t\t\t\t\t\t\t<span class=\"elementor-button-text\">M\u00e1s informaci\u00f3n<\/span>\n\t\t\t\t\t<\/span>\n\t\t\t\t\t<\/a>\n\t\t\t\t<\/div>\n\t\t\t\t\t\t\t\t<\/div>\n\t\t\t\t<\/div>\n\t\t\t\t\t<\/div>\n\t\t\t\t<\/div>\n\t\t\t\t<\/div>\n\t\t\t\t\t\t\t<\/div>\n\t\t\t\t\t\t\t\t\t<\/div>\n\t\t\t\t\t\t<div class=\"elementor-testimonial__footer\">\n\t\t\t\t\t\t\t\t\t\t\t<\/div>\n\t\t<\/div>\n\t\t\t\t\t\t\t\t<\/div>\n\t\t\t\t\t\t\t\t\t<\/div>\n\t\t\t\t\t\t\t\t\t\t\t\t\t\t\t<div class=\"elementor-swiper-button elementor-swiper-button-prev\" role=\"button\" tabindex=\"0\" aria-label=\"Anterior\">\n\t\t\t\t\t\t\t<svg aria-hidden=\"true\" class=\"e-font-icon-svg e-eicon-chevron-left\" viewbox=\"0 0 1000 1000\" xmlns=\"http:\/\/www.w3.org\/2000\/svg\"><path d=\"M646 125C629 125 613 133 604 142L308 442C296 454 292 471 292 487 292 504 296 521 308 533L604 854C617 867 629 875 646 875 663 875 679 871 692 858 704 846 713 829 713 812 713 796 708 779 692 767L438 487 692 225C700 217 708 204 708 187 708 171 704 154 692 142 675 129 663 125 646 125Z\"><\/path><\/svg>\t\t\t\t\t\t<\/div>\n\t\t\t\t\t\t<div class=\"elementor-swiper-button elementor-swiper-button-next\" role=\"button\" tabindex=\"0\" aria-label=\"Siguiente\">\n\t\t\t\t\t\t\t<svg aria-hidden=\"true\" class=\"e-font-icon-svg e-eicon-chevron-right\" viewbox=\"0 0 1000 1000\" xmlns=\"http:\/\/www.w3.org\/2000\/svg\"><path d=\"M696 533C708 521 713 504 713 487 713 471 708 454 696 446L400 146C388 133 375 125 354 125 338 125 325 129 313 142 300 154 292 171 292 187 292 204 296 221 308 233L563 492 304 771C292 783 288 800 288 817 288 833 296 850 308 863 321 871 338 875 354 875 371 875 388 867 400 854L696 533Z\"><\/path><\/svg>\t\t\t\t\t\t<\/div>\n\t\t\t\t\t\t\t\t\t\t\t\t\t\t\t\t\t<\/div>\n\t\t\t\t<\/div>\n\t\t\t\t\t\t\t\t<\/div>\n\t\t\t\t<\/div>\n\t\t\t\t<\/div>\n\t\t<div class=\"elementor-element elementor-element-170c757 e-con-full e-flex e-con e-child\" data-id=\"170c757\" data-element_type=\"container\" data-e-type=\"container\">\n\t\t\t\t<div class=\"elementor-element elementor-element-73182ed elementor-widget elementor-widget-heading\" data-id=\"73182ed\" data-element_type=\"widget\" data-e-type=\"widget\" data-widget_type=\"heading.default\">\n\t\t\t\t<div class=\"elementor-widget-container\">\n\t\t\t\t\t<h3 class=\"elementor-heading-title elementor-size-default\">Nuestros servicios de alquiler de bicicletas el\u00e9ctricas\n<\/h3>\t\t\t\t<\/div>\n\t\t\t\t<\/div>\n\t\t\t\t<div class=\"elementor-element elementor-element-1b2cbd9 elementor-widget elementor-widget-text-editor\" data-id=\"1b2cbd9\" data-element_type=\"widget\" data-e-type=\"widget\" data-widget_type=\"text-editor.default\">\n\t\t\t\t<div class=\"elementor-widget-container\">\n\t\t\t\t\t\t\t\t\t<p>En Joe Bike entendemos que cada ciclista tiene necesidades diferentes. Nuestra misi\u00f3n es hacer que tus trayectos sean lo m\u00e1s agradables posible, gracias a nuestra amplia gama de productos y al asesoramiento experto de nuestro equipo.\u00a0<strong>equipo especializado<\/strong>.<\/p>\t\t\t\t\t\t\t\t<\/div>\n\t\t\t\t<\/div>\n\t\t\t\t<\/div>\n\t\t\t\t\t<\/div>\n\t\t\t\t<\/div>\n\t\t<div class=\"elementor-element elementor-element-60445fa e-flex e-con-boxed e-con e-parent\" data-id=\"60445fa\" data-element_type=\"container\" data-e-type=\"container\" data-settings=\"{&quot;background_background&quot;:&quot;classic&quot;}\">\n\t\t\t\t\t<div class=\"e-con-inner\">\n\t\t<div class=\"elementor-element elementor-element-0844535 e-con-full e-flex e-con e-child\" data-id=\"0844535\" data-element_type=\"container\" data-e-type=\"container\">\n\t\t\t\t<div class=\"elementor-element elementor-element-5777421 elementor-widget elementor-widget-heading\" data-id=\"5777421\" data-element_type=\"widget\" data-e-type=\"widget\" data-widget_type=\"heading.default\">\n\t\t\t\t<div class=\"elementor-widget-container\">\n\t\t\t\t\t<h4 class=\"elementor-heading-title elementor-size-default\">ENTRE PLAYAS Y BOSQUES<\/h4>\t\t\t\t<\/div>\n\t\t\t\t<\/div>\n\t\t\t\t<div class=\"elementor-element elementor-element-549e107 elementor-hidden-desktop elementor-widget elementor-widget-image\" data-id=\"549e107\" data-element_type=\"widget\" data-e-type=\"widget\" data-widget_type=\"image.default\">\n\t\t\t\t<div class=\"elementor-widget-container\">\n\t\t\t\t\t\t\t\t\t\t\t\t\t\t\t<img decoding=\"async\" src=\"https:\/\/www.joebike.fr\/wp-content\/uploads\/elementor\/thumbs\/331083747_6618307408184323_7492365639321518694_n-qq4sr2z5lhoaep99h9ku62u89ojl7m3bll3q2hf4vk.jpeg\" title=\"331083747_6618307408184323_7492365639321518694_n\" alt=\"331083747_6618307408184323_7492365639321518694_n\" loading=\"lazy\" \/>\t\t\t\t\t\t\t\t\t\t\t\t\t\t\t<\/div>\n\t\t\t\t<\/div>\n\t\t\t\t<div class=\"elementor-element elementor-element-5d7ca8a elementor-widget elementor-widget-text-editor\" data-id=\"5d7ca8a\" data-element_type=\"widget\" data-e-type=\"widget\" data-widget_type=\"text-editor.default\">\n\t\t\t\t<div class=\"elementor-widget-container\">\n\t\t\t\t\t\t\t\t\t<p>Con una autonom\u00eda superior a la de las muscle bikes, las bicicletas el\u00e9ctricas pueden recorrer distancias de <strong>distancias m\u00e1s largas sin esfuerzo<\/strong>. Esta comodidad a\u00f1adida permite explorar en un solo viaje zonas remotas que de otro modo ser\u00edan menos accesibles.<\/p><p>La regi\u00f3n de las Landas es famosa por sus extensos pinares y sus inmensas playas de arena. Con <strong>bicicletas el\u00e9ctricas<\/strong>As\u00ed podr\u00e1s aventurarte durante m\u00e1s tiempo sin preocuparte por la fatiga de las largas distancias.<\/p>\t\t\t\t\t\t\t\t<\/div>\n\t\t\t\t<\/div>\n\t\t\t\t<\/div>\n\t\t<div class=\"elementor-element elementor-element-3b68eeb e-con-full e-flex e-con e-child\" data-id=\"3b68eeb\" data-element_type=\"container\" data-e-type=\"container\">\n\t\t\t\t<div class=\"elementor-element elementor-element-9f4c390 elementor-hidden-tablet elementor-hidden-mobile elementor-widget elementor-widget-image\" data-id=\"9f4c390\" data-element_type=\"widget\" data-e-type=\"widget\" data-widget_type=\"image.default\">\n\t\t\t\t<div class=\"elementor-widget-container\">\n\t\t\t\t\t\t\t\t\t\t\t\t\t\t\t<img decoding=\"async\" src=\"https:\/\/www.joebike.fr\/wp-content\/uploads\/elementor\/thumbs\/331083747_6618307408184323_7492365639321518694_n-qq4sr2z5lhnpy3wz56wdmz07vu3dxq4503lw1iw5u0.jpeg\" title=\"331083747_6618307408184323_7492365639321518694_n\" alt=\"331083747_6618307408184323_7492365639321518694_n\" loading=\"lazy\" \/>\t\t\t\t\t\t\t\t\t\t\t\t\t\t\t<\/div>\n\t\t\t\t<\/div>\n\t\t\t\t<\/div>\n\t\t\t\t\t<\/div>\n\t\t\t\t<\/div>\n\t\t<div class=\"elementor-element elementor-element-fd2c061 e-flex e-con-boxed e-con e-parent\" data-id=\"fd2c061\" data-element_type=\"container\" data-e-type=\"container\" data-settings=\"{&quot;background_background&quot;:&quot;classic&quot;}\">\n\t\t\t\t\t<div class=\"e-con-inner\">\n\t\t<div class=\"elementor-element elementor-element-4230e7f e-con-full e-flex e-con e-child\" data-id=\"4230e7f\" data-element_type=\"container\" data-e-type=\"container\">\n\t\t\t\t<div class=\"elementor-element elementor-element-f837f08 elementor-hidden-tablet elementor-hidden-mobile elementor-widget elementor-widget-image\" data-id=\"f837f08\" data-element_type=\"widget\" data-e-type=\"widget\" data-widget_type=\"image.default\">\n\t\t\t\t<div class=\"elementor-widget-container\">\n\t\t\t\t\t\t\t\t\t\t\t\t\t\t\t<img loading=\"lazy\" decoding=\"async\" width=\"1200\" height=\"800\" src=\"https:\/\/www.joebike.fr\/wp-content\/uploads\/2024\/02\/E-VTC-SENSATION-SEUL.jpg\" class=\"attachment-full size-full wp-image-6403\" alt=\"\" srcset=\"https:\/\/www.joebike.fr\/wp-content\/uploads\/2024\/02\/E-VTC-SENSATION-SEUL.jpg 1200w, https:\/\/www.joebike.fr\/wp-content\/uploads\/2024\/02\/E-VTC-SENSATION-SEUL-600x400.jpg 600w, https:\/\/www.joebike.fr\/wp-content\/uploads\/2024\/02\/E-VTC-SENSATION-SEUL-300x200.jpg 300w, https:\/\/www.joebike.fr\/wp-content\/uploads\/2024\/02\/E-VTC-SENSATION-SEUL-1024x683.jpg 1024w, https:\/\/www.joebike.fr\/wp-content\/uploads\/2024\/02\/E-VTC-SENSATION-SEUL-768x512.jpg 768w, https:\/\/www.joebike.fr\/wp-content\/uploads\/2024\/02\/E-VTC-SENSATION-SEUL-18x12.jpg 18w\" sizes=\"(max-width: 1200px) 100vw, 1200px\" \/>\t\t\t\t\t\t\t\t\t\t\t\t\t\t\t<\/div>\n\t\t\t\t<\/div>\n\t\t\t\t<\/div>\n\t\t<div class=\"elementor-element elementor-element-04f22f7 e-con-full e-flex e-con e-child\" data-id=\"04f22f7\" data-element_type=\"container\" data-e-type=\"container\">\n\t\t\t\t<div class=\"elementor-element elementor-element-2e66eba elementor-widget elementor-widget-heading\" data-id=\"2e66eba\" data-element_type=\"widget\" data-e-type=\"widget\" data-widget_type=\"heading.default\">\n\t\t\t\t<div class=\"elementor-widget-container\">\n\t\t\t\t\t<h4 class=\"elementor-heading-title elementor-size-default\">Mayor comodidad para los desplazamientos cotidianos\n<\/h4>\t\t\t\t<\/div>\n\t\t\t\t<\/div>\n\t\t\t\t<div class=\"elementor-element elementor-element-f71dc5b elementor-hidden-desktop elementor-widget elementor-widget-image\" data-id=\"f71dc5b\" data-element_type=\"widget\" data-e-type=\"widget\" data-widget_type=\"image.default\">\n\t\t\t\t<div class=\"elementor-widget-container\">\n\t\t\t\t\t\t\t\t\t\t\t\t\t\t\t<img decoding=\"async\" src=\"https:\/\/www.joebike.fr\/wp-content\/uploads\/elementor\/thumbs\/E-VTC-SENSATION-SEUL-qkiayxe0d5u6kglry0u1mf37858eopmkv0m0dq6xyo.jpg\" title=\"E-VTC-SENSATION-SEUL\" alt=\"E-VTC-SENSATION-SEUL\" loading=\"lazy\" \/>\t\t\t\t\t\t\t\t\t\t\t\t\t\t\t<\/div>\n\t\t\t\t<\/div>\n\t\t\t\t<div class=\"elementor-element elementor-element-002f83b elementor-widget elementor-widget-text-editor\" data-id=\"002f83b\" data-element_type=\"widget\" data-e-type=\"widget\" data-widget_type=\"text-editor.default\">\n\t\t\t\t<div class=\"elementor-widget-container\">\n\t\t\t\t\t\t\t\t\t<p>En las Landas, las carreteras pueden estar muy transitadas en temporada alta y los <strong>bicicleta el\u00e9ctrica<\/strong>\u00a0representa un <strong>alternativa r\u00e1pida<\/strong> y sin estr\u00e9s. Ayuda a evitar los atascos y facilita la b\u00fasqueda de aparcamiento, mejorando enormemente la movilidad urbana.<\/p><p>Para quienes necesiten transportar algunas compras o efectos personales, nuestras bicicletas el\u00e9ctricas est\u00e1n equipadas con cestas y espaciosos portaequipajes.<\/p>\t\t\t\t\t\t\t\t<\/div>\n\t\t\t\t<\/div>\n\t\t\t\t<\/div>\n\t\t\t\t\t<\/div>\n\t\t\t\t<\/div>\n\t\t<div class=\"elementor-element elementor-element-64f81ac e-flex e-con-boxed e-con e-parent\" data-id=\"64f81ac\" data-element_type=\"container\" data-e-type=\"container\" data-settings=\"{&quot;background_background&quot;:&quot;classic&quot;}\">\n\t\t\t\t\t<div class=\"e-con-inner\">\n\t\t\t\t<div class=\"elementor-element elementor-element-1fb005e elementor-widget elementor-widget-heading\" data-id=\"1fb005e\" data-element_type=\"widget\" data-e-type=\"widget\" data-widget_type=\"heading.default\">\n\t\t\t\t<div class=\"elementor-widget-container\">\n\t\t\t\t\t<h3 class=\"elementor-heading-title elementor-size-default\">DESCUBRA LAS ESPECIALIDADES LOCALES EN BICICLETA EL\u00c9CTRICA<\/h3>\t\t\t\t<\/div>\n\t\t\t\t<\/div>\n\t\t\t\t\t<\/div>\n\t\t\t\t<\/div>\n\t\t<div class=\"elementor-element elementor-element-b43810b e-flex e-con-boxed e-con e-parent\" data-id=\"b43810b\" data-element_type=\"container\" data-e-type=\"container\" data-settings=\"{&quot;background_background&quot;:&quot;classic&quot;}\">\n\t\t\t\t\t<div class=\"e-con-inner\">\n\t\t<div class=\"elementor-element elementor-element-de55517 e-con-full e-flex e-con e-child\" data-id=\"de55517\" data-element_type=\"container\" data-e-type=\"container\">\n\t\t\t\t<div class=\"elementor-element elementor-element-bd602b1 elementor-widget elementor-widget-heading\" data-id=\"bd602b1\" data-element_type=\"widget\" data-e-type=\"widget\" data-widget_type=\"heading.default\">\n\t\t\t\t<div class=\"elementor-widget-container\">\n\t\t\t\t\t<h6 class=\"elementor-heading-title elementor-size-default\">Descubrimientos culturales enriquecedores\n<\/h6>\t\t\t\t<\/div>\n\t\t\t\t<\/div>\n\t\t\t\t<div class=\"elementor-element elementor-element-dc76a9c elementor-widget elementor-widget-text-editor\" data-id=\"dc76a9c\" data-element_type=\"widget\" data-e-type=\"widget\" data-widget_type=\"text-editor.default\">\n\t\t\t\t<div class=\"elementor-widget-container\">\n\t\t\t\t\t\t\t\t\t<p>Utilizar una bicicleta el\u00e9ctrica no s\u00f3lo permite atravesar r\u00e1pidamente paisajes muy variados, sino tambi\u00e9n detenerse f\u00e1cilmente para explorar lugares de inter\u00e9s cultural. Capbreton, por ejemplo, es famoso por su puerto hist\u00f3rico y su animado mercado, mientras que Hossegor lo es por sus magn\u00edficas villas vasco-landesas, y Seignosse por sus playas salvajes hasta donde alcanza la vista.<\/p>\n<p>Una bicicleta el\u00e9ctrica facilita las paradas frecuentes sin la molestia de tener que aparcar el coche, lo que hace que cada exploraci\u00f3n local sea a\u00fan m\u00e1s agradable.<\/p>\t\t\t\t\t\t\t\t<\/div>\n\t\t\t\t<\/div>\n\t\t\t\t<\/div>\n\t\t<div class=\"elementor-element elementor-element-18ed028 e-con-full e-flex e-con e-child\" data-id=\"18ed028\" data-element_type=\"container\" data-e-type=\"container\">\n\t\t\t\t<div class=\"elementor-element elementor-element-83cffb9 elementor-widget elementor-widget-heading\" data-id=\"83cffb9\" data-element_type=\"widget\" data-e-type=\"widget\" data-widget_type=\"heading.default\">\n\t\t\t\t<div class=\"elementor-widget-container\">\n\t\t\t\t\t<h6 class=\"elementor-heading-title elementor-size-default\">Apoyo al turismo ecorresponsable\n<\/h6>\t\t\t\t<\/div>\n\t\t\t\t<\/div>\n\t\t\t\t<div class=\"elementor-element elementor-element-71390fd elementor-widget elementor-widget-text-editor\" data-id=\"71390fd\" data-element_type=\"widget\" data-e-type=\"widget\" data-widget_type=\"text-editor.default\">\n\t\t\t\t<div class=\"elementor-widget-container\">\n\t\t\t\t\t\t\t\t\t<p>Eligiendo descubrir las Landas por\u00a0<strong>bicicleta el\u00e9ctrica<\/strong>Participar\u00e1 activamente en el desarrollo de la\u00a0<strong>turismo sostenible<\/strong>. Varias empresas locales ofrecen ahora servicios de alquiler de bicicletas el\u00e9ctricas, en respuesta a la creciente demanda de transporte ecol\u00f3gico.<\/p><p>Recurrir a proveedores de servicios locales tambi\u00e9n ayuda a sostener la econom\u00eda de estas peque\u00f1as comunidades, garantizando que sigan siendo vibrantes y din\u00e1micas.<\/p>\t\t\t\t\t\t\t\t<\/div>\n\t\t\t\t<\/div>\n\t\t\t\t<\/div>\n\t\t\t\t\t<\/div>\n\t\t\t\t<\/div>\n\t\t\t\t<\/div>","protected":false},"excerpt":{"rendered":"<p>Visitez les Landes en v\u00e9lo \u00e9lectrique Les Landes, avec ses vastes plages, sont une destination privil\u00e9gi\u00e9e pour les amateurs de nature et d&rsquo;activit\u00e9s en plein air. Parmi les nombreuses fa\u00e7ons de d\u00e9couvrir cette magnifique r\u00e9gion, le v\u00e9lo \u00e9lectrique\u00a0se distingue comme un mode de transport \u00e0 la fois \u00e9cologique et pratique. Que ce soit pour les [&hellip;]<\/p>\n","protected":false},"author":1,"featured_media":5299,"parent":6424,"menu_order":0,"comment_status":"closed","ping_status":"closed","template":"elementor_header_footer","meta":{"_acf_changed":false,"footnotes":""},"class_list":["post-9998","page","type-page","status-publish","has-post-thumbnail","hentry"],"acf":[],"yoast_head":"<!-- This site is optimized with the Yoast SEO Premium plugin v26.6 (Yoast SEO v27.5) - https:\/\/yoast.com\/product\/yoast-seo-premium-wordpress\/ -->\n<title>Location v\u00e9lo \u00e9lectrique dans les Landes | Joe Bike<\/title>\n<meta name=\"description\" content=\"Louez un v\u00e9lo \u00e0 Anglet et partez d\u00e9couvrir les merveilles du Pays Basque \u00e0 v\u00e9lo, en passant par Biarritz, Bayonne ou encore Guethary\" \/>\n<meta name=\"robots\" content=\"index, follow, max-snippet:-1, max-image-preview:large, max-video-preview:-1\" \/>\n<link rel=\"canonical\" href=\"https:\/\/www.joebike.fr\/es\/paramos-2\/alquiler-de-bicicletas-electricas\/\" \/>\n<meta property=\"og:locale\" content=\"es_ES\" \/>\n<meta property=\"og:type\" content=\"article\" \/>\n<meta property=\"og:title\" content=\"Location v\u00e9lo \u00e9lectrique\" \/>\n<meta property=\"og:description\" content=\"Louez un v\u00e9lo \u00e0 Anglet et partez d\u00e9couvrir les merveilles du Pays Basque \u00e0 v\u00e9lo, en passant par Biarritz, Bayonne ou encore Guethary\" \/>\n<meta property=\"og:url\" content=\"https:\/\/www.joebike.fr\/es\/paramos-2\/alquiler-de-bicicletas-electricas\/\" \/>\n<meta property=\"og:site_name\" content=\"Joe Bike\" \/>\n<meta property=\"article:publisher\" content=\"https:\/\/www.facebook.com\/joebikefrance\" \/>\n<meta property=\"article:modified_time\" content=\"2025-07-08T09:41:43+00:00\" \/>\n<meta property=\"og:image\" content=\"https:\/\/www.joebike.fr\/wp-content\/uploads\/2023\/08\/velos-anglet.png\" \/>\n\t<meta property=\"og:image:width\" content=\"1920\" \/>\n\t<meta property=\"og:image:height\" content=\"1280\" \/>\n\t<meta property=\"og:image:type\" content=\"image\/png\" \/>\n<meta name=\"twitter:card\" content=\"summary_large_image\" \/>\n<script type=\"application\/ld+json\" class=\"yoast-schema-graph\">{\"@context\":\"https:\\\/\\\/schema.org\",\"@graph\":[{\"@type\":\"WebPage\",\"@id\":\"https:\\\/\\\/www.joebike.fr\\\/landes\\\/location-velo-electrique\\\/\",\"url\":\"https:\\\/\\\/www.joebike.fr\\\/landes\\\/location-velo-electrique\\\/\",\"name\":\"Location v\u00e9lo \u00e9lectrique dans les Landes | Joe Bike\",\"isPartOf\":{\"@id\":\"https:\\\/\\\/www.joebike.fr\\\/#website\"},\"primaryImageOfPage\":{\"@id\":\"https:\\\/\\\/www.joebike.fr\\\/landes\\\/location-velo-electrique\\\/#primaryimage\"},\"image\":{\"@id\":\"https:\\\/\\\/www.joebike.fr\\\/landes\\\/location-velo-electrique\\\/#primaryimage\"},\"thumbnailUrl\":\"https:\\\/\\\/www.joebike.fr\\\/wp-content\\\/uploads\\\/2023\\\/08\\\/velos-anglet.png\",\"datePublished\":\"2024-06-24T13:38:07+00:00\",\"dateModified\":\"2025-07-08T09:41:43+00:00\",\"description\":\"Louez un v\u00e9lo \u00e0 Anglet et partez d\u00e9couvrir les merveilles du Pays Basque \u00e0 v\u00e9lo, en passant par Biarritz, Bayonne ou encore Guethary\",\"breadcrumb\":{\"@id\":\"https:\\\/\\\/www.joebike.fr\\\/landes\\\/location-velo-electrique\\\/#breadcrumb\"},\"inLanguage\":\"es\",\"potentialAction\":[{\"@type\":\"ReadAction\",\"target\":[\"https:\\\/\\\/www.joebike.fr\\\/landes\\\/location-velo-electrique\\\/\"]}]},{\"@type\":\"ImageObject\",\"inLanguage\":\"es\",\"@id\":\"https:\\\/\\\/www.joebike.fr\\\/landes\\\/location-velo-electrique\\\/#primaryimage\",\"url\":\"https:\\\/\\\/www.joebike.fr\\\/wp-content\\\/uploads\\\/2023\\\/08\\\/velos-anglet.png\",\"contentUrl\":\"https:\\\/\\\/www.joebike.fr\\\/wp-content\\\/uploads\\\/2023\\\/08\\\/velos-anglet.png\",\"width\":1920,\"height\":1280},{\"@type\":\"BreadcrumbList\",\"@id\":\"https:\\\/\\\/www.joebike.fr\\\/landes\\\/location-velo-electrique\\\/#breadcrumb\",\"itemListElement\":[{\"@type\":\"ListItem\",\"position\":1,\"name\":\"Accueil\",\"item\":\"https:\\\/\\\/www.joebike.fr\\\/\"},{\"@type\":\"ListItem\",\"position\":2,\"name\":\"DESTINATION LANDES\",\"item\":\"https:\\\/\\\/www.joebike.fr\\\/landes\\\/\"},{\"@type\":\"ListItem\",\"position\":3,\"name\":\"Location v\u00e9lo \u00e9lectrique\"}]},{\"@type\":\"WebSite\",\"@id\":\"https:\\\/\\\/www.joebike.fr\\\/#website\",\"url\":\"https:\\\/\\\/www.joebike.fr\\\/\",\"name\":\"Joe Bike\",\"description\":\"Location de v\u00e9lo dans les Landes, le Pays Basque et les Pyr\u00e9n\u00e9es\",\"publisher\":{\"@id\":\"https:\\\/\\\/www.joebike.fr\\\/#organization\"},\"potentialAction\":[{\"@type\":\"SearchAction\",\"target\":{\"@type\":\"EntryPoint\",\"urlTemplate\":\"https:\\\/\\\/www.joebike.fr\\\/?s={search_term_string}\"},\"query-input\":{\"@type\":\"PropertyValueSpecification\",\"valueRequired\":true,\"valueName\":\"search_term_string\"}}],\"inLanguage\":\"es\"},{\"@type\":\"Organization\",\"@id\":\"https:\\\/\\\/www.joebike.fr\\\/#organization\",\"name\":\"Joe Bike, sp\u00e9cialiste en location v\u00e9lo\",\"url\":\"https:\\\/\\\/www.joebike.fr\\\/\",\"logo\":{\"@type\":\"ImageObject\",\"inLanguage\":\"es\",\"@id\":\"https:\\\/\\\/www.joebike.fr\\\/#\\\/schema\\\/logo\\\/image\\\/\",\"url\":\"https:\\\/\\\/www.joebike.fr\\\/wp-content\\\/uploads\\\/2022\\\/04\\\/LOGO-JB-22_PNG.png\",\"contentUrl\":\"https:\\\/\\\/www.joebike.fr\\\/wp-content\\\/uploads\\\/2022\\\/04\\\/LOGO-JB-22_PNG.png\",\"width\":473,\"height\":473,\"caption\":\"Joe Bike, sp\u00e9cialiste en location v\u00e9lo\"},\"image\":{\"@id\":\"https:\\\/\\\/www.joebike.fr\\\/#\\\/schema\\\/logo\\\/image\\\/\"},\"sameAs\":[\"https:\\\/\\\/www.facebook.com\\\/joebikefrance\",\"https:\\\/\\\/www.instagram.com\\\/joebikefrance\"]}]}<\/script>\n<!-- \/ Yoast SEO Premium plugin. -->","yoast_head_json":{"title":"Location v\u00e9lo \u00e9lectrique dans les Landes | Joe Bike","description":"Alquile una bicicleta en Anglet y descubra las maravillas del Pa\u00eds Vasco en bicicleta, pasando por Biarritz, Bayona y Guethary.","robots":{"index":"index","follow":"follow","max-snippet":"max-snippet:-1","max-image-preview":"max-image-preview:large","max-video-preview":"max-video-preview:-1"},"canonical":"https:\/\/www.joebike.fr\/es\/paramos-2\/alquiler-de-bicicletas-electricas\/","og_locale":"es_ES","og_type":"article","og_title":"Location v\u00e9lo \u00e9lectrique","og_description":"Louez un v\u00e9lo \u00e0 Anglet et partez d\u00e9couvrir les merveilles du Pays Basque \u00e0 v\u00e9lo, en passant par Biarritz, Bayonne ou encore Guethary","og_url":"https:\/\/www.joebike.fr\/es\/paramos-2\/alquiler-de-bicicletas-electricas\/","og_site_name":"Joe Bike","article_publisher":"https:\/\/www.facebook.com\/joebikefrance","article_modified_time":"2025-07-08T09:41:43+00:00","og_image":[{"width":1920,"height":1280,"url":"https:\/\/www.joebike.fr\/wp-content\/uploads\/2023\/08\/velos-anglet.png","type":"image\/png"}],"twitter_card":"summary_large_image","schema":{"@context":"https:\/\/schema.org","@graph":[{"@type":"WebPage","@id":"https:\/\/www.joebike.fr\/landes\/location-velo-electrique\/","url":"https:\/\/www.joebike.fr\/landes\/location-velo-electrique\/","name":"Location v\u00e9lo \u00e9lectrique dans les Landes | Joe Bike","isPartOf":{"@id":"https:\/\/www.joebike.fr\/#website"},"primaryImageOfPage":{"@id":"https:\/\/www.joebike.fr\/landes\/location-velo-electrique\/#primaryimage"},"image":{"@id":"https:\/\/www.joebike.fr\/landes\/location-velo-electrique\/#primaryimage"},"thumbnailUrl":"https:\/\/www.joebike.fr\/wp-content\/uploads\/2023\/08\/velos-anglet.png","datePublished":"2024-06-24T13:38:07+00:00","dateModified":"2025-07-08T09:41:43+00:00","description":"Alquile una bicicleta en Anglet y descubra las maravillas del Pa\u00eds Vasco en bicicleta, pasando por Biarritz, Bayona y Guethary.","breadcrumb":{"@id":"https:\/\/www.joebike.fr\/landes\/location-velo-electrique\/#breadcrumb"},"inLanguage":"es","potentialAction":[{"@type":"ReadAction","target":["https:\/\/www.joebike.fr\/landes\/location-velo-electrique\/"]}]},{"@type":"ImageObject","inLanguage":"es","@id":"https:\/\/www.joebike.fr\/landes\/location-velo-electrique\/#primaryimage","url":"https:\/\/www.joebike.fr\/wp-content\/uploads\/2023\/08\/velos-anglet.png","contentUrl":"https:\/\/www.joebike.fr\/wp-content\/uploads\/2023\/08\/velos-anglet.png","width":1920,"height":1280},{"@type":"BreadcrumbList","@id":"https:\/\/www.joebike.fr\/landes\/location-velo-electrique\/#breadcrumb","itemListElement":[{"@type":"ListItem","position":1,"name":"Accueil","item":"https:\/\/www.joebike.fr\/"},{"@type":"ListItem","position":2,"name":"DESTINATION LANDES","item":"https:\/\/www.joebike.fr\/landes\/"},{"@type":"ListItem","position":3,"name":"Location v\u00e9lo \u00e9lectrique"}]},{"@type":"WebSite","@id":"https:\/\/www.joebike.fr\/#website","url":"https:\/\/www.joebike.fr\/","name":"Joe Bike","description":"Alquiler de bicicletas en las Landas, el Pa\u00eds Vasco y los Pirineos","publisher":{"@id":"https:\/\/www.joebike.fr\/#organization"},"potentialAction":[{"@type":"SearchAction","target":{"@type":"EntryPoint","urlTemplate":"https:\/\/www.joebike.fr\/?s={search_term_string}"},"query-input":{"@type":"PropertyValueSpecification","valueRequired":true,"valueName":"search_term_string"}}],"inLanguage":"es"},{"@type":"Organization","@id":"https:\/\/www.joebike.fr\/#organization","name":"Joe Bike, especialista en alquiler de bicicletas","url":"https:\/\/www.joebike.fr\/","logo":{"@type":"ImageObject","inLanguage":"es","@id":"https:\/\/www.joebike.fr\/#\/schema\/logo\/image\/","url":"https:\/\/www.joebike.fr\/wp-content\/uploads\/2022\/04\/LOGO-JB-22_PNG.png","contentUrl":"https:\/\/www.joebike.fr\/wp-content\/uploads\/2022\/04\/LOGO-JB-22_PNG.png","width":473,"height":473,"caption":"Joe Bike, sp\u00e9cialiste en location v\u00e9lo"},"image":{"@id":"https:\/\/www.joebike.fr\/#\/schema\/logo\/image\/"},"sameAs":["https:\/\/www.facebook.com\/joebikefrance","https:\/\/www.instagram.com\/joebikefrance"]}]}},"_links":{"self":[{"href":"https:\/\/www.joebike.fr\/es\/wp-json\/wp\/v2\/pages\/9998","targetHints":{"allow":["GET"]}}],"collection":[{"href":"https:\/\/www.joebike.fr\/es\/wp-json\/wp\/v2\/pages"}],"about":[{"href":"https:\/\/www.joebike.fr\/es\/wp-json\/wp\/v2\/types\/page"}],"author":[{"embeddable":true,"href":"https:\/\/www.joebike.fr\/es\/wp-json\/wp\/v2\/users\/1"}],"replies":[{"embeddable":true,"href":"https:\/\/www.joebike.fr\/es\/wp-json\/wp\/v2\/comments?post=9998"}],"version-history":[{"count":0,"href":"https:\/\/www.joebike.fr\/es\/wp-json\/wp\/v2\/pages\/9998\/revisions"}],"up":[{"embeddable":true,"href":"https:\/\/www.joebike.fr\/es\/wp-json\/wp\/v2\/pages\/6424"}],"wp:featuredmedia":[{"embeddable":true,"href":"https:\/\/www.joebike.fr\/es\/wp-json\/wp\/v2\/media\/5299"}],"wp:attachment":[{"href":"https:\/\/www.joebike.fr\/es\/wp-json\/wp\/v2\/media?parent=9998"}],"curies":[{"name":"wp","href":"https:\/\/api.w.org\/{rel}","templated":true}]}}